{"id":3139,"date":"2021-09-14T13:41:12","date_gmt":"2021-09-14T17:41:12","guid":{"rendered":"https:\/\/grievingmaman.com\/?page_id=3139"},"modified":"2022-05-03T22:39:05","modified_gmt":"2022-05-04T02:39:05","slug":"depression","status":"publish","type":"page","link":"https:\/\/grievingmaman.com\/fr\/depression\/","title":{"rendered":"D\u00e9pression"},"content":{"rendered":"<p class=\"has-normal-font-size wp-block-paragraph\">Sur cette page, je parle de mon exp\u00e9rience personnelle avec la d\u00e9pression et l'anxi\u00e9t\u00e9. J'ajouterai \u00e9galement des articles sur la d\u00e9pression et l'anxi\u00e9t\u00e9 chez les enfants. Je continuerai \u00e0 partager des ressources pour tous ceux qui font face \u00e0 la d\u00e9pression et l'anxi\u00e9t\u00e9, y compris ceux qui soutiennent une autre personne atteinte de maladie mentale.<\/p>\n\n\n\n<div class=\"wp-block-group alignfull has-background-background-color has-background is-layout-flow wp-block-group-is-layout-flow\">\n<div class=\"wp-block-jetpack-layout-grid alignfull column1-desktop-grid__span-12 column1-desktop-grid__row-1 column1-tablet-grid__span-8 column1-tablet-grid__row-1 column1-mobile-grid__span-4 column1-mobile-grid__row-1\">\n<div class=\"wp-block-jetpack-layout-grid-column wp-block-jetpack-layout-grid__padding-none\">\t<div\n\t\tclass=\"wp-block-newspack-blocks-homepage-articles is-style-borders wpnbha is-grid columns-3 colgap-3 show-image image-aligntop ts-4 is-3 is-uncropped is-style-borders has-text-align-left\"\n\t\tstyle=\"\"\n\t\t>\n\t\t\t\t\t<style id=\"newspack-blocks-inline-css\" type=\"text\/css\">\t\t.wp-block-newspack-blocks-homepage-articles article .entry-title {\n\t\t\tfont-size: 1.2em;\n\t\t}\n\t\t.wp-block-newspack-blocks-homepage-articles .entry-meta {\n\t\t\tdisplay: flex;\n\t\t\tflex-wrap: wrap;\n\t\t\talign-items: center;\n\t\t\tmargin-top: 0.5em;\n\t\t}\n\t\t.wp-block-newspack-blocks-homepage-articles article .entry-meta {\n\t\t\tfont-size: 0.8em;\n\t\t}\n\t\t.wp-block-newspack-blocks-homepage-articles article .avatar {\n\t\t\theight: 25px;\n\t\t\twidth: 25px;\n\t\t}\n\t\t.wp-block-newspack-blocks-homepage-articles .post-thumbnail{\n\t\t\tmargin: 0;\n\t\t\tmargin-bottom: 0.25em;\n\t\t}\n\t\t.wp-block-newspack-blocks-homepage-articles .post-thumbnail img {\n\t\t\theight: auto;\n\t\t\twidth: 100%;\n\t\t}\n\t\t.wp-block-newspack-blocks-homepage-articles .post-thumbnail figcaption {\n\t\t\tmargin-bottom: 0.5em;\n\t\t}\n\t\t.wp-block-newspack-blocks-homepage-articles p {\n\t\t\tmargin: 0.5em 0;\n\t\t}\n\n\t\t\t<\/style>\n\t\t\t\t<div data-posts data-current-post-id=\"3139\">\n\t\t\t\t\t\t\n\t<article data-post-id=\"7482\"\n\t\tclass=\"tag-addiction tag-advantages tag-anxiety tag-benefits tag-bereavement tag-depression tag-examples tag-experience tag-facebook tag-format tag-grief tag-group tag-health tag-in-person tag-mental-health tag-online tag-self-care tag-struggles tag-support tag-therapy tag-trauma tag-virtual tag-wellness category-depression category-grief type-post post-has-image\"\n\t\t\t\t>\n\t\t\t\t\t\t\t<figure class=\"post-thumbnail\">\n\t\t\t\t\t\t\t\t<a href=\"https:\/\/grievingmaman.com\/fr\/2023\/02\/08\/therapie-de-groupe-ou-groupe-de-soutien-quel-type-choisir\/\" rel=\"bookmark\" tabindex=\"-1\" aria-hidden=\"true\">\n\t\t\t\t\t\t\t\t\t\t\t\t<img fetchpriority=\"high\" decoding=\"async\" width=\"1020\" height=\"626\" src=\"https:\/\/i0.wp.com\/grievingmaman.com\/wp-content\/uploads\/group-therapy-grief-support-group-1.jpg?fit=1020%2C626&amp;ssl=1\" class=\"attachment-newspack-article-block-uncropped size-newspack-article-block-uncropped wp-post-image\" alt=\"Th\u00e9rapie de groupe ou Groupes de support : Quel type choisir ?\" data-hero-candidate=\"1\" srcset=\"https:\/\/i0.wp.com\/grievingmaman.com\/wp-content\/uploads\/group-therapy-grief-support-group-1.jpg?w=1020&amp;ssl=1 1020w, https:\/\/i0.wp.com\/grievingmaman.com\/wp-content\/uploads\/group-therapy-grief-support-group-1.jpg?resize=300%2C184&amp;ssl=1 300w, https:\/\/i0.wp.com\/grievingmaman.com\/wp-content\/uploads\/group-therapy-grief-support-group-1.jpg?resize=768%2C471&amp;ssl=1 768w, https:\/\/i0.wp.com\/grievingmaman.com\/wp-content\/uploads\/group-therapy-grief-support-group-1.jpg?resize=18%2C12&amp;ssl=1 18w\" sizes=\"(max-width: 1000px) 100vw, 1000px\" data-attachment-id=\"7388\" data-permalink=\"https:\/\/grievingmaman.com\/fr\/?attachment_id=7388\" data-orig-file=\"https:\/\/i0.wp.com\/grievingmaman.com\/wp-content\/uploads\/group-therapy-grief-support-group-1.jpg?fit=1020%2C626&amp;ssl=1\" data-orig-size=\"1020,626\" data-comments-opened=\"1\" data-image-meta=\"{&quot;aperture&quot;:&quot;0&quot;,&quot;credit&quot;:&quot;&quot;,&quot;camera&quot;:&quot;&quot;,&quot;caption&quot;:&quot;&quot;,&quot;created_timestamp&quot;:&quot;0&quot;,&quot;copyright&quot;:&quot;&quot;,&quot;focal_length&quot;:&quot;0&quot;,&quot;iso&quot;:&quot;0&quot;,&quot;shutter_speed&quot;:&quot;0&quot;,&quot;title&quot;:&quot;&quot;,&quot;orientation&quot;:&quot;0&quot;}\" data-image-title=\"group-therapy-grief-support-group-1\" data-image-description=\"\" data-image-caption=\"\" data-medium-file=\"https:\/\/i0.wp.com\/grievingmaman.com\/wp-content\/uploads\/group-therapy-grief-support-group-1.jpg?fit=300%2C184&amp;ssl=1\" data-large-file=\"https:\/\/i0.wp.com\/grievingmaman.com\/wp-content\/uploads\/group-therapy-grief-support-group-1.jpg?fit=1020%2C626&amp;ssl=1\" \/>\t\t\t\t\t\t\t\t\t\t\t\t<\/a>\n\t\t\t\t\n\t\t\t\t\t\t\t<\/figure><!-- .featured-image -->\n\t\t\n\t\t<div class=\"entry-wrapper\">\n\t\t\t<h2 class=\"entry-title\"><a href=\"https:\/\/grievingmaman.com\/fr\/2023\/02\/08\/therapie-de-groupe-ou-groupe-de-soutien-quel-type-choisir\/\" rel=\"bookmark\">Th\u00e9rapie de groupe ou Groupes de support : Quel type choisir ?<\/a><\/h2>\t\t\t\t\t\t<p>encore plus depuis la pand\u00e9mie. Ainsi, il pourrait \u00eatre utile de comprendre les diff\u00e9rences et les avantages, et pourquoi certains types de groupes pourraient mieux adapt\u00e9s pour vous.<\/p>\n\t\t\t\t<div class=\"entry-meta\">\n\t\t\t\t\t<time class=\"entry-date published\" datetime=\"2023-02-08T11:13:00-05:00\">8 F\u00e9v 2023<\/time><time class=\"updated\" datetime=\"2023-02-08T11:47:42-05:00\">8 F\u00e9v 2023<\/time>\t\t\t\t<\/div><!-- .entry-meta -->\n\t\t\t\t\t<\/div><!-- .entry-wrapper -->\n\t<\/article>\n\n\t\t\n\t<article data-post-id=\"6879\"\n\t\tclass=\"tag-adelie tag-facebook tag-memories tag-video category-adelie-adelie category-depression category-grief type-post post-has-image\"\n\t\t\t\t>\n\t\t\t\t\t\t\t<figure class=\"post-thumbnail\">\n\t\t\t\t\t\t\t\t<a href=\"https:\/\/grievingmaman.com\/fr\/2022\/10\/06\/mes-reels-sur-facebook\/\" rel=\"bookmark\" tabindex=\"-1\" aria-hidden=\"true\">\n\t\t\t\t\t\t\t\t\t\t\t\t<img decoding=\"async\" width=\"499\" height=\"791\" src=\"https:\/\/i0.wp.com\/grievingmaman.com\/wp-content\/uploads\/Reel-Grieving-Maman-traumatic-brain-injury-recovery-swimming-aquatic-therapy.jpg?fit=499%2C791&amp;ssl=1\" class=\"attachment-newspack-article-block-uncropped size-newspack-article-block-uncropped wp-post-image\" alt=\"Nos Reels sur Facebook\" data-hero-candidate=\"1\" srcset=\"https:\/\/i0.wp.com\/grievingmaman.com\/wp-content\/uploads\/Reel-Grieving-Maman-traumatic-brain-injury-recovery-swimming-aquatic-therapy.jpg?w=499&amp;ssl=1 499w, https:\/\/i0.wp.com\/grievingmaman.com\/wp-content\/uploads\/Reel-Grieving-Maman-traumatic-brain-injury-recovery-swimming-aquatic-therapy.jpg?resize=189%2C300&amp;ssl=1 189w, https:\/\/i0.wp.com\/grievingmaman.com\/wp-content\/uploads\/Reel-Grieving-Maman-traumatic-brain-injury-recovery-swimming-aquatic-therapy.jpg?resize=8%2C12&amp;ssl=1 8w\" sizes=\"(max-width: 499px) 100vw, 499px\" data-attachment-id=\"6902\" data-permalink=\"https:\/\/grievingmaman.com\/fr\/2022\/10\/06\/mes-reels-sur-facebook\/reel-grieving-maman-traumatic-brain-injury-recovery-swimming-aquatic-therapy\/\" data-orig-file=\"https:\/\/i0.wp.com\/grievingmaman.com\/wp-content\/uploads\/Reel-Grieving-Maman-traumatic-brain-injury-recovery-swimming-aquatic-therapy.jpg?fit=499%2C791&amp;ssl=1\" data-orig-size=\"499,791\" data-comments-opened=\"1\" data-image-meta=\"{&quot;aperture&quot;:&quot;0&quot;,&quot;credit&quot;:&quot;&quot;,&quot;camera&quot;:&quot;&quot;,&quot;caption&quot;:&quot;&quot;,&quot;created_timestamp&quot;:&quot;0&quot;,&quot;copyright&quot;:&quot;&quot;,&quot;focal_length&quot;:&quot;0&quot;,&quot;iso&quot;:&quot;0&quot;,&quot;shutter_speed&quot;:&quot;0&quot;,&quot;title&quot;:&quot;&quot;,&quot;orientation&quot;:&quot;0&quot;}\" data-image-title=\"Reel-Grieving-Maman-traumatic-brain-injury-recovery-swimming-aquatic-therapy\" data-image-description=\"&lt;p&gt;Facebook Reels-Grieving-Maman-traumatic-brain-injury-recovery-swimming-aquatic-therapy&lt;\/p&gt;\" data-image-caption=\"\" data-medium-file=\"https:\/\/i0.wp.com\/grievingmaman.com\/wp-content\/uploads\/Reel-Grieving-Maman-traumatic-brain-injury-recovery-swimming-aquatic-therapy.jpg?fit=189%2C300&amp;ssl=1\" data-large-file=\"https:\/\/i0.wp.com\/grievingmaman.com\/wp-content\/uploads\/Reel-Grieving-Maman-traumatic-brain-injury-recovery-swimming-aquatic-therapy.jpg?fit=499%2C791&amp;ssl=1\" \/>\t\t\t\t\t\t\t\t\t\t\t\t<\/a>\n\t\t\t\t\n\t\t\t\t\t\t\t<\/figure><!-- .featured-image -->\n\t\t\n\t\t<div class=\"entry-wrapper\">\n\t\t\t<h2 class=\"entry-title\"><a href=\"https:\/\/grievingmaman.com\/fr\/2022\/10\/06\/mes-reels-sur-facebook\/\" rel=\"bookmark\">Nos Reels sur Facebook<\/a><\/h2>\t\t\t\t\t\t<p>Je parle des Reels que je publie sur les r\u00e9seaux sociaux, y compris sur la fa\u00e7on de nous suivre sur Facebook pour voir les nouveaux Reels! <\/p>\n\t\t\t\t<div class=\"entry-meta\">\n\t\t\t\t\t<time class=\"entry-date published\" datetime=\"2022-10-06T13:48:03-04:00\">6 Oct 2022<\/time><time class=\"updated\" datetime=\"2022-10-06T16:37:59-04:00\">6 Oct 2022<\/time>\t\t\t\t<\/div><!-- .entry-meta -->\n\t\t\t\t\t<\/div><!-- .entry-wrapper -->\n\t<\/article>\n\n\t\t\n\t<article data-post-id=\"5101\"\n\t\tclass=\"tag-adhd tag-anxiety tag-awareness tag-caregiver tag-depression tag-hardships tag-health tag-illness tag-mental-health tag-pandemic tag-ptsd tag-sickness tag-tbi tag-trauma category-depression type-post post-has-image\"\n\t\t\t\t>\n\t\t\t\t\t\t\t<figure class=\"post-thumbnail\">\n\t\t\t\t\t\t\t\t<a href=\"https:\/\/grievingmaman.com\/fr\/2022\/05\/12\/importance-de-la-sante-mentale-sensibilisation\/\" rel=\"bookmark\" tabindex=\"-1\" aria-hidden=\"true\">\n\t\t\t\t\t\t\t\t\t\t\t\t<img decoding=\"async\" width=\"1200\" height=\"1698\" src=\"https:\/\/i0.wp.com\/grievingmaman.com\/wp-content\/uploads\/Mental-Health-Awareness-Quote.png?fit=1200%2C1698&amp;ssl=1\" class=\"attachment-newspack-article-block-uncropped size-newspack-article-block-uncropped wp-post-image\" alt=\"L&#039;importance de la sensibilisation \u00e0 la sant\u00e9 mentale\" data-hero-candidate=\"1\" srcset=\"https:\/\/i0.wp.com\/grievingmaman.com\/wp-content\/uploads\/Mental-Health-Awareness-Quote.png?w=1587&amp;ssl=1 1587w, https:\/\/i0.wp.com\/grievingmaman.com\/wp-content\/uploads\/Mental-Health-Awareness-Quote.png?resize=212%2C300&amp;ssl=1 212w, https:\/\/i0.wp.com\/grievingmaman.com\/wp-content\/uploads\/Mental-Health-Awareness-Quote.png?resize=724%2C1024&amp;ssl=1 724w, https:\/\/i0.wp.com\/grievingmaman.com\/wp-content\/uploads\/Mental-Health-Awareness-Quote.png?resize=768%2C1086&amp;ssl=1 768w, https:\/\/i0.wp.com\/grievingmaman.com\/wp-content\/uploads\/Mental-Health-Awareness-Quote.png?resize=1086%2C1536&amp;ssl=1 1086w, https:\/\/i0.wp.com\/grievingmaman.com\/wp-content\/uploads\/Mental-Health-Awareness-Quote.png?resize=1448%2C2048&amp;ssl=1 1448w, https:\/\/i0.wp.com\/grievingmaman.com\/wp-content\/uploads\/Mental-Health-Awareness-Quote.png?resize=8%2C12&amp;ssl=1 8w, https:\/\/i0.wp.com\/grievingmaman.com\/wp-content\/uploads\/Mental-Health-Awareness-Quote.png?resize=1200%2C1698&amp;ssl=1 1200w, https:\/\/i0.wp.com\/grievingmaman.com\/wp-content\/uploads\/Mental-Health-Awareness-Quote.png?resize=1320%2C1867&amp;ssl=1 1320w\" sizes=\"(max-width: 1000px) 100vw, 1000px\" data-attachment-id=\"5105\" data-permalink=\"https:\/\/grievingmaman.com\/fr\/2022\/05\/12\/importance-de-la-sante-mentale-sensibilisation\/mental-health-awareness-quote\/\" data-orig-file=\"https:\/\/i0.wp.com\/grievingmaman.com\/wp-content\/uploads\/Mental-Health-Awareness-Quote.png?fit=1587%2C2245&amp;ssl=1\" data-orig-size=\"1587,2245\" data-comments-opened=\"1\" data-image-meta=\"{&quot;aperture&quot;:&quot;0&quot;,&quot;credit&quot;:&quot;&quot;,&quot;camera&quot;:&quot;&quot;,&quot;caption&quot;:&quot;&quot;,&quot;created_timestamp&quot;:&quot;0&quot;,&quot;copyright&quot;:&quot;&quot;,&quot;focal_length&quot;:&quot;0&quot;,&quot;iso&quot;:&quot;0&quot;,&quot;shutter_speed&quot;:&quot;0&quot;,&quot;title&quot;:&quot;&quot;,&quot;orientation&quot;:&quot;0&quot;}\" data-image-title=\"Mental-Health-Awareness-Quote\" data-image-description=\"&lt;p&gt;Mental Health awareness Quote stigma shame Bill Clinton Week&lt;\/p&gt;\" data-image-caption=\"\" data-medium-file=\"https:\/\/i0.wp.com\/grievingmaman.com\/wp-content\/uploads\/Mental-Health-Awareness-Quote.png?fit=212%2C300&amp;ssl=1\" data-large-file=\"https:\/\/i0.wp.com\/grievingmaman.com\/wp-content\/uploads\/Mental-Health-Awareness-Quote.png?fit=724%2C1024&amp;ssl=1\" \/>\t\t\t\t\t\t\t\t\t\t\t\t<\/a>\n\t\t\t\t\n\t\t\t\t\t\t\t<\/figure><!-- .featured-image -->\n\t\t\n\t\t<div class=\"entry-wrapper\">\n\t\t\t<h2 class=\"entry-title\"><a href=\"https:\/\/grievingmaman.com\/fr\/2022\/05\/12\/importance-de-la-sante-mentale-sensibilisation\/\" rel=\"bookmark\">L'importance de la sensibilisation \u00e0 la sant\u00e9 mentale<\/a><\/h2>\t\t\t\t\t\t<p>Je discute des raisons pour lesquelles la sensibilisation \u00e0 la sant\u00e9 mentale est plus importante que jamais. J'inclus \u00e9galement une liste de sujets de sant\u00e9 mentale sur lesquels je pr\u00e9vois aborder par l'entremise de nos exp\u00e9riences r\u00e9elles ainsi que des conseils pour gu\u00e9rir.<\/p>\n\t\t\t\t<div class=\"entry-meta\">\n\t\t\t\t\t<time class=\"entry-date published\" datetime=\"2022-05-12T20:54:58-04:00\">12 Mai 2022<\/time><time class=\"updated\" datetime=\"2022-05-12T23:45:28-04:00\">12 Mai 2022<\/time>\t\t\t\t<\/div><!-- .entry-meta -->\n\t\t\t\t\t<\/div><!-- .entry-wrapper -->\n\t<\/article>\n\n\t\t\n\t<article data-post-id=\"2956\"\n\t\tclass=\"tag-anxiety tag-cheo tag-childloss tag-depression tag-gestures tag-overcoming tag-pandemic tag-tips tag-wellness category-depression type-post post-has-image\"\n\t\t\t\t>\n\t\t\t\t\t\t\t<figure class=\"post-thumbnail\">\n\t\t\t\t\t\t\t\t<a href=\"https:\/\/grievingmaman.com\/fr\/2021\/08\/15\/5-gestes-simples-et-strategies-faciles-pour-aider-lutter-la-depression\/\" rel=\"bookmark\" tabindex=\"-1\" aria-hidden=\"true\">\n\t\t\t\t\t\t\t\t\t\t\t\t<img loading=\"lazy\" decoding=\"async\" width=\"1200\" height=\"1600\" src=\"https:\/\/i0.wp.com\/grievingmaman.com\/wp-content\/uploads\/IMG_3490-rotated.jpeg?fit=1200%2C1600&amp;ssl=1\" class=\"attachment-newspack-article-block-uncropped size-newspack-article-block-uncropped wp-post-image\" alt=\"5 moyens simples qui aident \u00e0 lutter contre la d\u00e9pression\" data-hero-candidate=\"1\" srcset=\"https:\/\/i0.wp.com\/grievingmaman.com\/wp-content\/uploads\/IMG_3490-rotated.jpeg?w=3024&amp;ssl=1 3024w, https:\/\/i0.wp.com\/grievingmaman.com\/wp-content\/uploads\/IMG_3490-rotated.jpeg?resize=225%2C300&amp;ssl=1 225w, https:\/\/i0.wp.com\/grievingmaman.com\/wp-content\/uploads\/IMG_3490-rotated.jpeg?resize=768%2C1024&amp;ssl=1 768w, https:\/\/i0.wp.com\/grievingmaman.com\/wp-content\/uploads\/IMG_3490-rotated.jpeg?resize=1152%2C1536&amp;ssl=1 1152w, https:\/\/i0.wp.com\/grievingmaman.com\/wp-content\/uploads\/IMG_3490-rotated.jpeg?resize=1536%2C2048&amp;ssl=1 1536w, https:\/\/i0.wp.com\/grievingmaman.com\/wp-content\/uploads\/IMG_3490-rotated.jpeg?resize=9%2C12&amp;ssl=1 9w, https:\/\/i0.wp.com\/grievingmaman.com\/wp-content\/uploads\/IMG_3490-rotated.jpeg?resize=900%2C1200&amp;ssl=1 900w, https:\/\/i0.wp.com\/grievingmaman.com\/wp-content\/uploads\/IMG_3490-rotated.jpeg?resize=600%2C800&amp;ssl=1 600w, https:\/\/i0.wp.com\/grievingmaman.com\/wp-content\/uploads\/IMG_3490-rotated.jpeg?resize=300%2C400&amp;ssl=1 300w, https:\/\/i0.wp.com\/grievingmaman.com\/wp-content\/uploads\/IMG_3490-rotated.jpeg?resize=150%2C200&amp;ssl=1 150w, https:\/\/i0.wp.com\/grievingmaman.com\/wp-content\/uploads\/IMG_3490-rotated.jpeg?resize=1200%2C1600&amp;ssl=1 1200w, https:\/\/i0.wp.com\/grievingmaman.com\/wp-content\/uploads\/IMG_3490-rotated.jpeg?resize=720%2C960&amp;ssl=1 720w, https:\/\/i0.wp.com\/grievingmaman.com\/wp-content\/uploads\/IMG_3490-rotated.jpeg?resize=1320%2C1760&amp;ssl=1 1320w, https:\/\/i0.wp.com\/grievingmaman.com\/wp-content\/uploads\/IMG_3490-rotated.jpeg?w=2000&amp;ssl=1 2000w\" sizes=\"(max-width: 1000px) 100vw, 1000px\" data-attachment-id=\"2958\" data-permalink=\"https:\/\/grievingmaman.com\/fr\/2021\/08\/15\/5-gestes-simples-et-strategies-faciles-pour-aider-lutter-la-depression\/img_3490\/\" data-orig-file=\"https:\/\/i0.wp.com\/grievingmaman.com\/wp-content\/uploads\/IMG_3490-rotated.jpeg?fit=3024%2C4032&amp;ssl=1\" data-orig-size=\"3024,4032\" data-comments-opened=\"1\" data-image-meta=\"{&quot;aperture&quot;:&quot;1.8&quot;,&quot;credit&quot;:&quot;&quot;,&quot;camera&quot;:&quot;iPhone XR&quot;,&quot;caption&quot;:&quot;&quot;,&quot;created_timestamp&quot;:&quot;1576685175&quot;,&quot;copyright&quot;:&quot;&quot;,&quot;focal_length&quot;:&quot;4.25&quot;,&quot;iso&quot;:&quot;500&quot;,&quot;shutter_speed&quot;:&quot;0.033333333333333&quot;,&quot;title&quot;:&quot;&quot;,&quot;orientation&quot;:&quot;1&quot;}\" data-image-title=\"Children&amp;#8217;s Hospital of Eastern Ontario (CHEO) Room with Ad\u00e9lie\" data-image-description=\"&lt;p&gt;Children&amp;#8217;s Hospital of Eastern Ontario (CHEO) Room with Ad\u00e9lie&lt;\/p&gt;\" data-image-caption=\"&lt;p&gt;Children&amp;#8217;s Hospital of Eastern Ontario (CHEO) Room with Ad\u00e9lie&lt;\/p&gt;\" data-medium-file=\"https:\/\/i0.wp.com\/grievingmaman.com\/wp-content\/uploads\/IMG_3490-rotated.jpeg?fit=225%2C300&amp;ssl=1\" data-large-file=\"https:\/\/i0.wp.com\/grievingmaman.com\/wp-content\/uploads\/IMG_3490-rotated.jpeg?fit=768%2C1024&amp;ssl=1\" \/>\t\t\t\t\t\t\t\t\t\t\t\t<\/a>\n\t\t\t\t\n\t\t\t\t\t\t\t<\/figure><!-- .featured-image -->\n\t\t\n\t\t<div class=\"entry-wrapper\">\n\t\t\t<h2 class=\"entry-title\"><a href=\"https:\/\/grievingmaman.com\/fr\/2021\/08\/15\/5-gestes-simples-et-strategies-faciles-pour-aider-lutter-la-depression\/\" rel=\"bookmark\">5 moyens simples qui aident \u00e0 lutter contre la d\u00e9pression<\/a><\/h2>\t\t\t\t\t\t<p>Quand nous souffrons de d\u00e9pression et d'anxi\u00e9t\u00e9, les conseils que nous recevons sont souvent les m\u00eames. Cependant, ces moyens sont plus faciles \u00e0 dire qu\u2019\u00e0 faire et ne sont pas n\u00e9cessairement r\u00e9alistes \u00e0 tous les stades de d\u00e9pression. Une approche plus saine consiste \u00e0 commencer par des actions simples. Dans cet article, je partage ma propre exp\u00e9rience et 5 moyens simples qui peuvent aider avec la d\u00e9pression.<\/p>\n\t\t\t\t<div class=\"entry-meta\">\n\t\t\t\t\t<time class=\"entry-date published\" datetime=\"2021-08-15T11:32:00-04:00\">15 Ao\u00fbt 2021<\/time><time class=\"updated\" datetime=\"2022-02-23T13:47:43-05:00\">23 F\u00e9v 2022<\/time>\t\t\t\t<\/div><!-- .entry-meta -->\n\t\t\t\t\t<\/div><!-- .entry-wrapper -->\n\t<\/article>\n\n\t\t\n\t<article data-post-id=\"2366\"\n\t\tclass=\"tag-depression tag-health tag-joey tag-therapy category-depression category-other type-post post-has-image\"\n\t\t\t\t>\n\t\t\t\t\t\t\t<figure class=\"post-thumbnail\">\n\t\t\t\t\t\t\t\t<a href=\"https:\/\/grievingmaman.com\/fr\/2021\/04\/11\/que-faire-quand-nous-sommes-deprimes-lactivation-comportementale-depression\/\" rel=\"bookmark\" tabindex=\"-1\" aria-hidden=\"true\">\n\t\t\t\t\t\t\t\t\t\t\t\t<img loading=\"lazy\" decoding=\"async\" width=\"926\" height=\"838\" src=\"https:\/\/i0.wp.com\/grievingmaman.com\/wp-content\/uploads\/2021\/04\/Joey-Couch-Colour-Combinations-Colors.jpg?fit=926%2C838&amp;ssl=1\" class=\"attachment-newspack-article-block-uncropped size-newspack-article-block-uncropped wp-post-image\" alt=\"Que faire si nous sommes d\u00e9prim\u00e9s?\" data-hero-candidate=\"1\" srcset=\"https:\/\/i0.wp.com\/grievingmaman.com\/wp-content\/uploads\/2021\/04\/Joey-Couch-Colour-Combinations-Colors.jpg?w=926&amp;ssl=1 926w, https:\/\/i0.wp.com\/grievingmaman.com\/wp-content\/uploads\/2021\/04\/Joey-Couch-Colour-Combinations-Colors.jpg?resize=300%2C271&amp;ssl=1 300w, https:\/\/i0.wp.com\/grievingmaman.com\/wp-content\/uploads\/2021\/04\/Joey-Couch-Colour-Combinations-Colors.jpg?resize=768%2C695&amp;ssl=1 768w, https:\/\/i0.wp.com\/grievingmaman.com\/wp-content\/uploads\/2021\/04\/Joey-Couch-Colour-Combinations-Colors.jpg?resize=13%2C12&amp;ssl=1 13w, https:\/\/i0.wp.com\/grievingmaman.com\/wp-content\/uploads\/2021\/04\/Joey-Couch-Colour-Combinations-Colors.jpg?resize=720%2C652&amp;ssl=1 720w\" sizes=\"(max-width: 926px) 100vw, 926px\" data-attachment-id=\"2430\" data-permalink=\"https:\/\/grievingmaman.com\/fr\/2021\/04\/11\/que-faire-quand-nous-sommes-deprimes-lactivation-comportementale-depression\/joey-couch-colour-combinations-colors\/\" data-orig-file=\"https:\/\/i0.wp.com\/grievingmaman.com\/wp-content\/uploads\/2021\/04\/Joey-Couch-Colour-Combinations-Colors.jpg?fit=926%2C838&amp;ssl=1\" data-orig-size=\"926,838\" data-comments-opened=\"1\" data-image-meta=\"{&quot;aperture&quot;:&quot;0&quot;,&quot;credit&quot;:&quot;&quot;,&quot;camera&quot;:&quot;&quot;,&quot;caption&quot;:&quot;&quot;,&quot;created_timestamp&quot;:&quot;0&quot;,&quot;copyright&quot;:&quot;&quot;,&quot;focal_length&quot;:&quot;0&quot;,&quot;iso&quot;:&quot;0&quot;,&quot;shutter_speed&quot;:&quot;0&quot;,&quot;title&quot;:&quot;&quot;,&quot;orientation&quot;:&quot;0&quot;}\" data-image-title=\"Joey Couch Colour Combinations Colors\" data-image-description=\"\" data-image-caption=\"\" data-medium-file=\"https:\/\/i0.wp.com\/grievingmaman.com\/wp-content\/uploads\/2021\/04\/Joey-Couch-Colour-Combinations-Colors.jpg?fit=300%2C271&amp;ssl=1\" data-large-file=\"https:\/\/i0.wp.com\/grievingmaman.com\/wp-content\/uploads\/2021\/04\/Joey-Couch-Colour-Combinations-Colors.jpg?fit=926%2C838&amp;ssl=1\" \/>\t\t\t\t\t\t\t\t\t\t\t\t<\/a>\n\t\t\t\t\n\t\t\t\t\t\t\t<\/figure><!-- .featured-image -->\n\t\t\n\t\t<div class=\"entry-wrapper\">\n\t\t\t<h2 class=\"entry-title\"><a href=\"https:\/\/grievingmaman.com\/fr\/2021\/04\/11\/que-faire-quand-nous-sommes-deprimes-lactivation-comportementale-depression\/\" rel=\"bookmark\">Que faire si nous sommes d\u00e9prim\u00e9s?<\/a><\/h2>\t\t\t\t\t\t<p>Je parle d'activation comportementale pour traiter la d\u00e9pression. Je d\u00e9voile un de mes projets; Le Joey!<\/p>\n\t\t\t\t<div class=\"entry-meta\">\n\t\t\t\t\t<time class=\"entry-date published\" datetime=\"2021-04-11T14:22:51-04:00\">11 Avr 2021<\/time><time class=\"updated\" datetime=\"2022-01-25T12:51:55-05:00\">25 Jan 2022<\/time>\t\t\t\t<\/div><!-- .entry-meta -->\n\t\t\t\t\t<\/div><!-- .entry-wrapper -->\n\t<\/article>\n\n\t\t\n\t<article data-post-id=\"1706\"\n\t\tclass=\"tag-writing category-depression category-grief category-journal category-zackael type-post post-has-image\"\n\t\t\t\t>\n\t\t\t\t\t\t\t<figure class=\"post-thumbnail\">\n\t\t\t\t\t\t\t\t<a href=\"https:\/\/grievingmaman.com\/fr\/2021\/02\/12\/writingyourgrief-day3\/\" rel=\"bookmark\" tabindex=\"-1\" aria-hidden=\"true\">\n\t\t\t\t\t\t\t\t\t\t\t\t<img loading=\"lazy\" decoding=\"async\" width=\"1200\" height=\"1170\" src=\"https:\/\/i0.wp.com\/grievingmaman.com\/wp-content\/uploads\/2021\/02\/IMG_2188-Zackael-trampoline.jpg?fit=1200%2C1170&amp;ssl=1\" class=\"attachment-newspack-article-block-uncropped size-newspack-article-block-uncropped wp-post-image\" alt=\"Comment vivez-vous dans un paysage si profond\u00e9ment chang\u00e9?\" data-hero-candidate=\"1\" srcset=\"https:\/\/i0.wp.com\/grievingmaman.com\/wp-content\/uploads\/2021\/02\/IMG_2188-Zackael-trampoline.jpg?w=3102&amp;ssl=1 3102w, https:\/\/i0.wp.com\/grievingmaman.com\/wp-content\/uploads\/2021\/02\/IMG_2188-Zackael-trampoline.jpg?resize=300%2C292&amp;ssl=1 300w, https:\/\/i0.wp.com\/grievingmaman.com\/wp-content\/uploads\/2021\/02\/IMG_2188-Zackael-trampoline.jpg?resize=1024%2C998&amp;ssl=1 1024w, https:\/\/i0.wp.com\/grievingmaman.com\/wp-content\/uploads\/2021\/02\/IMG_2188-Zackael-trampoline.jpg?resize=768%2C749&amp;ssl=1 768w, https:\/\/i0.wp.com\/grievingmaman.com\/wp-content\/uploads\/2021\/02\/IMG_2188-Zackael-trampoline.jpg?resize=1536%2C1497&amp;ssl=1 1536w, https:\/\/i0.wp.com\/grievingmaman.com\/wp-content\/uploads\/2021\/02\/IMG_2188-Zackael-trampoline.jpg?resize=2048%2C1997&amp;ssl=1 2048w, https:\/\/i0.wp.com\/grievingmaman.com\/wp-content\/uploads\/2021\/02\/IMG_2188-Zackael-trampoline.jpg?resize=12%2C12&amp;ssl=1 12w, https:\/\/i0.wp.com\/grievingmaman.com\/wp-content\/uploads\/2021\/02\/IMG_2188-Zackael-trampoline.jpg?resize=1200%2C1170&amp;ssl=1 1200w, https:\/\/i0.wp.com\/grievingmaman.com\/wp-content\/uploads\/2021\/02\/IMG_2188-Zackael-trampoline.jpg?resize=720%2C702&amp;ssl=1 720w, https:\/\/i0.wp.com\/grievingmaman.com\/wp-content\/uploads\/2021\/02\/IMG_2188-Zackael-trampoline.jpg?resize=1320%2C1287&amp;ssl=1 1320w, https:\/\/i0.wp.com\/grievingmaman.com\/wp-content\/uploads\/2021\/02\/IMG_2188-Zackael-trampoline.jpg?w=3000&amp;ssl=1 3000w\" sizes=\"(max-width: 1000px) 100vw, 1000px\" data-attachment-id=\"1713\" data-permalink=\"https:\/\/grievingmaman.com\/fr\/2021\/02\/12\/writingyourgrief-day3\/img_2188-zackael-trampoline\/\" data-orig-file=\"https:\/\/i0.wp.com\/grievingmaman.com\/wp-content\/uploads\/2021\/02\/IMG_2188-Zackael-trampoline.jpg?fit=3102%2C3024&amp;ssl=1\" data-orig-size=\"3102,3024\" data-comments-opened=\"1\" data-image-meta=\"{&quot;aperture&quot;:&quot;2.8&quot;,&quot;credit&quot;:&quot;&quot;,&quot;camera&quot;:&quot;Canon EOS Rebel T7i&quot;,&quot;caption&quot;:&quot;&quot;,&quot;created_timestamp&quot;:&quot;1565030393&quot;,&quot;copyright&quot;:&quot;&quot;,&quot;focal_length&quot;:&quot;24&quot;,&quot;iso&quot;:&quot;1250&quot;,&quot;shutter_speed&quot;:&quot;0.002&quot;,&quot;title&quot;:&quot;&quot;,&quot;orientation&quot;:&quot;1&quot;}\" data-image-title=\"IMG_2188-Zackael-trampoline\" data-image-description=\"&lt;p&gt;Zackael trampoline&lt;\/p&gt;\" data-image-caption=\"&lt;p&gt;Zackael trampoline&lt;\/p&gt;\" data-medium-file=\"https:\/\/i0.wp.com\/grievingmaman.com\/wp-content\/uploads\/2021\/02\/IMG_2188-Zackael-trampoline.jpg?fit=300%2C292&amp;ssl=1\" data-large-file=\"https:\/\/i0.wp.com\/grievingmaman.com\/wp-content\/uploads\/2021\/02\/IMG_2188-Zackael-trampoline.jpg?fit=1024%2C998&amp;ssl=1\" \/>\t\t\t\t\t\t\t\t\t\t\t\t<\/a>\n\t\t\t\t\n\t\t\t\t\t\t\t<\/figure><!-- .featured-image -->\n\t\t\n\t\t<div class=\"entry-wrapper\">\n\t\t\t<h2 class=\"entry-title\"><a href=\"https:\/\/grievingmaman.com\/fr\/2021\/02\/12\/writingyourgrief-day3\/\" rel=\"bookmark\">Comment vivez-vous dans un paysage si profond\u00e9ment chang\u00e9?<\/a><\/h2>\t\t\t\t\t\t<p>J'ai commenc\u00e9 un cours sur le deuil. Le cours s'appelle \"Writing Your Grief\". Chaque jour, nous recevons un courriel nous encourageant \u00e0 explorer un aspect de notre deuil. Aujourd'hui, c'est le jour # 3. <\/p>\n\t\t\t\t<div class=\"entry-meta\">\n\t\t\t\t\t<time class=\"entry-date published\" datetime=\"2021-02-12T18:08:37-05:00\">12 F\u00e9v 2021<\/time><time class=\"updated\" datetime=\"2021-09-14T13:59:47-04:00\">14 Sep 2021<\/time>\t\t\t\t<\/div><!-- .entry-meta -->\n\t\t\t\t\t<\/div><!-- .entry-wrapper -->\n\t<\/article>\n\n\t\t\n\t<article data-post-id=\"1512\"\n\t\tclass=\"tag-compassion tag-depression tag-health category-depression type-post post-has-image\"\n\t\t\t\t>\n\t\t\t\t\t\t\t<figure class=\"post-thumbnail\">\n\t\t\t\t\t\t\t\t<a href=\"https:\/\/grievingmaman.com\/fr\/2021\/02\/04\/lets-talk-mental-health-sante-mentale-parler\/\" rel=\"bookmark\" tabindex=\"-1\" aria-hidden=\"true\">\n\t\t\t\t\t\t\t\t\t\t\t\t<img loading=\"lazy\" decoding=\"async\" width=\"1200\" height=\"995\" src=\"https:\/\/i0.wp.com\/grievingmaman.com\/wp-content\/uploads\/2021\/02\/snow-until-it-happens-to-you.jpg?fit=1200%2C995&amp;ssl=1\" class=\"attachment-newspack-article-block-uncropped size-newspack-article-block-uncropped wp-post-image\" alt=\"Let&#8217;s Talk\" data-hero-candidate=\"1\" srcset=\"https:\/\/i0.wp.com\/grievingmaman.com\/wp-content\/uploads\/2021\/02\/snow-until-it-happens-to-you.jpg?w=1489&amp;ssl=1 1489w, https:\/\/i0.wp.com\/grievingmaman.com\/wp-content\/uploads\/2021\/02\/snow-until-it-happens-to-you.jpg?resize=300%2C249&amp;ssl=1 300w, https:\/\/i0.wp.com\/grievingmaman.com\/wp-content\/uploads\/2021\/02\/snow-until-it-happens-to-you.jpg?resize=1024%2C849&amp;ssl=1 1024w, https:\/\/i0.wp.com\/grievingmaman.com\/wp-content\/uploads\/2021\/02\/snow-until-it-happens-to-you.jpg?resize=768%2C637&amp;ssl=1 768w, https:\/\/i0.wp.com\/grievingmaman.com\/wp-content\/uploads\/2021\/02\/snow-until-it-happens-to-you.jpg?resize=14%2C12&amp;ssl=1 14w, https:\/\/i0.wp.com\/grievingmaman.com\/wp-content\/uploads\/2021\/02\/snow-until-it-happens-to-you.jpg?resize=1200%2C995&amp;ssl=1 1200w, https:\/\/i0.wp.com\/grievingmaman.com\/wp-content\/uploads\/2021\/02\/snow-until-it-happens-to-you.jpg?resize=720%2C597&amp;ssl=1 720w, https:\/\/i0.wp.com\/grievingmaman.com\/wp-content\/uploads\/2021\/02\/snow-until-it-happens-to-you.jpg?resize=1320%2C1095&amp;ssl=1 1320w\" sizes=\"(max-width: 1000px) 100vw, 1000px\" data-attachment-id=\"1522\" data-permalink=\"https:\/\/grievingmaman.com\/fr\/2021\/02\/04\/lets-talk-mental-health-sante-mentale-parler\/snow-until-it-happens-to-you\/\" data-orig-file=\"https:\/\/i0.wp.com\/grievingmaman.com\/wp-content\/uploads\/2021\/02\/snow-until-it-happens-to-you.jpg?fit=1489%2C1235&amp;ssl=1\" data-orig-size=\"1489,1235\" data-comments-opened=\"1\" data-image-meta=\"{&quot;aperture&quot;:&quot;0&quot;,&quot;credit&quot;:&quot;&quot;,&quot;camera&quot;:&quot;&quot;,&quot;caption&quot;:&quot;&quot;,&quot;created_timestamp&quot;:&quot;0&quot;,&quot;copyright&quot;:&quot;&quot;,&quot;focal_length&quot;:&quot;0&quot;,&quot;iso&quot;:&quot;0&quot;,&quot;shutter_speed&quot;:&quot;0&quot;,&quot;title&quot;:&quot;&quot;,&quot;orientation&quot;:&quot;1&quot;}\" data-image-title=\"snow-until-it-happens-to-you\" data-image-description=\"&lt;p&gt;You will never truly understand until it happens to you&lt;\/p&gt;\" data-image-caption=\"&lt;p&gt;You will never truly understand until it happens to you&lt;\/p&gt;\" data-medium-file=\"https:\/\/i0.wp.com\/grievingmaman.com\/wp-content\/uploads\/2021\/02\/snow-until-it-happens-to-you.jpg?fit=300%2C249&amp;ssl=1\" data-large-file=\"https:\/\/i0.wp.com\/grievingmaman.com\/wp-content\/uploads\/2021\/02\/snow-until-it-happens-to-you.jpg?fit=1024%2C849&amp;ssl=1\" \/>\t\t\t\t\t\t\t\t\t\t\t\t<\/a>\n\t\t\t\t\n\t\t\t\t\t\t\t<\/figure><!-- .featured-image -->\n\t\t\n\t\t<div class=\"entry-wrapper\">\n\t\t\t<h2 class=\"entry-title\"><a href=\"https:\/\/grievingmaman.com\/fr\/2021\/02\/04\/lets-talk-mental-health-sante-mentale-parler\/\" rel=\"bookmark\">Parlons-en<\/a><\/h2>\t\t\t\t\t\t<p>Des \u00e9tudes d\u00e9montrent qu'\u00e9crire ou parler de nos difficult\u00e9s a un impact positif sur notre sant\u00e9 et notre syst\u00e8me immunitaire. \u00catre vuln\u00e9rable n'est pas une faiblesse, mais montre plut\u00f4t une certaine maturit\u00e9 \u00e9motionnelle.<\/p>\n\t\t\t\t<div class=\"entry-meta\">\n\t\t\t\t\t<time class=\"entry-date published\" datetime=\"2021-02-04T15:40:23-05:00\">4 F\u00e9v 2021<\/time><time class=\"updated\" datetime=\"2023-03-03T18:42:28-05:00\">3 Mar 2023<\/time>\t\t\t\t<\/div><!-- .entry-meta -->\n\t\t\t\t\t<\/div><!-- .entry-wrapper -->\n\t<\/article>\n\n\t\t\n\t<article data-post-id=\"1055\"\n\t\tclass=\"tag-complicated tag-depression tag-health tag-hospital category-depression category-grief type-post post-has-image\"\n\t\t\t\t>\n\t\t\t\t\t\t\t<figure class=\"post-thumbnail\">\n\t\t\t\t\t\t\t\t<a href=\"https:\/\/grievingmaman.com\/fr\/2021\/01\/08\/my-complicated-grief-mon-deuil-complexe\/\" rel=\"bookmark\" tabindex=\"-1\" aria-hidden=\"true\">\n\t\t\t\t\t\t\t\t\t\t\t\t<img loading=\"lazy\" decoding=\"async\" width=\"1200\" height=\"852\" src=\"https:\/\/i0.wp.com\/grievingmaman.com\/wp-content\/uploads\/2021\/01\/IMG_5002.jpg?fit=1200%2C852&amp;ssl=1\" class=\"attachment-newspack-article-block-uncropped size-newspack-article-block-uncropped wp-post-image\" alt=\"Mon deuil complexe\" data-hero-candidate=\"1\" srcset=\"https:\/\/i0.wp.com\/grievingmaman.com\/wp-content\/uploads\/2021\/01\/IMG_5002.jpg?w=2066&amp;ssl=1 2066w, https:\/\/i0.wp.com\/grievingmaman.com\/wp-content\/uploads\/2021\/01\/IMG_5002.jpg?resize=300%2C213&amp;ssl=1 300w, https:\/\/i0.wp.com\/grievingmaman.com\/wp-content\/uploads\/2021\/01\/IMG_5002.jpg?resize=1024%2C727&amp;ssl=1 1024w, https:\/\/i0.wp.com\/grievingmaman.com\/wp-content\/uploads\/2021\/01\/IMG_5002.jpg?resize=768%2C545&amp;ssl=1 768w, https:\/\/i0.wp.com\/grievingmaman.com\/wp-content\/uploads\/2021\/01\/IMG_5002.jpg?resize=1536%2C1090&amp;ssl=1 1536w, https:\/\/i0.wp.com\/grievingmaman.com\/wp-content\/uploads\/2021\/01\/IMG_5002.jpg?resize=2048%2C1453&amp;ssl=1 2048w, https:\/\/i0.wp.com\/grievingmaman.com\/wp-content\/uploads\/2021\/01\/IMG_5002.jpg?resize=1200%2C852&amp;ssl=1 1200w, https:\/\/i0.wp.com\/grievingmaman.com\/wp-content\/uploads\/2021\/01\/IMG_5002.jpg?resize=720%2C511&amp;ssl=1 720w\" sizes=\"(max-width: 1000px) 100vw, 1000px\" data-attachment-id=\"1059\" data-permalink=\"https:\/\/grievingmaman.com\/fr\/2021\/01\/08\/my-complicated-grief-mon-deuil-complexe\/img_5002\/\" data-orig-file=\"https:\/\/i0.wp.com\/grievingmaman.com\/wp-content\/uploads\/2021\/01\/IMG_5002.jpg?fit=2066%2C1466&amp;ssl=1\" data-orig-size=\"2066,1466\" data-comments-opened=\"1\" data-image-meta=\"{&quot;aperture&quot;:&quot;1.8&quot;,&quot;credit&quot;:&quot;&quot;,&quot;camera&quot;:&quot;iPhone XR&quot;,&quot;caption&quot;:&quot;&quot;,&quot;created_timestamp&quot;:&quot;1609947702&quot;,&quot;copyright&quot;:&quot;&quot;,&quot;focal_length&quot;:&quot;4.25&quot;,&quot;iso&quot;:&quot;320&quot;,&quot;shutter_speed&quot;:&quot;0.016666666666667&quot;,&quot;title&quot;:&quot;&quot;,&quot;orientation&quot;:&quot;0&quot;}\" data-image-title=\"Me as a grieving mother &amp;#8211; Moi comme maman endeuill\u00e9e\" data-image-description=\"&lt;p&gt;Me as a grieving mother after childloss with complicated grief &amp;#8211; Moi comme maman endeuill\u00e9e suite \u00e0 la perte de mon enfant deuil complexe&lt;\/p&gt;\" data-image-caption=\"&lt;p&gt;Me as a grieving mother after childloss, with complicated grief &amp;#8211; Moi comme maman endeuill\u00e9e suite \u00e0 la perte de mon enfant&lt;\/p&gt;\" data-medium-file=\"https:\/\/i0.wp.com\/grievingmaman.com\/wp-content\/uploads\/2021\/01\/IMG_5002.jpg?fit=300%2C213&amp;ssl=1\" data-large-file=\"https:\/\/i0.wp.com\/grievingmaman.com\/wp-content\/uploads\/2021\/01\/IMG_5002.jpg?fit=1024%2C727&amp;ssl=1\" \/>\t\t\t\t\t\t\t\t\t\t\t\t<\/a>\n\t\t\t\t\n\t\t\t\t\t\t\t<\/figure><!-- .featured-image -->\n\t\t\n\t\t<div class=\"entry-wrapper\">\n\t\t\t<h2 class=\"entry-title\"><a href=\"https:\/\/grievingmaman.com\/fr\/2021\/01\/08\/my-complicated-grief-mon-deuil-complexe\/\" rel=\"bookmark\">Mon deuil complexe<\/a><\/h2>\t\t\t\t\t\t<p>Dans cet article, je partage mon parcours de mon chagrin compliqu\u00e9 et comment il s'est pass\u00e9 les quelques mois qui ont suivi l'accident. J'explique ce qu'est un deuil compliqu\u00e9 (d\u00e9finition) et comment c'est d'\u00eatre une maman endeuill\u00e9e (mamange).<\/p>\n\t\t\t\t<div class=\"entry-meta\">\n\t\t\t\t\t<time class=\"entry-date published\" datetime=\"2021-01-08T14:53:04-05:00\">8 Jan 2021<\/time><time class=\"updated\" datetime=\"2023-03-03T19:20:15-05:00\">3 Mar 2023<\/time>\t\t\t\t<\/div><!-- .entry-meta -->\n\t\t\t\t\t<\/div><!-- .entry-wrapper -->\n\t<\/article>\n\n\t\t\t\t<\/div>\n\t\t\n\t<\/div>\n\t<\/div>\n<\/div>\n<\/div>\n\n\n\n<p class=\"wp-block-paragraph\"><\/p>","protected":false},"excerpt":{"rendered":"<p>On this page, I talk about my personal experience with depression and anxiety. I will also be adding articles about childhood depression and anxiety. I will continue to share resources for anyone who wants to cope and learn more about depression and anxiety, including those who are supporting someone else with mental illness.<\/p>","protected":false},"author":185178740,"featured_media":1059,"parent":0,"menu_order":0,"comment_status":"open","ping_status":"closed","template":"","meta":{"_coblocks_attr":"","_coblocks_dimensions":"","_coblocks_responsive_height":"","_coblocks_accordion_ie_support":"","_crdt_document":"","jetpack_post_was_ever_published":false,"footnotes":""},"categories":[],"tags":[99636,708032863,5614,7371195,708032931,708032829,708032848,708032932],"class_list":["post-3139","page","type-page","status-publish","has-post-thumbnail","hentry","tag-accident","tag-anxiety","tag-child","tag-childloss","tag-cope","tag-depression","tag-injury","tag-studies"],"yoast_head":"<!-- This site is optimized with the Yoast SEO plugin v27.2 - https:\/\/yoast.com\/product\/yoast-seo-wordpress\/ -->\n<title>Depression &#8211; Grieving maman<\/title>\n<meta name=\"description\" content=\"On this page, I talk about my personal experience with depression and anxiety. I will also be adding articles about childhood depression and anxiety. I\" \/>\n<meta name=\"robots\" content=\"index, follow, max-snippet:-1, max-image-preview:large, max-video-preview:-1\" \/>\n<link rel=\"canonical\" href=\"https:\/\/grievingmaman.com\/fr\/depression\/\" \/>\n<meta property=\"og:locale\" content=\"fr_CA\" \/>\n<meta property=\"og:type\" content=\"article\" \/>\n<meta property=\"og:title\" content=\"Depression &#8211; Grieving maman\" \/>\n<meta property=\"og:description\" content=\"On this page, I talk about my personal experience with depression and anxiety. I will also be adding articles about childhood depression and anxiety. I\" \/>\n<meta property=\"og:url\" content=\"https:\/\/grievingmaman.com\/fr\/depression\/\" \/>\n<meta property=\"og:site_name\" content=\"Grieving maman\" \/>\n<meta property=\"article:modified_time\" content=\"2022-05-04T02:39:05+00:00\" \/>\n<meta property=\"og:image\" content=\"https:\/\/grievingmaman.com\/wp-content\/uploads\/2021\/01\/IMG_5002.jpg\" \/>\n\t<meta property=\"og:image:width\" content=\"2066\" \/>\n\t<meta property=\"og:image:height\" content=\"1466\" \/>\n\t<meta property=\"og:image:type\" content=\"image\/jpeg\" \/>\n<meta name=\"twitter:card\" content=\"summary_large_image\" \/>\n<meta name=\"twitter:label1\" content=\"Estimation du temps de lecture\" \/>\n\t<meta name=\"twitter:data1\" content=\"1 minute\" \/>\n<script type=\"application\/ld+json\" class=\"yoast-schema-graph\">{\"@context\":\"https:\/\/schema.org\",\"@graph\":[{\"@type\":\"WebPage\",\"@id\":\"https:\/\/grievingmaman.com\/depression\/\",\"url\":\"https:\/\/grievingmaman.com\/depression\/\",\"name\":\"Depression &#8211; Grieving maman\",\"isPartOf\":{\"@id\":\"https:\/\/grievingmaman.com\/fr\/#website\"},\"primaryImageOfPage\":{\"@id\":\"https:\/\/grievingmaman.com\/depression\/#primaryimage\"},\"image\":{\"@id\":\"https:\/\/grievingmaman.com\/depression\/#primaryimage\"},\"thumbnailUrl\":\"https:\/\/i0.wp.com\/grievingmaman.com\/wp-content\/uploads\/2021\/01\/IMG_5002.jpg?fit=2066%2C1466&ssl=1\",\"datePublished\":\"2021-09-14T17:41:12+00:00\",\"dateModified\":\"2022-05-04T02:39:05+00:00\",\"description\":\"On this page, I talk about my personal experience with depression and anxiety. I will also be adding articles about childhood depression and anxiety. I\",\"breadcrumb\":{\"@id\":\"https:\/\/grievingmaman.com\/depression\/#breadcrumb\"},\"inLanguage\":\"fr-CA\",\"potentialAction\":[{\"@type\":\"ReadAction\",\"target\":[\"https:\/\/grievingmaman.com\/depression\/\"]}]},{\"@type\":\"ImageObject\",\"inLanguage\":\"fr-CA\",\"@id\":\"https:\/\/grievingmaman.com\/depression\/#primaryimage\",\"url\":\"https:\/\/i0.wp.com\/grievingmaman.com\/wp-content\/uploads\/2021\/01\/IMG_5002.jpg?fit=2066%2C1466&ssl=1\",\"contentUrl\":\"https:\/\/i0.wp.com\/grievingmaman.com\/wp-content\/uploads\/2021\/01\/IMG_5002.jpg?fit=2066%2C1466&ssl=1\",\"width\":2066,\"height\":1466,\"caption\":\"Me as a grieving mother after childloss, with complicated grief - Moi comme maman endeuill\u00e9e suite \u00e0 la perte de mon enfant\"},{\"@type\":\"BreadcrumbList\",\"@id\":\"https:\/\/grievingmaman.com\/depression\/#breadcrumb\",\"itemListElement\":[{\"@type\":\"ListItem\",\"position\":1,\"name\":\"Home\",\"item\":\"https:\/\/grievingmaman.com\/\"},{\"@type\":\"ListItem\",\"position\":2,\"name\":\"Depression\"}]},{\"@type\":\"WebSite\",\"@id\":\"https:\/\/grievingmaman.com\/fr\/#website\",\"url\":\"https:\/\/grievingmaman.com\/fr\/\",\"name\":\"Grieving maman\",\"description\":\"Surviving the loss of my son\",\"publisher\":{\"@id\":\"https:\/\/grievingmaman.com\/fr\/#\/schema\/person\/1f19b09d0ab9ac20bb9dc17c1802d8be\"},\"potentialAction\":[{\"@type\":\"SearchAction\",\"target\":{\"@type\":\"EntryPoint\",\"urlTemplate\":\"https:\/\/grievingmaman.com\/fr\/?s={search_term_string}\"},\"query-input\":{\"@type\":\"PropertyValueSpecification\",\"valueRequired\":true,\"valueName\":\"search_term_string\"}}],\"inLanguage\":\"fr-CA\"},{\"@type\":[\"Person\",\"Organization\"],\"@id\":\"https:\/\/grievingmaman.com\/fr\/#\/schema\/person\/1f19b09d0ab9ac20bb9dc17c1802d8be\",\"name\":\"Brigitte Lehoux\",\"image\":{\"@type\":\"ImageObject\",\"inLanguage\":\"fr-CA\",\"@id\":\"https:\/\/i0.wp.com\/grievingmaman.com\/wp-content\/uploads\/Grieving-Maman-logo-Final-Grieving-Parent-Grieving-Mother-Website-Blog.png?fit=1900%2C500&ssl=1\",\"url\":\"https:\/\/i0.wp.com\/grievingmaman.com\/wp-content\/uploads\/Grieving-Maman-logo-Final-Grieving-Parent-Grieving-Mother-Website-Blog.png?fit=1900%2C500&ssl=1\",\"contentUrl\":\"https:\/\/i0.wp.com\/grievingmaman.com\/wp-content\/uploads\/Grieving-Maman-logo-Final-Grieving-Parent-Grieving-Mother-Website-Blog.png?fit=1900%2C500&ssl=1\",\"width\":1900,\"height\":500,\"caption\":\"Brigitte Lehoux\"},\"logo\":{\"@id\":\"https:\/\/i0.wp.com\/grievingmaman.com\/wp-content\/uploads\/Grieving-Maman-logo-Final-Grieving-Parent-Grieving-Mother-Website-Blog.png?fit=1900%2C500&ssl=1\"},\"sameAs\":[\"http:\/\/grievingmaman.wordpress.com\"]}]}<\/script>\n<!-- \/ Yoast SEO plugin. -->","yoast_head_json":{"title":"Depression &#8211; Grieving maman","description":"On this page, I talk about my personal experience with depression and anxiety. I will also be adding articles about childhood depression and anxiety. I","robots":{"index":"index","follow":"follow","max-snippet":"max-snippet:-1","max-image-preview":"max-image-preview:large","max-video-preview":"max-video-preview:-1"},"canonical":"https:\/\/grievingmaman.com\/fr\/depression\/","og_locale":"fr_CA","og_type":"article","og_title":"Depression &#8211; Grieving maman","og_description":"On this page, I talk about my personal experience with depression and anxiety. I will also be adding articles about childhood depression and anxiety. I","og_url":"https:\/\/grievingmaman.com\/fr\/depression\/","og_site_name":"Grieving maman","article_modified_time":"2022-05-04T02:39:05+00:00","og_image":[{"width":2066,"height":1466,"url":"https:\/\/grievingmaman.com\/wp-content\/uploads\/2021\/01\/IMG_5002.jpg","type":"image\/jpeg"}],"twitter_card":"summary_large_image","twitter_misc":{"Estimation du temps de lecture":"1 minute"},"schema":{"@context":"https:\/\/schema.org","@graph":[{"@type":"WebPage","@id":"https:\/\/grievingmaman.com\/depression\/","url":"https:\/\/grievingmaman.com\/depression\/","name":"Depression &#8211; Grieving maman","isPartOf":{"@id":"https:\/\/grievingmaman.com\/fr\/#website"},"primaryImageOfPage":{"@id":"https:\/\/grievingmaman.com\/depression\/#primaryimage"},"image":{"@id":"https:\/\/grievingmaman.com\/depression\/#primaryimage"},"thumbnailUrl":"https:\/\/i0.wp.com\/grievingmaman.com\/wp-content\/uploads\/2021\/01\/IMG_5002.jpg?fit=2066%2C1466&ssl=1","datePublished":"2021-09-14T17:41:12+00:00","dateModified":"2022-05-04T02:39:05+00:00","description":"On this page, I talk about my personal experience with depression and anxiety. I will also be adding articles about childhood depression and anxiety. I","breadcrumb":{"@id":"https:\/\/grievingmaman.com\/depression\/#breadcrumb"},"inLanguage":"fr-CA","potentialAction":[{"@type":"ReadAction","target":["https:\/\/grievingmaman.com\/depression\/"]}]},{"@type":"ImageObject","inLanguage":"fr-CA","@id":"https:\/\/grievingmaman.com\/depression\/#primaryimage","url":"https:\/\/i0.wp.com\/grievingmaman.com\/wp-content\/uploads\/2021\/01\/IMG_5002.jpg?fit=2066%2C1466&ssl=1","contentUrl":"https:\/\/i0.wp.com\/grievingmaman.com\/wp-content\/uploads\/2021\/01\/IMG_5002.jpg?fit=2066%2C1466&ssl=1","width":2066,"height":1466,"caption":"Me as a grieving mother after childloss, with complicated grief - Moi comme maman endeuill\u00e9e suite \u00e0 la perte de mon enfant"},{"@type":"BreadcrumbList","@id":"https:\/\/grievingmaman.com\/depression\/#breadcrumb","itemListElement":[{"@type":"ListItem","position":1,"name":"Home","item":"https:\/\/grievingmaman.com\/"},{"@type":"ListItem","position":2,"name":"Depression"}]},{"@type":"WebSite","@id":"https:\/\/grievingmaman.com\/fr\/#website","url":"https:\/\/grievingmaman.com\/fr\/","name":"Grieving maman","description":"Survivre \u00e0 la perte de mon gar\u00e7on","publisher":{"@id":"https:\/\/grievingmaman.com\/fr\/#\/schema\/person\/1f19b09d0ab9ac20bb9dc17c1802d8be"},"potentialAction":[{"@type":"SearchAction","target":{"@type":"EntryPoint","urlTemplate":"https:\/\/grievingmaman.com\/fr\/?s={search_term_string}"},"query-input":{"@type":"PropertyValueSpecification","valueRequired":true,"valueName":"search_term_string"}}],"inLanguage":"fr-CA"},{"@type":["Person","Organization"],"@id":"https:\/\/grievingmaman.com\/fr\/#\/schema\/person\/1f19b09d0ab9ac20bb9dc17c1802d8be","name":"Brigitte Lehoux","image":{"@type":"ImageObject","inLanguage":"fr-CA","@id":"https:\/\/i0.wp.com\/grievingmaman.com\/wp-content\/uploads\/Grieving-Maman-logo-Final-Grieving-Parent-Grieving-Mother-Website-Blog.png?fit=1900%2C500&ssl=1","url":"https:\/\/i0.wp.com\/grievingmaman.com\/wp-content\/uploads\/Grieving-Maman-logo-Final-Grieving-Parent-Grieving-Mother-Website-Blog.png?fit=1900%2C500&ssl=1","contentUrl":"https:\/\/i0.wp.com\/grievingmaman.com\/wp-content\/uploads\/Grieving-Maman-logo-Final-Grieving-Parent-Grieving-Mother-Website-Blog.png?fit=1900%2C500&ssl=1","width":1900,"height":500,"caption":"Brigitte Lehoux"},"logo":{"@id":"https:\/\/i0.wp.com\/grievingmaman.com\/wp-content\/uploads\/Grieving-Maman-logo-Final-Grieving-Parent-Grieving-Mother-Website-Blog.png?fit=1900%2C500&ssl=1"},"sameAs":["http:\/\/grievingmaman.wordpress.com"]}]}},"jetpack_likes_enabled":true,"jetpack_sharing_enabled":true,"jetpack_shortlink":"https:\/\/wp.me\/PbXpxA-OD","jetpack-related-posts":[{"id":53,"url":"https:\/\/grievingmaman.com\/fr\/","url_meta":{"origin":3139,"position":0},"title":"ACCUEIL","author":"Brigitte Lehoux","date":"14 Mai 2020","format":false,"excerpt":"childloss grieving mother accident parange ange parent d'un ange perte d'un enfant","rel":"","context":"In \"Bereaved Parent\"","block_context":{"text":"Bereaved Parent","link":"https:\/\/grievingmaman.com\/fr\/tag\/bereaved-parent\/"},"img":{"alt_text":"Daughter and son on the beach Lac-des-Plages - Zacka\u00ebl Flintoff","src":"https:\/\/i0.wp.com\/grievingmaman.com\/wp-content\/uploads\/2020\/04\/cropped-img_4924.jpg?fit=512%2C512&ssl=1&resize=350%2C200","width":350,"height":200},"classes":[]},{"id":455,"url":"https:\/\/grievingmaman.com\/fr\/grief-trauma\/","url_meta":{"origin":3139,"position":1},"title":"Deuil &amp; Trauma","author":"Brigitte Lehoux","date":"19 Nov 2020","format":false,"excerpt":"Sur cette page, je partage nos exp\u00e9riences personnelles sur le deuil et le trauma. J'\u00e9cris \u00e9galement des articles sur la fa\u00e7on de soutenir une personne en deuil, prises avec des difficult\u00e9s ou ayant subi un traumatisme. Tous mes articles sont bas\u00e9s sur une exp\u00e9rience personnelle et\/ou incluent des r\u00e9f\u00e9rences \u00e0 la recherche.","rel":"","context":"In \"Accident\"","block_context":{"text":"Accident","link":"https:\/\/grievingmaman.com\/fr\/tag\/accident\/"},"img":{"alt_text":"Grieving Family - Surviving child loss after accident","src":"https:\/\/i0.wp.com\/grievingmaman.com\/wp-content\/uploads\/2021\/02\/IMG_0045-Final.jpg?fit=1200%2C857&ssl=1&resize=350%2C200","width":350,"height":200,"srcset":"https:\/\/i0.wp.com\/grievingmaman.com\/wp-content\/uploads\/2021\/02\/IMG_0045-Final.jpg?fit=1200%2C857&ssl=1&resize=350%2C200 1x, https:\/\/i0.wp.com\/grievingmaman.com\/wp-content\/uploads\/2021\/02\/IMG_0045-Final.jpg?fit=1200%2C857&ssl=1&resize=525%2C300 1.5x, https:\/\/i0.wp.com\/grievingmaman.com\/wp-content\/uploads\/2021\/02\/IMG_0045-Final.jpg?fit=1200%2C857&ssl=1&resize=700%2C400 2x, https:\/\/i0.wp.com\/grievingmaman.com\/wp-content\/uploads\/2021\/02\/IMG_0045-Final.jpg?fit=1200%2C857&ssl=1&resize=1050%2C600 3x"},"classes":[]}],"amp_enabled":true,"_links":{"self":[{"href":"https:\/\/grievingmaman.com\/fr\/wp-json\/wp\/v2\/pages\/3139","targetHints":{"allow":["GET"]}}],"collection":[{"href":"https:\/\/grievingmaman.com\/fr\/wp-json\/wp\/v2\/pages"}],"about":[{"href":"https:\/\/grievingmaman.com\/fr\/wp-json\/wp\/v2\/types\/page"}],"author":[{"embeddable":true,"href":"https:\/\/grievingmaman.com\/fr\/wp-json\/wp\/v2\/users\/185178740"}],"replies":[{"embeddable":true,"href":"https:\/\/grievingmaman.com\/fr\/wp-json\/wp\/v2\/comments?post=3139"}],"version-history":[{"count":7,"href":"https:\/\/grievingmaman.com\/fr\/wp-json\/wp\/v2\/pages\/3139\/revisions"}],"predecessor-version":[{"id":5009,"href":"https:\/\/grievingmaman.com\/fr\/wp-json\/wp\/v2\/pages\/3139\/revisions\/5009"}],"wp:featuredmedia":[{"embeddable":true,"href":"https:\/\/grievingmaman.com\/fr\/wp-json\/wp\/v2\/media\/1059"}],"wp:attachment":[{"href":"https:\/\/grievingmaman.com\/fr\/wp-json\/wp\/v2\/media?parent=3139"}],"wp:term":[{"taxonomy":"category","embeddable":true,"href":"https:\/\/grievingmaman.com\/fr\/wp-json\/wp\/v2\/categories?post=3139"},{"taxonomy":"post_tag","embeddable":true,"href":"https:\/\/grievingmaman.com\/fr\/wp-json\/wp\/v2\/tags?post=3139"}],"curies":[{"name":"wp","href":"https:\/\/api.w.org\/{rel}","templated":true}]}}