{"id":3307,"date":"2021-10-22T15:03:57","date_gmt":"2021-10-22T19:03:57","guid":{"rendered":"https:\/\/grievingmaman.com\/?page_id=3307"},"modified":"2022-05-03T22:36:44","modified_gmt":"2022-05-04T02:36:44","slug":"adelie","status":"publish","type":"page","link":"https:\/\/grievingmaman.com\/fr\/adelie\/","title":{"rendered":"Ad\u00e9lie"},"content":{"rendered":"<p class=\"has-normal-font-size wp-block-paragraph\">Sur cette page, je partage le r\u00e9tablissement d'Ad\u00e9lie et les informations au sujet de son traumatisme cr\u00e2nien s\u00e9v\u00e8re. <\/p>\n\n\n\n<div class=\"wp-block-jetpack-tiled-gallery aligncenter is-style-rectangular\"><div class=\"tiled-gallery__gallery\"><div class=\"tiled-gallery__row\"><div class=\"tiled-gallery__col\" style=\"flex-basis:50.12196%\"><figure class=\"tiled-gallery__item\"><img decoding=\"async\" data-attachment-id=\"3319\" data-permalink=\"https:\/\/grievingmaman.com\/fr\/adelie\/dsc_9939-edited-final-1\/\" data-orig-file=\"https:\/\/i0.wp.com\/grievingmaman.com\/wp-content\/uploads\/DSC_9939-edited-final-1.jpg?fit=5568%2C3712&amp;ssl=1\" data-orig-size=\"5568,3712\" data-comments-opened=\"1\" data-image-meta=\"{&quot;aperture&quot;:&quot;3.5&quot;,&quot;credit&quot;:&quot;&quot;,&quot;camera&quot;:&quot;NIKON D5&quot;,&quot;caption&quot;:&quot;&quot;,&quot;created_timestamp&quot;:&quot;1628172731&quot;,&quot;copyright&quot;:&quot;&quot;,&quot;focal_length&quot;:&quot;48&quot;,&quot;iso&quot;:&quot;250&quot;,&quot;shutter_speed&quot;:&quot;0.004&quot;,&quot;title&quot;:&quot;&quot;,&quot;orientation&quot;:&quot;1&quot;}\" data-image-title=\"Anzas Photography Orl\u00e9ans &amp;#8211; Callista gown Anna Triant Couture\" data-image-description=\"&lt;p&gt;Anzas Photography Orl\u00e9ans &amp;#8211; Callista gown Anna Triant Couture&lt;\/p&gt;\" data-image-caption=\"\" data-large-file=\"https:\/\/i0.wp.com\/grievingmaman.com\/wp-content\/uploads\/DSC_9939-edited-final-1.jpg?fit=1024%2C683&amp;ssl=1\" role=\"button\" tabindex=\"0\" aria-label=\"Open image 1 of 3 in full-screen\" srcset=\"https:\/\/i2.wp.com\/grievingmaman.com\/wp-content\/uploads\/DSC_9939-edited-final-1-1024x683.jpg?strip=info&#038;w=600&#038;ssl=1 600w,https:\/\/i2.wp.com\/grievingmaman.com\/wp-content\/uploads\/DSC_9939-edited-final-1-1024x683.jpg?strip=info&#038;w=900&#038;ssl=1 900w,https:\/\/i2.wp.com\/grievingmaman.com\/wp-content\/uploads\/DSC_9939-edited-final-1-1024x683.jpg?strip=info&#038;w=1200&#038;ssl=1 1200w,https:\/\/i2.wp.com\/grievingmaman.com\/wp-content\/uploads\/DSC_9939-edited-final-1-1024x683.jpg?strip=info&#038;w=1500&#038;ssl=1 1500w,https:\/\/i2.wp.com\/grievingmaman.com\/wp-content\/uploads\/DSC_9939-edited-final-1-1024x683.jpg?strip=info&#038;w=1800&#038;ssl=1 1800w,https:\/\/i2.wp.com\/grievingmaman.com\/wp-content\/uploads\/DSC_9939-edited-final-1-1024x683.jpg?strip=info&#038;w=2000&#038;ssl=1 2000w\" alt=\"Anzas Photography Orl\u00e9ans - Callista gown Anna Triant Couture\" data-height=\"3712\" data-id=\"3319\" data-link=\"https:\/\/grievingmaman.com\/adelie\/dsc_9939-edited-final-1\/\" data-url=\"https:\/\/grievingmaman.com\/wp-content\/uploads\/DSC_9939-edited-final-1-1024x683.jpg\" data-width=\"5568\" src=\"https:\/\/i2.wp.com\/grievingmaman.com\/wp-content\/uploads\/DSC_9939-edited-final-1-1024x683.jpg?ssl=1\" data-amp-layout=\"responsive\"\/><\/figure><figure class=\"tiled-gallery__item\"><img decoding=\"async\" data-attachment-id=\"3326\" data-permalink=\"https:\/\/grievingmaman.com\/fr\/adelie\/dsc_0024-final_edited-4\/\" data-orig-file=\"https:\/\/i0.wp.com\/grievingmaman.com\/wp-content\/uploads\/DSC_0024-final_edited-4.jpg?fit=4535%2C3411&amp;ssl=1\" data-orig-size=\"4535,3411\" data-comments-opened=\"1\" data-image-meta=\"{&quot;aperture&quot;:&quot;3.5&quot;,&quot;credit&quot;:&quot;&quot;,&quot;camera&quot;:&quot;NIKON D5&quot;,&quot;caption&quot;:&quot;&quot;,&quot;created_timestamp&quot;:&quot;1628173104&quot;,&quot;copyright&quot;:&quot;&quot;,&quot;focal_length&quot;:&quot;38&quot;,&quot;iso&quot;:&quot;200&quot;,&quot;shutter_speed&quot;:&quot;0.004&quot;,&quot;title&quot;:&quot;&quot;,&quot;orientation&quot;:&quot;1&quot;}\" data-image-title=\"DSC_0024-final_edited-4\" data-image-description=\"\" data-image-caption=\"\" data-large-file=\"https:\/\/i0.wp.com\/grievingmaman.com\/wp-content\/uploads\/DSC_0024-final_edited-4.jpg?fit=1024%2C770&amp;ssl=1\" role=\"button\" tabindex=\"0\" aria-label=\"Open image 2 of 3 in full-screen\" srcset=\"https:\/\/i0.wp.com\/grievingmaman.com\/wp-content\/uploads\/DSC_0024-final_edited-4-1024x770.jpg?strip=info&#038;w=600&#038;ssl=1 600w,https:\/\/i0.wp.com\/grievingmaman.com\/wp-content\/uploads\/DSC_0024-final_edited-4-1024x770.jpg?strip=info&#038;w=900&#038;ssl=1 900w,https:\/\/i0.wp.com\/grievingmaman.com\/wp-content\/uploads\/DSC_0024-final_edited-4-1024x770.jpg?strip=info&#038;w=1200&#038;ssl=1 1200w,https:\/\/i0.wp.com\/grievingmaman.com\/wp-content\/uploads\/DSC_0024-final_edited-4-1024x770.jpg?strip=info&#038;w=1500&#038;ssl=1 1500w,https:\/\/i0.wp.com\/grievingmaman.com\/wp-content\/uploads\/DSC_0024-final_edited-4-1024x770.jpg?strip=info&#038;w=1800&#038;ssl=1 1800w,https:\/\/i0.wp.com\/grievingmaman.com\/wp-content\/uploads\/DSC_0024-final_edited-4-1024x770.jpg?strip=info&#038;w=2000&#038;ssl=1 2000w\" alt=\"\" data-height=\"3411\" data-id=\"3326\" data-link=\"https:\/\/grievingmaman.com\/adelie\/dsc_0024-final_edited-4\/\" data-url=\"https:\/\/grievingmaman.com\/wp-content\/uploads\/DSC_0024-final_edited-4-1024x770.jpg\" data-width=\"4535\" src=\"https:\/\/i0.wp.com\/grievingmaman.com\/wp-content\/uploads\/DSC_0024-final_edited-4-1024x770.jpg?ssl=1\" data-amp-layout=\"responsive\"\/><\/figure><\/div><div class=\"tiled-gallery__col\" style=\"flex-basis:49.87804%\"><figure class=\"tiled-gallery__item\"><img decoding=\"async\" data-attachment-id=\"3321\" data-permalink=\"https:\/\/grievingmaman.com\/fr\/adelie\/dsc_9993-final-3-copy-1\/\" data-orig-file=\"https:\/\/i0.wp.com\/grievingmaman.com\/wp-content\/uploads\/DSC_9993-final-3-Copy-1.jpg?fit=3611%2C5192&amp;ssl=1\" data-orig-size=\"3611,5192\" data-comments-opened=\"1\" data-image-meta=\"{&quot;aperture&quot;:&quot;3.5&quot;,&quot;credit&quot;:&quot;&quot;,&quot;camera&quot;:&quot;NIKON D5&quot;,&quot;caption&quot;:&quot;&quot;,&quot;created_timestamp&quot;:&quot;1628172875&quot;,&quot;copyright&quot;:&quot;&quot;,&quot;focal_length&quot;:&quot;32&quot;,&quot;iso&quot;:&quot;200&quot;,&quot;shutter_speed&quot;:&quot;0.004&quot;,&quot;title&quot;:&quot;&quot;,&quot;orientation&quot;:&quot;1&quot;}\" data-image-title=\"Anzas Photography Orl\u00e9ans &amp;#8211; Callista gown Anna Triant Couture\" data-image-description=\"&lt;p&gt;Anzas Photography Orl\u00e9ans &amp;#8211; Callista gown Anna Triant Couture&lt;\/p&gt;\" data-image-caption=\"\" data-large-file=\"https:\/\/i0.wp.com\/grievingmaman.com\/wp-content\/uploads\/DSC_9993-final-3-Copy-1.jpg?fit=712%2C1024&amp;ssl=1\" role=\"button\" tabindex=\"0\" aria-label=\"Open image 3 of 3 in full-screen\" srcset=\"https:\/\/i1.wp.com\/grievingmaman.com\/wp-content\/uploads\/DSC_9993-final-3-Copy-1-712x1024.jpg?strip=info&#038;w=600&#038;ssl=1 600w,https:\/\/i1.wp.com\/grievingmaman.com\/wp-content\/uploads\/DSC_9993-final-3-Copy-1-712x1024.jpg?strip=info&#038;w=900&#038;ssl=1 900w,https:\/\/i1.wp.com\/grievingmaman.com\/wp-content\/uploads\/DSC_9993-final-3-Copy-1-712x1024.jpg?strip=info&#038;w=1200&#038;ssl=1 1200w,https:\/\/i1.wp.com\/grievingmaman.com\/wp-content\/uploads\/DSC_9993-final-3-Copy-1-712x1024.jpg?strip=info&#038;w=1500&#038;ssl=1 1500w,https:\/\/i1.wp.com\/grievingmaman.com\/wp-content\/uploads\/DSC_9993-final-3-Copy-1-712x1024.jpg?strip=info&#038;w=1800&#038;ssl=1 1800w,https:\/\/i1.wp.com\/grievingmaman.com\/wp-content\/uploads\/DSC_9993-final-3-Copy-1-712x1024.jpg?strip=info&#038;w=2000&#038;ssl=1 2000w\" alt=\"Anzas Photography Orl\u00e9ans - Callista gown Anna Triant Couture\" data-height=\"5192\" data-id=\"3321\" data-link=\"https:\/\/grievingmaman.com\/adelie\/dsc_9993-final-3-copy-1\/\" data-url=\"https:\/\/grievingmaman.com\/wp-content\/uploads\/DSC_9993-final-3-Copy-1-712x1024.jpg\" data-width=\"3611\" src=\"https:\/\/i1.wp.com\/grievingmaman.com\/wp-content\/uploads\/DSC_9993-final-3-Copy-1-712x1024.jpg?ssl=1\" data-amp-layout=\"responsive\"\/><\/figure><\/div><\/div><\/div><\/div>\n\n\n\n<div class=\"wp-block-group alignwide is-layout-flow wp-block-group-is-layout-flow\"><\/div>\n\n\n\n<hr class=\"wp-block-separator has-css-opacity is-style-wide\"\/>\n\n\n\n<h2 class=\"has-text-align-center has-medium-font-size wp-block-heading\" id=\"latest-posts-related-to-adelie\"><span style=\"text-decoration: underline;\">Derni\u00e8res publications au sujet d'Ad\u00e9lie<\/span> <\/h2>\n\n\n\n<p class=\"has-text-align-center has-text-color wp-block-paragraph\" style=\"color:#353b3c;font-size:17px\"><mark style=\"background-color:rgba(0, 0, 0, 0)\" class=\"has-inline-color has-cyan-bluish-gray-color\"><strong><em>Cliquez sur le titre de la publication ci-dessous pour voir la version int\u00e9grale de la publication (avec photos)<\/em><\/strong><\/mark><\/p>\n\n\n\t<div\n\t\tclass=\"wp-block-newspack-blocks-homepage-articles is-style-borders wpnbha is-grid columns-3 colgap-3 show-image image-aligntop ts-4 is-3 is-uncropped is-style-borders has-text-align-left\"\n\t\tstyle=\"\"\n\t\t>\n\t\t\t\t\t<style id=\"newspack-blocks-inline-css\" type=\"text\/css\">\t\t.wp-block-newspack-blocks-homepage-articles article .entry-title {\n\t\t\tfont-size: 1.2em;\n\t\t}\n\t\t.wp-block-newspack-blocks-homepage-articles .entry-meta {\n\t\t\tdisplay: flex;\n\t\t\tflex-wrap: wrap;\n\t\t\talign-items: center;\n\t\t\tmargin-top: 0.5em;\n\t\t}\n\t\t.wp-block-newspack-blocks-homepage-articles article .entry-meta {\n\t\t\tfont-size: 0.8em;\n\t\t}\n\t\t.wp-block-newspack-blocks-homepage-articles article .avatar {\n\t\t\theight: 25px;\n\t\t\twidth: 25px;\n\t\t}\n\t\t.wp-block-newspack-blocks-homepage-articles .post-thumbnail{\n\t\t\tmargin: 0;\n\t\t\tmargin-bottom: 0.25em;\n\t\t}\n\t\t.wp-block-newspack-blocks-homepage-articles .post-thumbnail img {\n\t\t\theight: auto;\n\t\t\twidth: 100%;\n\t\t}\n\t\t.wp-block-newspack-blocks-homepage-articles .post-thumbnail figcaption {\n\t\t\tmargin-bottom: 0.5em;\n\t\t}\n\t\t.wp-block-newspack-blocks-homepage-articles p {\n\t\t\tmargin: 0.5em 0;\n\t\t}\n\n\t\t\t<\/style>\n\t\t\t\t<div data-posts data-current-post-id=\"3307\">\n\t\t\t\t\t\t\n\t<article data-post-id=\"7767\"\n\t\tclass=\"tag-accident tag-adelie tag-brain tag-facebook tag-home tag-injury tag-language tag-left tag-perseverance tag-reel tag-resilience tag-side tag-speech tag-speech-therapy tag-tbi tag-therapy tag-trauma category-adelie type-post post-has-image\"\n\t\t\t\t>\n\t\t\t\t\t\t\t<figure class=\"post-thumbnail\">\n\t\t\t\t\t\t\t\t<a href=\"https:\/\/grievingmaman.com\/fr\/2023\/04\/20\/orthophonie-apres-traumatisme-cranien-tcc\/\" rel=\"bookmark\" tabindex=\"-1\" aria-hidden=\"true\">\n\t\t\t\t\t\t\t\t\t\t\t\t<img fetchpriority=\"high\" decoding=\"async\" width=\"503\" height=\"865\" src=\"https:\/\/i0.wp.com\/grievingmaman.com\/wp-content\/uploads\/Reel-Adelie-Speech-Therapy-orthophonie.jpg?fit=503%2C865&amp;ssl=1\" class=\"attachment-newspack-article-block-uncropped size-newspack-article-block-uncropped wp-post-image\" alt=\"Orthophonie continue apr\u00e8s TCC\" data-hero-candidate=\"1\" srcset=\"https:\/\/i0.wp.com\/grievingmaman.com\/wp-content\/uploads\/Reel-Adelie-Speech-Therapy-orthophonie.jpg?w=503&amp;ssl=1 503w, https:\/\/i0.wp.com\/grievingmaman.com\/wp-content\/uploads\/Reel-Adelie-Speech-Therapy-orthophonie.jpg?resize=174%2C300&amp;ssl=1 174w, https:\/\/i0.wp.com\/grievingmaman.com\/wp-content\/uploads\/Reel-Adelie-Speech-Therapy-orthophonie.jpg?resize=7%2C12&amp;ssl=1 7w\" sizes=\"(max-width: 503px) 100vw, 503px\" data-attachment-id=\"7777\" data-permalink=\"https:\/\/grievingmaman.com\/fr\/2023\/04\/20\/orthophonie-apres-traumatisme-cranien-tcc\/reel-adelie-speech-therapy-orthophonie\/\" data-orig-file=\"https:\/\/i0.wp.com\/grievingmaman.com\/wp-content\/uploads\/Reel-Adelie-Speech-Therapy-orthophonie.jpg?fit=503%2C865&amp;ssl=1\" data-orig-size=\"503,865\" data-comments-opened=\"1\" data-image-meta=\"{&quot;aperture&quot;:&quot;0&quot;,&quot;credit&quot;:&quot;&quot;,&quot;camera&quot;:&quot;&quot;,&quot;caption&quot;:&quot;&quot;,&quot;created_timestamp&quot;:&quot;0&quot;,&quot;copyright&quot;:&quot;&quot;,&quot;focal_length&quot;:&quot;0&quot;,&quot;iso&quot;:&quot;0&quot;,&quot;shutter_speed&quot;:&quot;0&quot;,&quot;title&quot;:&quot;&quot;,&quot;orientation&quot;:&quot;0&quot;}\" data-image-title=\"Reel-Adelie-Speech-Therapy-orthophonie\" data-image-description=\"&lt;p&gt;Ad\u00e9lie Flintoff Reel Ongoing Speech Therapy at Home to practice her language after Traumatic Brain Injury (TBI)&lt;\/p&gt;\" data-image-caption=\"\" data-large-file=\"https:\/\/i0.wp.com\/grievingmaman.com\/wp-content\/uploads\/Reel-Adelie-Speech-Therapy-orthophonie.jpg?fit=503%2C865&amp;ssl=1\" \/>\t\t\t\t\t\t\t\t\t\t\t\t<\/a>\n\t\t\t\t\n\t\t\t\t\t\t\t<\/figure><!-- .featured-image -->\n\t\t\n\t\t<div class=\"entry-wrapper\">\n\t\t\t<h2 class=\"entry-title\"><a href=\"https:\/\/grievingmaman.com\/fr\/2023\/04\/20\/orthophonie-apres-traumatisme-cranien-tcc\/\" rel=\"bookmark\">Orthophonie continue apr\u00e8s TCC<\/a><\/h2>\t\t\t\t\t\t<p>Je parle de l'impact d'un traumatisme cr\u00e2nien (TCC) sur le c\u00f4t\u00e9 gauche du cerveau. La publication comprend \u00e9galement un lien vers un Reel (vid\u00e9o) dans laquelle Ad\u00e9lie s'exerce \u00e0 la prononciation d'un mot. <\/p>\n\t\t\t\t<div class=\"entry-meta\">\n\t\t\t\t\t\t\t\t\t\t\t<span class=\"byline\">\n\t\t\t\t\t\t\t<span class=\"author-prefix\">par<\/span> <span class=\"author vcard\"><a class=\"url fn n\" href=\"https:\/\/grievingmaman.com\/fr\/author\/grievingmaman\/\">Brigitte Lehoux<\/a><\/span>\t\t\t\t\t\t<\/span><!-- .author-name -->\n\t\t\t\t\t\t<time class=\"entry-date published\" datetime=\"2023-04-20T18:47:20-04:00\">20 Avr 2023<\/time><time class=\"updated\" datetime=\"2023-04-20T20:14:07-04:00\">20 Avr 2023<\/time>\t\t\t\t<\/div><!-- .entry-meta -->\n\t\t\t\t\t<\/div><!-- .entry-wrapper -->\n\t<\/article>\n\n\t\t\n\t<article data-post-id=\"5416\"\n\t\tclass=\"tag-accident tag-adelie tag-commemoration tag-hearst tag-memories tag-ottawa tag-senators tag-slideshow tag-video tag-zackael category-adelie category-zackael type-post post-has-image\"\n\t\t\t\t>\n\t\t\t\t\t\t\t<figure class=\"post-thumbnail\">\n\t\t\t\t\t\t\t\t<a href=\"https:\/\/grievingmaman.com\/fr\/2022\/10\/14\/il-sera-toujours-un-fan-des-senateurs\/\" rel=\"bookmark\" tabindex=\"-1\" aria-hidden=\"true\">\n\t\t\t\t\t\t\t\t\t\t\t\t<img decoding=\"async\" width=\"1200\" height=\"675\" src=\"https:\/\/i0.wp.com\/grievingmaman.com\/wp-content\/uploads\/Ottawa-Senators-Claude-Giroux-Brady-Tkachuk-Thomas-Chabot-captain-and-assitant-captains-2022.jpg?fit=1200%2C675&amp;ssl=1\" class=\"attachment-newspack-article-block-uncropped size-newspack-article-block-uncropped wp-post-image\" alt=\"Il sera toujours un fan des S\u00e9nateurs\" data-hero-candidate=\"1\" srcset=\"https:\/\/i0.wp.com\/grievingmaman.com\/wp-content\/uploads\/Ottawa-Senators-Claude-Giroux-Brady-Tkachuk-Thomas-Chabot-captain-and-assitant-captains-2022.jpg?w=4096&amp;ssl=1 4096w, https:\/\/i0.wp.com\/grievingmaman.com\/wp-content\/uploads\/Ottawa-Senators-Claude-Giroux-Brady-Tkachuk-Thomas-Chabot-captain-and-assitant-captains-2022.jpg?resize=300%2C169&amp;ssl=1 300w, https:\/\/i0.wp.com\/grievingmaman.com\/wp-content\/uploads\/Ottawa-Senators-Claude-Giroux-Brady-Tkachuk-Thomas-Chabot-captain-and-assitant-captains-2022.jpg?resize=1024%2C576&amp;ssl=1 1024w, https:\/\/i0.wp.com\/grievingmaman.com\/wp-content\/uploads\/Ottawa-Senators-Claude-Giroux-Brady-Tkachuk-Thomas-Chabot-captain-and-assitant-captains-2022.jpg?resize=768%2C432&amp;ssl=1 768w, https:\/\/i0.wp.com\/grievingmaman.com\/wp-content\/uploads\/Ottawa-Senators-Claude-Giroux-Brady-Tkachuk-Thomas-Chabot-captain-and-assitant-captains-2022.jpg?resize=1536%2C864&amp;ssl=1 1536w, https:\/\/i0.wp.com\/grievingmaman.com\/wp-content\/uploads\/Ottawa-Senators-Claude-Giroux-Brady-Tkachuk-Thomas-Chabot-captain-and-assitant-captains-2022.jpg?resize=2048%2C1153&amp;ssl=1 2048w, https:\/\/i0.wp.com\/grievingmaman.com\/wp-content\/uploads\/Ottawa-Senators-Claude-Giroux-Brady-Tkachuk-Thomas-Chabot-captain-and-assitant-captains-2022.jpg?resize=18%2C10&amp;ssl=1 18w, https:\/\/i0.wp.com\/grievingmaman.com\/wp-content\/uploads\/Ottawa-Senators-Claude-Giroux-Brady-Tkachuk-Thomas-Chabot-captain-and-assitant-captains-2022.jpg?resize=1200%2C675&amp;ssl=1 1200w, https:\/\/i0.wp.com\/grievingmaman.com\/wp-content\/uploads\/Ottawa-Senators-Claude-Giroux-Brady-Tkachuk-Thomas-Chabot-captain-and-assitant-captains-2022.jpg?resize=1320%2C743&amp;ssl=1 1320w, https:\/\/i0.wp.com\/grievingmaman.com\/wp-content\/uploads\/Ottawa-Senators-Claude-Giroux-Brady-Tkachuk-Thomas-Chabot-captain-and-assitant-captains-2022.jpg?w=3000&amp;ssl=1 3000w\" sizes=\"(max-width: 1000px) 100vw, 1000px\" data-attachment-id=\"6954\" data-permalink=\"https:\/\/grievingmaman.com\/fr\/2022\/10\/14\/il-sera-toujours-un-fan-des-senateurs\/ottawa-senators-claude-giroux-brady-tkachuk-thomas-chabot-captain-and-assitant-captains-2022\/\" data-orig-file=\"https:\/\/i0.wp.com\/grievingmaman.com\/wp-content\/uploads\/Ottawa-Senators-Claude-Giroux-Brady-Tkachuk-Thomas-Chabot-captain-and-assitant-captains-2022.jpg?fit=4096%2C2305&amp;ssl=1\" data-orig-size=\"4096,2305\" data-comments-opened=\"1\" data-image-meta=\"{&quot;aperture&quot;:&quot;0&quot;,&quot;credit&quot;:&quot;&quot;,&quot;camera&quot;:&quot;&quot;,&quot;caption&quot;:&quot;&quot;,&quot;created_timestamp&quot;:&quot;0&quot;,&quot;copyright&quot;:&quot;&quot;,&quot;focal_length&quot;:&quot;0&quot;,&quot;iso&quot;:&quot;0&quot;,&quot;shutter_speed&quot;:&quot;0&quot;,&quot;title&quot;:&quot;&quot;,&quot;orientation&quot;:&quot;1&quot;}\" data-image-title=\"Ottawa-Senators-Claude-Giroux-Brady-Tkachuk-Thomas-Chabot-captain-and-assistant-captains-2022\" data-image-description=\"&lt;p&gt;Ottawa-Senators-Claude-Giroux-Brady-Tkachuk-Thomas-Chabot-captain-and-assistant-captains-2022&lt;\/p&gt;\" data-image-caption=\"\" data-large-file=\"https:\/\/i0.wp.com\/grievingmaman.com\/wp-content\/uploads\/Ottawa-Senators-Claude-Giroux-Brady-Tkachuk-Thomas-Chabot-captain-and-assitant-captains-2022.jpg?fit=1024%2C576&amp;ssl=1\" \/>\t\t\t\t\t\t\t\t\t\t\t\t<\/a>\n\t\t\t\t\n\t\t\t\t\t\t\t<\/figure><!-- .featured-image -->\n\t\t\n\t\t<div class=\"entry-wrapper\">\n\t\t\t<h2 class=\"entry-title\"><a href=\"https:\/\/grievingmaman.com\/fr\/2022\/10\/14\/il-sera-toujours-un-fan-des-senateurs\/\" rel=\"bookmark\">Il sera toujours un fan des S\u00e9nateurs<\/a><\/h2>\t\t\t\t\t\t<p>Je parle des avantages d'\u00eatre amateurs de sport et je partage un montage vid\u00e9os de nos moments en famille avec les S\u00e9nateurs d'Ottawa. <\/p>\n\t\t\t\t<div class=\"entry-meta\">\n\t\t\t\t\t\t\t\t\t\t\t<span class=\"byline\">\n\t\t\t\t\t\t\t<span class=\"author-prefix\">par<\/span> <span class=\"author vcard\"><a class=\"url fn n\" href=\"https:\/\/grievingmaman.com\/fr\/author\/grievingmaman\/\">Brigitte Lehoux<\/a><\/span>\t\t\t\t\t\t<\/span><!-- .author-name -->\n\t\t\t\t\t\t<time class=\"entry-date published\" datetime=\"2022-10-14T19:01:29-04:00\">14 Oct 2022<\/time><time class=\"updated\" datetime=\"2022-10-14T20:24:34-04:00\">14 Oct 2022<\/time>\t\t\t\t<\/div><!-- .entry-meta -->\n\t\t\t\t\t<\/div><!-- .entry-wrapper -->\n\t<\/article>\n\n\t\t\n\t<article data-post-id=\"6879\"\n\t\tclass=\"tag-adelie tag-facebook tag-memories tag-video category-adelie-adelie category-depression category-grief type-post post-has-image\"\n\t\t\t\t>\n\t\t\t\t\t\t\t<figure class=\"post-thumbnail\">\n\t\t\t\t\t\t\t\t<a href=\"https:\/\/grievingmaman.com\/fr\/2022\/10\/06\/mes-reels-sur-facebook\/\" rel=\"bookmark\" tabindex=\"-1\" aria-hidden=\"true\">\n\t\t\t\t\t\t\t\t\t\t\t\t<img decoding=\"async\" width=\"499\" height=\"791\" src=\"https:\/\/i0.wp.com\/grievingmaman.com\/wp-content\/uploads\/Reel-Grieving-Maman-traumatic-brain-injury-recovery-swimming-aquatic-therapy.jpg?fit=499%2C791&amp;ssl=1\" class=\"attachment-newspack-article-block-uncropped size-newspack-article-block-uncropped wp-post-image\" alt=\"Nos Reels sur Facebook\" data-hero-candidate=\"1\" srcset=\"https:\/\/i0.wp.com\/grievingmaman.com\/wp-content\/uploads\/Reel-Grieving-Maman-traumatic-brain-injury-recovery-swimming-aquatic-therapy.jpg?w=499&amp;ssl=1 499w, https:\/\/i0.wp.com\/grievingmaman.com\/wp-content\/uploads\/Reel-Grieving-Maman-traumatic-brain-injury-recovery-swimming-aquatic-therapy.jpg?resize=189%2C300&amp;ssl=1 189w, https:\/\/i0.wp.com\/grievingmaman.com\/wp-content\/uploads\/Reel-Grieving-Maman-traumatic-brain-injury-recovery-swimming-aquatic-therapy.jpg?resize=8%2C12&amp;ssl=1 8w\" sizes=\"(max-width: 499px) 100vw, 499px\" data-attachment-id=\"6902\" data-permalink=\"https:\/\/grievingmaman.com\/fr\/2022\/10\/06\/mes-reels-sur-facebook\/reel-grieving-maman-traumatic-brain-injury-recovery-swimming-aquatic-therapy\/\" data-orig-file=\"https:\/\/i0.wp.com\/grievingmaman.com\/wp-content\/uploads\/Reel-Grieving-Maman-traumatic-brain-injury-recovery-swimming-aquatic-therapy.jpg?fit=499%2C791&amp;ssl=1\" data-orig-size=\"499,791\" data-comments-opened=\"1\" data-image-meta=\"{&quot;aperture&quot;:&quot;0&quot;,&quot;credit&quot;:&quot;&quot;,&quot;camera&quot;:&quot;&quot;,&quot;caption&quot;:&quot;&quot;,&quot;created_timestamp&quot;:&quot;0&quot;,&quot;copyright&quot;:&quot;&quot;,&quot;focal_length&quot;:&quot;0&quot;,&quot;iso&quot;:&quot;0&quot;,&quot;shutter_speed&quot;:&quot;0&quot;,&quot;title&quot;:&quot;&quot;,&quot;orientation&quot;:&quot;0&quot;}\" data-image-title=\"Reel-Grieving-Maman-traumatic-brain-injury-recovery-swimming-aquatic-therapy\" data-image-description=\"&lt;p&gt;Facebook Reels-Grieving-Maman-traumatic-brain-injury-recovery-swimming-aquatic-therapy&lt;\/p&gt;\" data-image-caption=\"\" data-large-file=\"https:\/\/i0.wp.com\/grievingmaman.com\/wp-content\/uploads\/Reel-Grieving-Maman-traumatic-brain-injury-recovery-swimming-aquatic-therapy.jpg?fit=499%2C791&amp;ssl=1\" \/>\t\t\t\t\t\t\t\t\t\t\t\t<\/a>\n\t\t\t\t\n\t\t\t\t\t\t\t<\/figure><!-- .featured-image -->\n\t\t\n\t\t<div class=\"entry-wrapper\">\n\t\t\t<h2 class=\"entry-title\"><a href=\"https:\/\/grievingmaman.com\/fr\/2022\/10\/06\/mes-reels-sur-facebook\/\" rel=\"bookmark\">Nos Reels sur Facebook<\/a><\/h2>\t\t\t\t\t\t<p>Je parle des Reels que je publie sur les r\u00e9seaux sociaux, y compris sur la fa\u00e7on de nous suivre sur Facebook pour voir les nouveaux Reels! <\/p>\n\t\t\t\t<div class=\"entry-meta\">\n\t\t\t\t\t\t\t\t\t\t\t<span class=\"byline\">\n\t\t\t\t\t\t\t<span class=\"author-prefix\">par<\/span> <span class=\"author vcard\"><a class=\"url fn n\" href=\"https:\/\/grievingmaman.com\/fr\/author\/grievingmaman\/\">Brigitte Lehoux<\/a><\/span>\t\t\t\t\t\t<\/span><!-- .author-name -->\n\t\t\t\t\t\t<time class=\"entry-date published\" datetime=\"2022-10-06T13:48:03-04:00\">6 Oct 2022<\/time><time class=\"updated\" datetime=\"2022-10-06T16:37:59-04:00\">6 Oct 2022<\/time>\t\t\t\t<\/div><!-- .entry-meta -->\n\t\t\t\t\t<\/div><!-- .entry-wrapper -->\n\t<\/article>\n\n\t\t\n\t<article data-post-id=\"3847\"\n\t\tclass=\"tag-adelie tag-cheo tag-ottawa tag-school tag-special-needs-child tag-speech tag-therapy category-adelie type-post post-has-image\"\n\t\t\t\t>\n\t\t\t\t\t\t\t<figure class=\"post-thumbnail\">\n\t\t\t\t\t\t\t\t<a href=\"https:\/\/grievingmaman.com\/fr\/2022\/03\/09\/ecole-cheo-pour-adelie\/\" rel=\"bookmark\" tabindex=\"-1\" aria-hidden=\"true\">\n\t\t\t\t\t\t\t\t\t\t\t\t<img loading=\"lazy\" decoding=\"async\" width=\"1200\" height=\"1800\" src=\"https:\/\/i0.wp.com\/grievingmaman.com\/wp-content\/uploads\/E1-167-2057-W474-Final.jpg?fit=1200%2C1800&amp;ssl=1\" class=\"attachment-newspack-article-block-uncropped size-newspack-article-block-uncropped wp-post-image\" alt=\"Une nouvelle \u00e9cole pour Ad\u00e9lie : L&#039;\u00e9cole CHEO!\" data-hero-candidate=\"1\" srcset=\"https:\/\/i0.wp.com\/grievingmaman.com\/wp-content\/uploads\/E1-167-2057-W474-Final.jpg?w=2880&amp;ssl=1 2880w, https:\/\/i0.wp.com\/grievingmaman.com\/wp-content\/uploads\/E1-167-2057-W474-Final.jpg?resize=200%2C300&amp;ssl=1 200w, https:\/\/i0.wp.com\/grievingmaman.com\/wp-content\/uploads\/E1-167-2057-W474-Final.jpg?resize=683%2C1024&amp;ssl=1 683w, https:\/\/i0.wp.com\/grievingmaman.com\/wp-content\/uploads\/E1-167-2057-W474-Final.jpg?resize=768%2C1152&amp;ssl=1 768w, https:\/\/i0.wp.com\/grievingmaman.com\/wp-content\/uploads\/E1-167-2057-W474-Final.jpg?resize=1024%2C1536&amp;ssl=1 1024w, https:\/\/i0.wp.com\/grievingmaman.com\/wp-content\/uploads\/E1-167-2057-W474-Final.jpg?resize=1365%2C2048&amp;ssl=1 1365w, https:\/\/i0.wp.com\/grievingmaman.com\/wp-content\/uploads\/E1-167-2057-W474-Final.jpg?resize=8%2C12&amp;ssl=1 8w, https:\/\/i0.wp.com\/grievingmaman.com\/wp-content\/uploads\/E1-167-2057-W474-Final.jpg?resize=1200%2C1800&amp;ssl=1 1200w, https:\/\/i0.wp.com\/grievingmaman.com\/wp-content\/uploads\/E1-167-2057-W474-Final.jpg?resize=720%2C1080&amp;ssl=1 720w, https:\/\/i0.wp.com\/grievingmaman.com\/wp-content\/uploads\/E1-167-2057-W474-Final.jpg?resize=1320%2C1980&amp;ssl=1 1320w, https:\/\/i0.wp.com\/grievingmaman.com\/wp-content\/uploads\/E1-167-2057-W474-Final.jpg?w=2000&amp;ssl=1 2000w\" sizes=\"(max-width: 1000px) 100vw, 1000px\" data-attachment-id=\"3852\" data-permalink=\"https:\/\/grievingmaman.com\/fr\/2022\/03\/09\/ecole-cheo-pour-adelie\/e1-167-2057-w474-final\/\" data-orig-file=\"https:\/\/i0.wp.com\/grievingmaman.com\/wp-content\/uploads\/E1-167-2057-W474-Final.jpg?fit=2880%2C4320&amp;ssl=1\" data-orig-size=\"2880,4320\" data-comments-opened=\"1\" data-image-meta=\"{&quot;aperture&quot;:&quot;0&quot;,&quot;credit&quot;:&quot;&quot;,&quot;camera&quot;:&quot;&quot;,&quot;caption&quot;:&quot;&quot;,&quot;created_timestamp&quot;:&quot;0&quot;,&quot;copyright&quot;:&quot;&quot;,&quot;focal_length&quot;:&quot;0&quot;,&quot;iso&quot;:&quot;0&quot;,&quot;shutter_speed&quot;:&quot;0&quot;,&quot;title&quot;:&quot;&quot;,&quot;orientation&quot;:&quot;1&quot;}\" data-image-title=\"Ad\u00e9lie Flintoff \u00c9cole Le Pr\u00e9lude &amp;#8211; CHEO School\" data-image-description=\"&lt;p&gt;Ad\u00e9lie Flintoff \u00c9cole Le Pr\u00e9lude &amp;#8211; CHEO School&lt;\/p&gt;\" data-image-caption=\"\" data-large-file=\"https:\/\/i0.wp.com\/grievingmaman.com\/wp-content\/uploads\/E1-167-2057-W474-Final.jpg?fit=683%2C1024&amp;ssl=1\" \/>\t\t\t\t\t\t\t\t\t\t\t\t<\/a>\n\t\t\t\t\n\t\t\t\t\t\t\t<\/figure><!-- .featured-image -->\n\t\t\n\t\t<div class=\"entry-wrapper\">\n\t\t\t<h2 class=\"entry-title\"><a href=\"https:\/\/grievingmaman.com\/fr\/2022\/03\/09\/ecole-cheo-pour-adelie\/\" rel=\"bookmark\">Une nouvelle \u00e9cole pour Ad\u00e9lie : L'\u00e9cole CHEO!<\/a><\/h2>\t\t\t\t\t\t<p>Je fais le point sur Ad\u00e9lie et les raisons pour lesquelles elle a chang\u00e9 d'\u00e9cole; pour l'\u00e9cole CHEO.<\/p>\n\t\t\t\t<div class=\"entry-meta\">\n\t\t\t\t\t\t\t\t\t\t\t<span class=\"byline\">\n\t\t\t\t\t\t\t<span class=\"author-prefix\">par<\/span> <span class=\"author vcard\"><a class=\"url fn n\" href=\"https:\/\/grievingmaman.com\/fr\/author\/grievingmaman\/\">Brigitte Lehoux<\/a><\/span>\t\t\t\t\t\t<\/span><!-- .author-name -->\n\t\t\t\t\t\t<time class=\"entry-date published\" datetime=\"2022-03-09T16:55:53-05:00\">9 Mar 2022<\/time><time class=\"updated\" datetime=\"2022-04-15T14:09:53-04:00\">15 Avr 2022<\/time>\t\t\t\t<\/div><!-- .entry-meta -->\n\t\t\t\t\t<\/div><!-- .entry-wrapper -->\n\t<\/article>\n\n\t\t\n\t<article data-post-id=\"3588\"\n\t\tclass=\"tag-accident tag-adelie tag-cheo tag-health tag-hospital tag-physiotherapie tag-tbi tag-video category-adelie type-post post-has-image\"\n\t\t\t\t>\n\t\t\t\t\t\t\t<figure class=\"post-thumbnail\">\n\t\t\t\t\t\t\t\t<a href=\"https:\/\/grievingmaman.com\/fr\/2022\/01\/12\/adelie-flintoff-cheminement-diaporama-retablissement-blessure-cheo\/\" rel=\"bookmark\" tabindex=\"-1\" aria-hidden=\"true\">\n\t\t\t\t\t\t\t\t\t\t\t\t<img loading=\"lazy\" decoding=\"async\" width=\"1200\" height=\"677\" src=\"https:\/\/i0.wp.com\/grievingmaman.com\/wp-content\/uploads\/Adelie-Flintoff-journey-after-TBI.jpg?fit=1200%2C677&amp;ssl=1\" class=\"attachment-newspack-article-block-uncropped size-newspack-article-block-uncropped wp-post-image\" alt=\"Ad\u00e9lie&#8217;s Hard-Fought Journey to Recovery (with Slideshow!)\" data-hero-candidate=\"1\" srcset=\"https:\/\/i0.wp.com\/grievingmaman.com\/wp-content\/uploads\/Adelie-Flintoff-journey-after-TBI.jpg?w=1255&amp;ssl=1 1255w, https:\/\/i0.wp.com\/grievingmaman.com\/wp-content\/uploads\/Adelie-Flintoff-journey-after-TBI.jpg?resize=300%2C169&amp;ssl=1 300w, https:\/\/i0.wp.com\/grievingmaman.com\/wp-content\/uploads\/Adelie-Flintoff-journey-after-TBI.jpg?resize=1024%2C578&amp;ssl=1 1024w, https:\/\/i0.wp.com\/grievingmaman.com\/wp-content\/uploads\/Adelie-Flintoff-journey-after-TBI.jpg?resize=768%2C433&amp;ssl=1 768w, https:\/\/i0.wp.com\/grievingmaman.com\/wp-content\/uploads\/Adelie-Flintoff-journey-after-TBI.jpg?resize=18%2C10&amp;ssl=1 18w, https:\/\/i0.wp.com\/grievingmaman.com\/wp-content\/uploads\/Adelie-Flintoff-journey-after-TBI.jpg?resize=1200%2C677&amp;ssl=1 1200w, https:\/\/i0.wp.com\/grievingmaman.com\/wp-content\/uploads\/Adelie-Flintoff-journey-after-TBI.jpg?resize=720%2C406&amp;ssl=1 720w\" sizes=\"(max-width: 1000px) 100vw, 1000px\" data-attachment-id=\"3594\" data-permalink=\"https:\/\/grievingmaman.com\/fr\/2022\/01\/12\/adelie-flintoff-cheminement-diaporama-retablissement-blessure-cheo\/adelie-flintoff-journey-after-tbi\/\" data-orig-file=\"https:\/\/i0.wp.com\/grievingmaman.com\/wp-content\/uploads\/Adelie-Flintoff-journey-after-TBI.jpg?fit=1255%2C708&amp;ssl=1\" data-orig-size=\"1255,708\" data-comments-opened=\"1\" data-image-meta=\"{&quot;aperture&quot;:&quot;0&quot;,&quot;credit&quot;:&quot;&quot;,&quot;camera&quot;:&quot;&quot;,&quot;caption&quot;:&quot;&quot;,&quot;created_timestamp&quot;:&quot;0&quot;,&quot;copyright&quot;:&quot;&quot;,&quot;focal_length&quot;:&quot;0&quot;,&quot;iso&quot;:&quot;0&quot;,&quot;shutter_speed&quot;:&quot;0&quot;,&quot;title&quot;:&quot;&quot;,&quot;orientation&quot;:&quot;1&quot;}\" data-image-title=\"Adelie-Flintoff-journey-after-TBI\" data-image-description=\"\" data-image-caption=\"\" data-large-file=\"https:\/\/i0.wp.com\/grievingmaman.com\/wp-content\/uploads\/Adelie-Flintoff-journey-after-TBI.jpg?fit=1024%2C578&amp;ssl=1\" \/>\t\t\t\t\t\t\t\t\t\t\t\t<\/a>\n\t\t\t\t\n\t\t\t\t\t\t\t<\/figure><!-- .featured-image -->\n\t\t\n\t\t<div class=\"entry-wrapper\">\n\t\t\t<h2 class=\"entry-title\"><a href=\"https:\/\/grievingmaman.com\/fr\/2022\/01\/12\/adelie-flintoff-cheminement-diaporama-retablissement-blessure-cheo\/\" rel=\"bookmark\">Le long cheminement et les victoires d'Ad\u00e9lie (avec diaporama!)<\/a><\/h2>\t\t\t\t\t\t<p>Je partage le diaporama qui r\u00e9sume le cheminement d\u2019Ad\u00e9lie. Dans le diaporama, nous voyons les plus grandes victoires d\u2019Ad\u00e9lie, les beaux moments capt\u00e9s en photos et vid\u00e9os.<\/p>\n\t\t\t\t<div class=\"entry-meta\">\n\t\t\t\t\t\t\t\t\t\t\t<span class=\"byline\">\n\t\t\t\t\t\t\t<span class=\"author-prefix\">par<\/span> <span class=\"author vcard\"><a class=\"url fn n\" href=\"https:\/\/grievingmaman.com\/fr\/author\/grievingmaman\/\">Brigitte Lehoux<\/a><\/span>\t\t\t\t\t\t<\/span><!-- .author-name -->\n\t\t\t\t\t\t<time class=\"entry-date published\" datetime=\"2022-01-12T21:12:09-05:00\">12 Jan 2022<\/time><time class=\"updated\" datetime=\"2022-01-25T12:35:49-05:00\">25 Jan 2022<\/time>\t\t\t\t<\/div><!-- .entry-meta -->\n\t\t\t\t\t<\/div><!-- .entry-wrapper -->\n\t<\/article>\n\n\t\t\n\t<article data-post-id=\"3249\"\n\t\tclass=\"tag-accident tag-adelie tag-childloss tag-depression tag-maxandre tag-memories tag-trauma tag-zackael category-adelie category-grief category-trauma type-post post-has-image\"\n\t\t\t\t>\n\t\t\t\t\t\t\t<figure class=\"post-thumbnail\">\n\t\t\t\t\t\t\t\t<a href=\"https:\/\/grievingmaman.com\/fr\/2021\/10\/15\/sensibilisation-du-deuil-perinatal-et-la-perte-dun-enfant\/\" rel=\"bookmark\" tabindex=\"-1\" aria-hidden=\"true\">\n\t\t\t\t\t\t\t\t\t\t\t\t<img loading=\"lazy\" decoding=\"async\" width=\"1200\" height=\"903\" src=\"https:\/\/i0.wp.com\/grievingmaman.com\/wp-content\/uploads\/DSC_0024-final.jpg?fit=1200%2C903&amp;ssl=1\" class=\"attachment-newspack-article-block-uncropped size-newspack-article-block-uncropped wp-post-image\" alt=\"La sensibilisation du deuil p\u00e9rinatal et de la perte d\u2019un enfant \u2013 Grieving maman\" data-hero-candidate=\"1\" srcset=\"https:\/\/i0.wp.com\/grievingmaman.com\/wp-content\/uploads\/DSC_0024-final.jpg?w=4535&amp;ssl=1 4535w, https:\/\/i0.wp.com\/grievingmaman.com\/wp-content\/uploads\/DSC_0024-final.jpg?resize=300%2C226&amp;ssl=1 300w, https:\/\/i0.wp.com\/grievingmaman.com\/wp-content\/uploads\/DSC_0024-final.jpg?resize=1024%2C770&amp;ssl=1 1024w, https:\/\/i0.wp.com\/grievingmaman.com\/wp-content\/uploads\/DSC_0024-final.jpg?resize=768%2C578&amp;ssl=1 768w, https:\/\/i0.wp.com\/grievingmaman.com\/wp-content\/uploads\/DSC_0024-final.jpg?resize=1536%2C1155&amp;ssl=1 1536w, https:\/\/i0.wp.com\/grievingmaman.com\/wp-content\/uploads\/DSC_0024-final.jpg?resize=2048%2C1540&amp;ssl=1 2048w, https:\/\/i0.wp.com\/grievingmaman.com\/wp-content\/uploads\/DSC_0024-final.jpg?resize=16%2C12&amp;ssl=1 16w, https:\/\/i0.wp.com\/grievingmaman.com\/wp-content\/uploads\/DSC_0024-final.jpg?resize=400%2C300&amp;ssl=1 400w, https:\/\/i0.wp.com\/grievingmaman.com\/wp-content\/uploads\/DSC_0024-final.jpg?resize=200%2C150&amp;ssl=1 200w, https:\/\/i0.wp.com\/grievingmaman.com\/wp-content\/uploads\/DSC_0024-final.jpg?resize=1200%2C903&amp;ssl=1 1200w, https:\/\/i0.wp.com\/grievingmaman.com\/wp-content\/uploads\/DSC_0024-final.jpg?resize=720%2C542&amp;ssl=1 720w, https:\/\/i0.wp.com\/grievingmaman.com\/wp-content\/uploads\/DSC_0024-final.jpg?resize=1320%2C993&amp;ssl=1 1320w, https:\/\/i0.wp.com\/grievingmaman.com\/wp-content\/uploads\/DSC_0024-final.jpg?w=3000&amp;ssl=1 3000w\" sizes=\"(max-width: 1000px) 100vw, 1000px\" data-attachment-id=\"3269\" data-permalink=\"https:\/\/grievingmaman.com\/fr\/2021\/10\/15\/sensibilisation-du-deuil-perinatal-et-la-perte-dun-enfant\/dsc_0024-final\/\" data-orig-file=\"https:\/\/i0.wp.com\/grievingmaman.com\/wp-content\/uploads\/DSC_0024-final.jpg?fit=4535%2C3411&amp;ssl=1\" data-orig-size=\"4535,3411\" data-comments-opened=\"1\" data-image-meta=\"{&quot;aperture&quot;:&quot;3.5&quot;,&quot;credit&quot;:&quot;&quot;,&quot;camera&quot;:&quot;NIKON D5&quot;,&quot;caption&quot;:&quot;&quot;,&quot;created_timestamp&quot;:&quot;1628173104&quot;,&quot;copyright&quot;:&quot;&quot;,&quot;focal_length&quot;:&quot;38&quot;,&quot;iso&quot;:&quot;200&quot;,&quot;shutter_speed&quot;:&quot;0.004&quot;,&quot;title&quot;:&quot;&quot;,&quot;orientation&quot;:&quot;1&quot;}\" data-image-title=\"DSC_0024 &amp;#8211; final\" data-image-description=\"&lt;p&gt;photo by Anzans photography, Ottawa. Lehoux-Flintoff family with Ad\u00e9lie, Maxandre, Carl, Brigitte and Zacka\u00ebl.&lt;\/p&gt;\" data-image-caption=\"&lt;p&gt;photo by Anzans photography, Ottawa. Lehoux-Flintoff family with Ad\u00e9lie, Maxandre, Carl, Brigitte and Zacka\u00ebl.&lt;\/p&gt;\" data-large-file=\"https:\/\/i0.wp.com\/grievingmaman.com\/wp-content\/uploads\/DSC_0024-final.jpg?fit=1024%2C770&amp;ssl=1\" \/>\t\t\t\t\t\t\t\t\t\t\t\t<\/a>\n\t\t\t\t\n\t\t\t\t\t\t\t<\/figure><!-- .featured-image -->\n\t\t\n\t\t<div class=\"entry-wrapper\">\n\t\t\t<h2 class=\"entry-title\"><a href=\"https:\/\/grievingmaman.com\/fr\/2021\/10\/15\/sensibilisation-du-deuil-perinatal-et-la-perte-dun-enfant\/\" rel=\"bookmark\">La sensibilisation du deuil p\u00e9rinatal et de la perte d\u2019un enfant \u2013 Grieving maman<\/a><\/h2>\t\t\t\t\t\t<p>En cette journ\u00e9e de sensibilisation au deuil p\u00e9rinatal, je vous partage une entrevue de ma cousine qui a perdu sa fille de 2 mois. J'inclus \u00e9galement le lien \u00e0 une entrevue que j'ai faite sur la perte d'un enfant, le trauma ainsi que mon parcours de deuil.<\/p>\n\t\t\t\t<div class=\"entry-meta\">\n\t\t\t\t\t\t\t\t\t\t\t<span class=\"byline\">\n\t\t\t\t\t\t\t<span class=\"author-prefix\">par<\/span> <span class=\"author vcard\"><a class=\"url fn n\" href=\"https:\/\/grievingmaman.com\/fr\/author\/grievingmaman\/\">Brigitte Lehoux<\/a><\/span>\t\t\t\t\t\t<\/span><!-- .author-name -->\n\t\t\t\t\t\t<time class=\"entry-date published\" datetime=\"2021-10-15T22:01:43-04:00\">15 Oct 2021<\/time><time class=\"updated\" datetime=\"2021-12-20T16:38:33-05:00\">20 D\u00e9c 2021<\/time>\t\t\t\t<\/div><!-- .entry-meta -->\n\t\t\t\t\t<\/div><!-- .entry-wrapper -->\n\t<\/article>\n\n\t\t\n\t<article data-post-id=\"3163\"\n\t\tclass=\"tag-adelie tag-adhd tag-hockey tag-maxandre tag-pandemic tag-ptsd category-adelie category-grief type-post post-has-image\"\n\t\t\t\t>\n\t\t\t\t\t\t\t<figure class=\"post-thumbnail\">\n\t\t\t\t\t\t\t\t<a href=\"https:\/\/grievingmaman.com\/fr\/2021\/09\/21\/vivre-un-deuil-durant-la-pandemie-de-covid-19\/\" rel=\"bookmark\" tabindex=\"-1\" aria-hidden=\"true\">\n\t\t\t\t\t\t\t\t\t\t\t\t<img loading=\"lazy\" decoding=\"async\" width=\"1200\" height=\"1600\" src=\"https:\/\/i0.wp.com\/grievingmaman.com\/wp-content\/uploads\/IMG_6887-1-rotated.jpg?fit=1200%2C1600&amp;ssl=1\" class=\"attachment-newspack-article-block-uncropped size-newspack-article-block-uncropped wp-post-image\" alt=\"G\u00e9rer les cons\u00e9quences de l&#039;accident et vivre un deuil durant la pand\u00e9mie\" data-hero-candidate=\"1\" srcset=\"https:\/\/i0.wp.com\/grievingmaman.com\/wp-content\/uploads\/IMG_6887-1-rotated.jpg?w=3024&amp;ssl=1 3024w, https:\/\/i0.wp.com\/grievingmaman.com\/wp-content\/uploads\/IMG_6887-1-rotated.jpg?resize=225%2C300&amp;ssl=1 225w, https:\/\/i0.wp.com\/grievingmaman.com\/wp-content\/uploads\/IMG_6887-1-rotated.jpg?resize=768%2C1024&amp;ssl=1 768w, https:\/\/i0.wp.com\/grievingmaman.com\/wp-content\/uploads\/IMG_6887-1-rotated.jpg?resize=1152%2C1536&amp;ssl=1 1152w, https:\/\/i0.wp.com\/grievingmaman.com\/wp-content\/uploads\/IMG_6887-1-rotated.jpg?resize=1536%2C2048&amp;ssl=1 1536w, https:\/\/i0.wp.com\/grievingmaman.com\/wp-content\/uploads\/IMG_6887-1-rotated.jpg?resize=9%2C12&amp;ssl=1 9w, https:\/\/i0.wp.com\/grievingmaman.com\/wp-content\/uploads\/IMG_6887-1-rotated.jpg?resize=900%2C1200&amp;ssl=1 900w, https:\/\/i0.wp.com\/grievingmaman.com\/wp-content\/uploads\/IMG_6887-1-rotated.jpg?resize=600%2C800&amp;ssl=1 600w, https:\/\/i0.wp.com\/grievingmaman.com\/wp-content\/uploads\/IMG_6887-1-rotated.jpg?resize=300%2C400&amp;ssl=1 300w, https:\/\/i0.wp.com\/grievingmaman.com\/wp-content\/uploads\/IMG_6887-1-rotated.jpg?resize=150%2C200&amp;ssl=1 150w, https:\/\/i0.wp.com\/grievingmaman.com\/wp-content\/uploads\/IMG_6887-1-rotated.jpg?resize=1200%2C1600&amp;ssl=1 1200w, https:\/\/i0.wp.com\/grievingmaman.com\/wp-content\/uploads\/IMG_6887-1-rotated.jpg?resize=720%2C960&amp;ssl=1 720w, https:\/\/i0.wp.com\/grievingmaman.com\/wp-content\/uploads\/IMG_6887-1-rotated.jpg?resize=1320%2C1760&amp;ssl=1 1320w, https:\/\/i0.wp.com\/grievingmaman.com\/wp-content\/uploads\/IMG_6887-1-rotated.jpg?w=2000&amp;ssl=1 2000w\" sizes=\"(max-width: 1000px) 100vw, 1000px\" data-attachment-id=\"3197\" data-permalink=\"https:\/\/grievingmaman.com\/fr\/2021\/09\/21\/vivre-un-deuil-durant-la-pandemie-de-covid-19\/img_6887-1\/\" data-orig-file=\"https:\/\/i0.wp.com\/grievingmaman.com\/wp-content\/uploads\/IMG_6887-1-rotated.jpg?fit=3024%2C4032&amp;ssl=1\" data-orig-size=\"3024,4032\" data-comments-opened=\"1\" data-image-meta=\"{&quot;aperture&quot;:&quot;1.8&quot;,&quot;credit&quot;:&quot;&quot;,&quot;camera&quot;:&quot;iPhone XR&quot;,&quot;caption&quot;:&quot;&quot;,&quot;created_timestamp&quot;:&quot;1630486819&quot;,&quot;copyright&quot;:&quot;&quot;,&quot;focal_length&quot;:&quot;4.25&quot;,&quot;iso&quot;:&quot;25&quot;,&quot;shutter_speed&quot;:&quot;0.00625&quot;,&quot;title&quot;:&quot;&quot;,&quot;orientation&quot;:&quot;1&quot;}\" data-image-title=\"Start of school picture &amp;#8211; Ad\u00e9lie au Pr\u00e9lude, Orl\u00e9ans\" data-image-description=\"&lt;p&gt;Start of school picture &amp;#8211; Ad\u00e9lie au Pr\u00e9lude, Orl\u00e9ans&lt;\/p&gt;\" data-image-caption=\"\" data-large-file=\"https:\/\/i0.wp.com\/grievingmaman.com\/wp-content\/uploads\/IMG_6887-1-rotated.jpg?fit=768%2C1024&amp;ssl=1\" \/>\t\t\t\t\t\t\t\t\t\t\t\t<\/a>\n\t\t\t\t\n\t\t\t\t\t\t\t<\/figure><!-- .featured-image -->\n\t\t\n\t\t<div class=\"entry-wrapper\">\n\t\t\t<h2 class=\"entry-title\"><a href=\"https:\/\/grievingmaman.com\/fr\/2021\/09\/21\/vivre-un-deuil-durant-la-pandemie-de-covid-19\/\" rel=\"bookmark\">G\u00e9rer les cons\u00e9quences de l'accident et vivre un deuil durant la pand\u00e9mie<\/a><\/h2>\t\t\t\t\t\t<p>Je publie une mise \u00e0 jour sur notre famille et sur la fa\u00e7on dont l'accident et la pand\u00e9mie de Covid-19 ont affect\u00e9 notre vie quotidienne. Je parle de certains d\u00e9fis li\u00e9s au deuil, \u00e0 la perte d'un enfant et \u00e0 l'\u00e9cole virtuelle (apprentissage en ligne). <\/p>\n\t\t\t\t<div class=\"entry-meta\">\n\t\t\t\t\t\t\t\t\t\t\t<span class=\"byline\">\n\t\t\t\t\t\t\t<span class=\"author-prefix\">par<\/span> <span class=\"author vcard\"><a class=\"url fn n\" href=\"https:\/\/grievingmaman.com\/fr\/author\/grievingmaman\/\">Brigitte Lehoux<\/a><\/span>\t\t\t\t\t\t<\/span><!-- .author-name -->\n\t\t\t\t\t\t<time class=\"entry-date published\" datetime=\"2021-09-21T17:01:54-04:00\">21 Sep 2021<\/time><time class=\"updated\" datetime=\"2021-09-21T20:40:49-04:00\">21 Sep 2021<\/time>\t\t\t\t<\/div><!-- .entry-meta -->\n\t\t\t\t\t<\/div><!-- .entry-wrapper -->\n\t<\/article>\n\n\t\t\n\t<article data-post-id=\"2282\"\n\t\tclass=\"tag-activities tag-joey tag-physiotherapie category-adelie category-other type-post post-has-image\"\n\t\t\t\t>\n\t\t\t\t\t\t\t<figure class=\"post-thumbnail\">\n\t\t\t\t\t\t\t\t<a href=\"https:\/\/grievingmaman.com\/fr\/2021\/04\/01\/sofa-modulaires-structures-et-jeux-interieures-gym\/\" rel=\"bookmark\" tabindex=\"-1\" aria-hidden=\"true\">\n\t\t\t\t\t\t\t\t\t\t\t\t<img loading=\"lazy\" decoding=\"async\" width=\"1200\" height=\"801\" src=\"https:\/\/i0.wp.com\/grievingmaman.com\/wp-content\/uploads\/2021\/04\/adelie-dans-Joey.jpg?fit=1200%2C801&amp;ssl=1\" class=\"attachment-newspack-article-block-uncropped size-newspack-article-block-uncropped wp-post-image\" alt=\"Sofas modulaires et structures int\u00e9rieures ; valent-ils la peine?\" data-hero-candidate=\"1\" srcset=\"https:\/\/i0.wp.com\/grievingmaman.com\/wp-content\/uploads\/2021\/04\/adelie-dans-Joey.jpg?w=1504&amp;ssl=1 1504w, https:\/\/i0.wp.com\/grievingmaman.com\/wp-content\/uploads\/2021\/04\/adelie-dans-Joey.jpg?resize=300%2C200&amp;ssl=1 300w, https:\/\/i0.wp.com\/grievingmaman.com\/wp-content\/uploads\/2021\/04\/adelie-dans-Joey.jpg?resize=1024%2C684&amp;ssl=1 1024w, https:\/\/i0.wp.com\/grievingmaman.com\/wp-content\/uploads\/2021\/04\/adelie-dans-Joey.jpg?resize=768%2C513&amp;ssl=1 768w, https:\/\/i0.wp.com\/grievingmaman.com\/wp-content\/uploads\/2021\/04\/adelie-dans-Joey.jpg?resize=16%2C12&amp;ssl=1 16w, https:\/\/i0.wp.com\/grievingmaman.com\/wp-content\/uploads\/2021\/04\/adelie-dans-Joey.jpg?resize=1200%2C801&amp;ssl=1 1200w, https:\/\/i0.wp.com\/grievingmaman.com\/wp-content\/uploads\/2021\/04\/adelie-dans-Joey.jpg?resize=720%2C481&amp;ssl=1 720w, https:\/\/i0.wp.com\/grievingmaman.com\/wp-content\/uploads\/2021\/04\/adelie-dans-Joey.jpg?resize=1320%2C881&amp;ssl=1 1320w\" sizes=\"(max-width: 1000px) 100vw, 1000px\" data-attachment-id=\"2295\" data-permalink=\"https:\/\/grievingmaman.com\/fr\/2021\/04\/01\/sofa-modulaires-structures-et-jeux-interieures-gym\/adelie-dans-joey\/\" data-orig-file=\"https:\/\/i0.wp.com\/grievingmaman.com\/wp-content\/uploads\/2021\/04\/adelie-dans-Joey.jpg?fit=1504%2C1004&amp;ssl=1\" data-orig-size=\"1504,1004\" data-comments-opened=\"1\" data-image-meta=\"{&quot;aperture&quot;:&quot;0&quot;,&quot;credit&quot;:&quot;&quot;,&quot;camera&quot;:&quot;&quot;,&quot;caption&quot;:&quot;&quot;,&quot;created_timestamp&quot;:&quot;0&quot;,&quot;copyright&quot;:&quot;&quot;,&quot;focal_length&quot;:&quot;0&quot;,&quot;iso&quot;:&quot;0&quot;,&quot;shutter_speed&quot;:&quot;0&quot;,&quot;title&quot;:&quot;&quot;,&quot;orientation&quot;:&quot;0&quot;}\" data-image-title=\"The Joey Couch with Ad\u00e9lie\" data-image-description=\"&lt;p&gt;The Joey Couch with Ad\u00e9lie&lt;\/p&gt;\" data-image-caption=\"\" data-large-file=\"https:\/\/i0.wp.com\/grievingmaman.com\/wp-content\/uploads\/2021\/04\/adelie-dans-Joey.jpg?fit=1024%2C684&amp;ssl=1\" \/>\t\t\t\t\t\t\t\t\t\t\t\t<\/a>\n\t\t\t\t\n\t\t\t\t\t\t\t<\/figure><!-- .featured-image -->\n\t\t\n\t\t<div class=\"entry-wrapper\">\n\t\t\t<h2 class=\"entry-title\"><a href=\"https:\/\/grievingmaman.com\/fr\/2021\/04\/01\/sofa-modulaires-structures-et-jeux-interieures-gym\/\" rel=\"bookmark\">Sofas modulaires et structures int\u00e9rieures ; valent-ils la peine?<\/a><\/h2>\t\t\t\t\t\t<p>We decided to invest in some indoor activities for the kids. We ordered a small gym for Ad\u00e9lie, a &#8220;jungle gym&#8221; LimiKids play structure for Maxandre and The Joey modular couch.<\/p>\n\t\t\t\t<div class=\"entry-meta\">\n\t\t\t\t\t\t\t\t\t\t\t<span class=\"byline\">\n\t\t\t\t\t\t\t<span class=\"author-prefix\">par<\/span> <span class=\"author vcard\"><a class=\"url fn n\" href=\"https:\/\/grievingmaman.com\/fr\/author\/grievingmaman\/\">Brigitte Lehoux<\/a><\/span>\t\t\t\t\t\t<\/span><!-- .author-name -->\n\t\t\t\t\t\t<time class=\"entry-date published\" datetime=\"2021-04-01T15:03:40-04:00\">1 Avr 2021<\/time><time class=\"updated\" datetime=\"2022-01-25T09:36:02-05:00\">25 Jan 2022<\/time>\t\t\t\t<\/div><!-- .entry-meta -->\n\t\t\t\t\t<\/div><!-- .entry-wrapper -->\n\t<\/article>\n\n\t\t\n\t<article data-post-id=\"2040\"\n\t\tclass=\"tag-adelie tag-art tag-commemoration tag-hearst tag-zackael category-adelie category-zackael type-post post-has-image\"\n\t\t\t\t>\n\t\t\t\t\t\t\t<figure class=\"post-thumbnail\">\n\t\t\t\t\t\t\t\t<a href=\"https:\/\/grievingmaman.com\/fr\/2021\/03\/02\/under-zackael-wings-ve-boisvert\/\" rel=\"bookmark\" tabindex=\"-1\" aria-hidden=\"true\">\n\t\t\t\t\t\t\t\t\t\t\t\t<img loading=\"lazy\" decoding=\"async\" width=\"1200\" height=\"1615\" src=\"https:\/\/i0.wp.com\/grievingmaman.com\/wp-content\/uploads\/2021\/03\/Toile-Ve-Boisvert-finale-Zackael.jpg?fit=1200%2C1615&amp;ssl=1\" class=\"attachment-newspack-article-block-uncropped size-newspack-article-block-uncropped wp-post-image\" alt=\"Zacka\u00ebl nous berce dans ses ailes\" data-hero-candidate=\"1\" srcset=\"https:\/\/i0.wp.com\/grievingmaman.com\/wp-content\/uploads\/2021\/03\/Toile-Ve-Boisvert-finale-Zackael.jpg?w=1486&amp;ssl=1 1486w, https:\/\/i0.wp.com\/grievingmaman.com\/wp-content\/uploads\/2021\/03\/Toile-Ve-Boisvert-finale-Zackael.jpg?resize=223%2C300&amp;ssl=1 223w, https:\/\/i0.wp.com\/grievingmaman.com\/wp-content\/uploads\/2021\/03\/Toile-Ve-Boisvert-finale-Zackael.jpg?resize=761%2C1024&amp;ssl=1 761w, https:\/\/i0.wp.com\/grievingmaman.com\/wp-content\/uploads\/2021\/03\/Toile-Ve-Boisvert-finale-Zackael.jpg?resize=768%2C1034&amp;ssl=1 768w, https:\/\/i0.wp.com\/grievingmaman.com\/wp-content\/uploads\/2021\/03\/Toile-Ve-Boisvert-finale-Zackael.jpg?resize=1141%2C1536&amp;ssl=1 1141w, https:\/\/i0.wp.com\/grievingmaman.com\/wp-content\/uploads\/2021\/03\/Toile-Ve-Boisvert-finale-Zackael.jpg?resize=9%2C12&amp;ssl=1 9w, https:\/\/i0.wp.com\/grievingmaman.com\/wp-content\/uploads\/2021\/03\/Toile-Ve-Boisvert-finale-Zackael.jpg?resize=1200%2C1615&amp;ssl=1 1200w, https:\/\/i0.wp.com\/grievingmaman.com\/wp-content\/uploads\/2021\/03\/Toile-Ve-Boisvert-finale-Zackael.jpg?resize=720%2C969&amp;ssl=1 720w, https:\/\/i0.wp.com\/grievingmaman.com\/wp-content\/uploads\/2021\/03\/Toile-Ve-Boisvert-finale-Zackael.jpg?resize=1320%2C1777&amp;ssl=1 1320w\" sizes=\"(max-width: 1000px) 100vw, 1000px\" data-attachment-id=\"2055\" data-permalink=\"https:\/\/grievingmaman.com\/fr\/2021\/03\/02\/under-zackael-wings-ve-boisvert\/toile-ve-boisvert-finale-zackael\/\" data-orig-file=\"https:\/\/i0.wp.com\/grievingmaman.com\/wp-content\/uploads\/2021\/03\/Toile-Ve-Boisvert-finale-Zackael.jpg?fit=1486%2C2000&amp;ssl=1\" data-orig-size=\"1486,2000\" data-comments-opened=\"1\" data-image-meta=\"{&quot;aperture&quot;:&quot;0&quot;,&quot;credit&quot;:&quot;&quot;,&quot;camera&quot;:&quot;&quot;,&quot;caption&quot;:&quot;&quot;,&quot;created_timestamp&quot;:&quot;0&quot;,&quot;copyright&quot;:&quot;&quot;,&quot;focal_length&quot;:&quot;0&quot;,&quot;iso&quot;:&quot;0&quot;,&quot;shutter_speed&quot;:&quot;0&quot;,&quot;title&quot;:&quot;&quot;,&quot;orientation&quot;:&quot;1&quot;}\" data-image-title=\"Toile-Ve-Boisvert-finale-Zackael\" data-image-description=\"&lt;p&gt;V\u00e9 Boisvert Art Painting Toile V\u00e9 Boisvert Zacka\u00ebl&lt;\/p&gt;\" data-image-caption=\"&lt;p&gt;V\u00e9 Boisvert&lt;\/p&gt;\" data-large-file=\"https:\/\/i0.wp.com\/grievingmaman.com\/wp-content\/uploads\/2021\/03\/Toile-Ve-Boisvert-finale-Zackael.jpg?fit=761%2C1024&amp;ssl=1\" \/>\t\t\t\t\t\t\t\t\t\t\t\t<\/a>\n\t\t\t\t\n\t\t\t\t\t\t\t<\/figure><!-- .featured-image -->\n\t\t\n\t\t<div class=\"entry-wrapper\">\n\t\t\t<h2 class=\"entry-title\"><a href=\"https:\/\/grievingmaman.com\/fr\/2021\/03\/02\/under-zackael-wings-ve-boisvert\/\" rel=\"bookmark\">Zacka\u00ebl nous berce dans ses ailes<\/a><\/h2>\t\t\t\t\t\t<p>Je d\u00e9voile une belle \u0153uvre d'art (avec des vid\u00e9os!) qui a \u00e9t\u00e9 cr\u00e9\u00e9e en l'honneur de Zacka\u00ebl. La toile a \u00e9t\u00e9 peinte par V\u00e9 Boisvert, une artiste talentueuse. <\/p>\n\t\t\t\t<div class=\"entry-meta\">\n\t\t\t\t\t\t\t\t\t\t\t<span class=\"byline\">\n\t\t\t\t\t\t\t<span class=\"author-prefix\">par<\/span> <span class=\"author vcard\"><a class=\"url fn n\" href=\"https:\/\/grievingmaman.com\/fr\/author\/grievingmaman\/\">Brigitte Lehoux<\/a><\/span>\t\t\t\t\t\t<\/span><!-- .author-name -->\n\t\t\t\t\t\t<time class=\"entry-date published\" datetime=\"2021-03-02T22:18:05-05:00\">2 Mar 2021<\/time><time class=\"updated\" datetime=\"2021-09-03T19:23:08-04:00\">3 Sep 2021<\/time>\t\t\t\t<\/div><!-- .entry-meta -->\n\t\t\t\t\t<\/div><!-- .entry-wrapper -->\n\t<\/article>\n\n\t\t\n\t<article data-post-id=\"799\"\n\t\tclass=\"tag-adelie tag-media tag-zackael category-adelie category-zackael type-post post-has-image\"\n\t\t\t\t>\n\t\t\t\t\t\t\t<figure class=\"post-thumbnail\">\n\t\t\t\t\t\t\t\t<a href=\"https:\/\/grievingmaman.com\/fr\/2020\/12\/11\/adelie-aux-tva-nouvelles-adelie-on-the-news\/\" rel=\"bookmark\" tabindex=\"-1\" aria-hidden=\"true\">\n\t\t\t\t\t\t\t\t\t\t\t\t<img loading=\"lazy\" decoding=\"async\" width=\"911\" height=\"466\" src=\"https:\/\/i0.wp.com\/grievingmaman.com\/wp-content\/uploads\/2020\/12\/adelie-tva-nouvelles.jpg?fit=911%2C466&amp;ssl=1\" class=\"attachment-newspack-article-block-uncropped size-newspack-article-block-uncropped wp-post-image\" alt=\"Ad\u00e9lie aux TVA nouvelles\" data-hero-candidate=\"1\" data-attachment-id=\"801\" data-permalink=\"https:\/\/grievingmaman.com\/fr\/adelie-tva-nouvelles\/\" data-orig-file=\"https:\/\/i0.wp.com\/grievingmaman.com\/wp-content\/uploads\/2020\/12\/adelie-tva-nouvelles.jpg?fit=911%2C466&amp;ssl=1\" data-orig-size=\"911,466\" data-comments-opened=\"1\" data-image-meta=\"{&quot;aperture&quot;:&quot;0&quot;,&quot;credit&quot;:&quot;&quot;,&quot;camera&quot;:&quot;&quot;,&quot;caption&quot;:&quot;&quot;,&quot;created_timestamp&quot;:&quot;0&quot;,&quot;copyright&quot;:&quot;&quot;,&quot;focal_length&quot;:&quot;0&quot;,&quot;iso&quot;:&quot;0&quot;,&quot;shutter_speed&quot;:&quot;0&quot;,&quot;title&quot;:&quot;&quot;,&quot;orientation&quot;:&quot;0&quot;}\" data-image-title=\"adelie-tva-nouvelles\" data-image-description=\"&lt;p&gt;Ad\u00e9lie Flintoff TVA nouvelles Gatineau&lt;\/p&gt;\" data-image-caption=\"&lt;p&gt;Ad\u00e9lie Flintoff TVA nouvelles Gatineau&lt;\/p&gt;\" data-large-file=\"https:\/\/i0.wp.com\/grievingmaman.com\/wp-content\/uploads\/2020\/12\/adelie-tva-nouvelles.jpg?fit=911%2C466&amp;ssl=1\" \/>\t\t\t\t\t\t\t\t\t\t\t\t<\/a>\n\t\t\t\t\n\t\t\t\t\t\t\t<\/figure><!-- .featured-image -->\n\t\t\n\t\t<div class=\"entry-wrapper\">\n\t\t\t<h2 class=\"entry-title\"><a href=\"https:\/\/grievingmaman.com\/fr\/2020\/12\/11\/adelie-aux-tva-nouvelles-adelie-on-the-news\/\" rel=\"bookmark\">Ad\u00e9lie aux TVA nouvelles<\/a><\/h2>\t\t\t\t\t\t<p>Ad\u00e9lie \u00e0 TVA Gatineau, TVA nouvelles. 1 an apr\u00e8s l\u2019accident sur la 323 avec l\u2019orignal et le d\u00e9c\u00e8s de Zacka\u00ebl Flintoff<\/p>\n\t\t\t\t<div class=\"entry-meta\">\n\t\t\t\t\t\t\t\t\t\t\t<span class=\"byline\">\n\t\t\t\t\t\t\t<span class=\"author-prefix\">par<\/span> <span class=\"author vcard\"><a class=\"url fn n\" href=\"https:\/\/grievingmaman.com\/fr\/author\/grievingmaman\/\">Brigitte Lehoux<\/a><\/span>\t\t\t\t\t\t<\/span><!-- .author-name -->\n\t\t\t\t\t\t<time class=\"entry-date published\" datetime=\"2020-12-11T23:19:57-05:00\">11 D\u00e9c 2020<\/time><time class=\"updated\" datetime=\"2021-01-25T11:52:53-05:00\">25 Jan 2021<\/time>\t\t\t\t<\/div><!-- .entry-meta -->\n\t\t\t\t\t<\/div><!-- .entry-wrapper -->\n\t<\/article>\n\n\t\t\n\t<article data-post-id=\"701\"\n\t\tclass=\"tag-accident tag-adelie tag-brain tag-therapy category-adelie type-post post-has-image\"\n\t\t\t\t>\n\t\t\t\t\t\t\t<figure class=\"post-thumbnail\">\n\t\t\t\t\t\t\t\t<a href=\"https:\/\/grievingmaman.com\/fr\/2020\/12\/03\/therapie-adelie-tcim-blessure-grave-cerveau\/\" rel=\"bookmark\" tabindex=\"-1\" aria-hidden=\"true\">\n\t\t\t\t\t\t\t\t\t\t\t\t<img loading=\"lazy\" decoding=\"async\" width=\"935\" height=\"828\" src=\"https:\/\/i0.wp.com\/grievingmaman.com\/wp-content\/uploads\/2020\/12\/img_4270.jpeg?fit=935%2C828&amp;ssl=1\" class=\"attachment-newspack-article-block-uncropped size-newspack-article-block-uncropped wp-post-image\" alt=\"Th\u00e9rapie d&#039;Ad\u00e9lie - TCIM apr\u00e8s une blessure grave au cerveau\" data-hero-candidate=\"1\" data-attachment-id=\"715\" data-permalink=\"https:\/\/grievingmaman.com\/fr\/img_4270\/\" data-orig-file=\"https:\/\/i0.wp.com\/grievingmaman.com\/wp-content\/uploads\/2020\/12\/img_4270.jpeg?fit=935%2C828&amp;ssl=1\" data-orig-size=\"935,828\" data-comments-opened=\"1\" data-image-meta=\"{&quot;aperture&quot;:&quot;0&quot;,&quot;credit&quot;:&quot;&quot;,&quot;camera&quot;:&quot;&quot;,&quot;caption&quot;:&quot;&quot;,&quot;created_timestamp&quot;:&quot;1602550199&quot;,&quot;copyright&quot;:&quot;&quot;,&quot;focal_length&quot;:&quot;0&quot;,&quot;iso&quot;:&quot;0&quot;,&quot;shutter_speed&quot;:&quot;0&quot;,&quot;title&quot;:&quot;&quot;,&quot;orientation&quot;:&quot;0&quot;}\" data-image-title=\"img_4270\" data-image-description=\"\" data-image-caption=\"\" data-large-file=\"https:\/\/i0.wp.com\/grievingmaman.com\/wp-content\/uploads\/2020\/12\/img_4270.jpeg?fit=935%2C828&amp;ssl=1\" \/>\t\t\t\t\t\t\t\t\t\t\t\t<\/a>\n\t\t\t\t\n\t\t\t\t\t\t\t<\/figure><!-- .featured-image -->\n\t\t\n\t\t<div class=\"entry-wrapper\">\n\t\t\t<h2 class=\"entry-title\"><a href=\"https:\/\/grievingmaman.com\/fr\/2020\/12\/03\/therapie-adelie-tcim-blessure-grave-cerveau\/\" rel=\"bookmark\">Th\u00e9rapie d'Ad\u00e9lie - TCIM apr\u00e8s une blessure grave au cerveau<\/a><\/h2>\t\t\t\t\t\t<p>Suite \u00e0 sa blessure au cerveau, Ad\u00e9lie suit une th\u00e9rapie par contrainte induite du mouvement (TCIM). <\/p>\n\t\t\t\t<div class=\"entry-meta\">\n\t\t\t\t\t\t\t\t\t\t\t<span class=\"byline\">\n\t\t\t\t\t\t\t<span class=\"author-prefix\">par<\/span> <span class=\"author vcard\"><a class=\"url fn n\" href=\"https:\/\/grievingmaman.com\/fr\/author\/grievingmaman\/\">Brigitte Lehoux<\/a><\/span>\t\t\t\t\t\t<\/span><!-- .author-name -->\n\t\t\t\t\t\t<time class=\"entry-date published\" datetime=\"2020-12-03T15:36:16-05:00\">3 D\u00e9c 2020<\/time><time class=\"updated\" datetime=\"2021-05-22T21:55:56-04:00\">22 Mai 2021<\/time>\t\t\t\t<\/div><!-- .entry-meta -->\n\t\t\t\t\t<\/div><!-- .entry-wrapper -->\n\t<\/article>\n\n\t\t\n\t<article data-post-id=\"391\"\n\t\tclass=\"tag-adelie tag-garderie tag-physiotherapie tag-therapie category-adelie type-post post-has-image\"\n\t\t\t\t>\n\t\t\t\t\t\t\t<figure class=\"post-thumbnail\">\n\t\t\t\t\t\t\t\t<a href=\"https:\/\/grievingmaman.com\/fr\/2020\/11\/18\/adelie-update-mise-a-jour-adelie\/\" rel=\"bookmark\" tabindex=\"-1\" aria-hidden=\"true\">\n\t\t\t\t\t\t\t\t\t\t\t\t<img loading=\"lazy\" decoding=\"async\" width=\"1200\" height=\"1035\" src=\"https:\/\/i0.wp.com\/grievingmaman.com\/wp-content\/uploads\/2020\/11\/img_4087.jpg?fit=1200%2C1035&amp;ssl=1\" class=\"attachment-newspack-article-block-uncropped size-newspack-article-block-uncropped wp-post-image\" alt=\"Ad\u00e9lie update &#8211; Mise \u00e0 jour Ad\u00e9lie\" data-hero-candidate=\"1\" data-attachment-id=\"442\" data-permalink=\"https:\/\/grievingmaman.com\/fr\/img_4087\/\" data-orig-file=\"https:\/\/i0.wp.com\/grievingmaman.com\/wp-content\/uploads\/2020\/11\/img_4087.jpg?fit=3063%2C2641&amp;ssl=1\" data-orig-size=\"3063,2641\" data-comments-opened=\"1\" data-image-meta=\"{&quot;aperture&quot;:&quot;1.8&quot;,&quot;credit&quot;:&quot;&quot;,&quot;camera&quot;:&quot;iPhone XR&quot;,&quot;caption&quot;:&quot;&quot;,&quot;created_timestamp&quot;:&quot;1601628922&quot;,&quot;copyright&quot;:&quot;&quot;,&quot;focal_length&quot;:&quot;4.25&quot;,&quot;iso&quot;:&quot;25&quot;,&quot;shutter_speed&quot;:&quot;0.0081967213114754&quot;,&quot;title&quot;:&quot;&quot;,&quot;orientation&quot;:&quot;0&quot;,&quot;latitude&quot;:&quot;45.438022222222&quot;,&quot;longitude&quot;:&quot;-75.530380555556&quot;}\" data-image-title=\"img_4087\" data-image-description=\"\" data-image-caption=\"\" data-large-file=\"https:\/\/i0.wp.com\/grievingmaman.com\/wp-content\/uploads\/2020\/11\/img_4087.jpg?fit=1024%2C883&amp;ssl=1\" \/>\t\t\t\t\t\t\t\t\t\t\t\t<\/a>\n\t\t\t\t\n\t\t\t\t\t\t\t<\/figure><!-- .featured-image -->\n\t\t\n\t\t<div class=\"entry-wrapper\">\n\t\t\t<h2 class=\"entry-title\"><a href=\"https:\/\/grievingmaman.com\/fr\/2020\/11\/18\/adelie-update-mise-a-jour-adelie\/\" rel=\"bookmark\">Mise \u00e0 jour Ad\u00e9lie<\/a><\/h2>\t\t\t\t\t\t<p>English follows\u2026 Juste avant que je commence ma publication d&#8217;aujourd&#8217;hui, j&#8217;aimerais vous laisser savoir que j&#8217;ai mis \u00e0 jour celle \u00e0 propos de l&#8217;arbre \u00e0 l&#8217;\u00e9cole, notamment rajout\u00e9 une photo avec les lumi\u00e8res! Si jamais vous passez, n&#8217;h\u00e9sitez pas \u00e0 rajouter une petite d\u00e9coration ou lumi\u00e8re. Beaucoup de gens me demandent souvent &#8220;comment Ad\u00e9lie va?&#8221;.\u2026<\/p>\n\t\t\t\t<div class=\"entry-meta\">\n\t\t\t\t\t\t\t\t\t\t\t<span class=\"byline\">\n\t\t\t\t\t\t\t<span class=\"author-prefix\">par<\/span> <span class=\"author vcard\"><a class=\"url fn n\" href=\"https:\/\/grievingmaman.com\/fr\/author\/grievingmaman\/\">Brigitte Lehoux<\/a><\/span>\t\t\t\t\t\t<\/span><!-- .author-name -->\n\t\t\t\t\t\t<time class=\"entry-date published\" datetime=\"2020-11-18T13:36:29-05:00\">18 Nov 2020<\/time><time class=\"updated\" datetime=\"2020-12-14T19:14:50-05:00\">14 D\u00e9c 2020<\/time>\t\t\t\t<\/div><!-- .entry-meta -->\n\t\t\t\t\t<\/div><!-- .entry-wrapper -->\n\t<\/article>\n\n\t\t\t\t<\/div>\n\t\t\n\t<\/div>\n\t\n\n\n<div style=\"height:16px\" aria-hidden=\"true\" class=\"wp-block-spacer desktop-only\"><\/div>\n\n\n\n<hr class=\"wp-block-separator has-css-opacity is-style-wide\"\/>","protected":false},"excerpt":{"rendered":"<p>On this page, I share Ad\u00e9lie&#8217;s recovery and information about her traumatic brain injury (TBI). Latest Posts related to Ad\u00e9lie Click on the post title below to view the full post (with pictures).<\/p>","protected":false},"author":185178740,"featured_media":3319,"parent":0,"menu_order":0,"comment_status":"open","ping_status":"closed","template":"","meta":{"_coblocks_attr":"","_coblocks_dimensions":"","_coblocks_responsive_height":"","_coblocks_accordion_ie_support":"","_crdt_document":"","footnotes":""},"categories":[],"tags":[99636,708033912,708032850,708032882,708032927,57221],"class_list":["post-3307","page","type-page","status-publish","has-post-thumbnail","hentry","tag-accident","tag-adelie","tag-cheo","tag-journey","tag-recovery","tag-tbi"],"yoast_head":"<!-- This site is optimized with the Yoast SEO plugin v27.5 - https:\/\/yoast.com\/product\/yoast-seo-wordpress\/ -->\n<title>Ad\u00e9lie &#8211; Grieving maman<\/title>\n<meta name=\"description\" content=\"On this page, I share Ad\u00e9lie&#039;s recovery and information about her traumatic brain injury (TBI). Latest Posts related to Ad\u00e9lie Click on the post title\" \/>\n<meta name=\"robots\" content=\"index, follow, max-snippet:-1, max-image-preview:large, max-video-preview:-1\" \/>\n<link rel=\"canonical\" href=\"https:\/\/grievingmaman.com\/fr\/adelie\/\" \/>\n<meta property=\"og:locale\" content=\"fr_CA\" \/>\n<meta property=\"og:type\" content=\"article\" \/>\n<meta property=\"og:title\" content=\"Ad\u00e9lie &#8211; Grieving maman\" \/>\n<meta property=\"og:description\" content=\"On this page, I share Ad\u00e9lie&#039;s recovery and information about her traumatic brain injury (TBI). Latest Posts related to Ad\u00e9lie Click on the post title\" \/>\n<meta property=\"og:url\" content=\"https:\/\/grievingmaman.com\/fr\/adelie\/\" \/>\n<meta property=\"og:site_name\" content=\"Grieving maman\" \/>\n<meta property=\"article:modified_time\" content=\"2022-05-04T02:36:44+00:00\" \/>\n<meta property=\"og:image\" content=\"https:\/\/grievingmaman.com\/wp-content\/uploads\/DSC_9939-edited-final-1-1024x683.jpg\" \/>\n\t<meta property=\"og:image:width\" content=\"1024\" \/>\n\t<meta property=\"og:image:height\" content=\"683\" \/>\n\t<meta property=\"og:image:type\" content=\"image\/jpeg\" \/>\n<meta name=\"twitter:card\" content=\"summary_large_image\" \/>\n<meta name=\"twitter:label1\" content=\"Estimation du temps de lecture\" \/>\n\t<meta name=\"twitter:data1\" content=\"1 minute\" \/>\n<script type=\"application\/ld+json\" class=\"yoast-schema-graph\">{\"@context\":\"https:\\\/\\\/schema.org\",\"@graph\":[{\"@type\":\"WebPage\",\"@id\":\"https:\\\/\\\/grievingmaman.com\\\/adelie\\\/\",\"url\":\"https:\\\/\\\/grievingmaman.com\\\/adelie\\\/\",\"name\":\"Ad\u00e9lie &#8211; Grieving maman\",\"isPartOf\":{\"@id\":\"https:\\\/\\\/grievingmaman.com\\\/fr\\\/#website\"},\"primaryImageOfPage\":{\"@id\":\"https:\\\/\\\/grievingmaman.com\\\/adelie\\\/#primaryimage\"},\"image\":{\"@id\":\"https:\\\/\\\/grievingmaman.com\\\/adelie\\\/#primaryimage\"},\"thumbnailUrl\":\"https:\\\/\\\/i0.wp.com\\\/grievingmaman.com\\\/wp-content\\\/uploads\\\/DSC_9939-edited-final-1.jpg?fit=5568%2C3712&ssl=1\",\"datePublished\":\"2021-10-22T19:03:57+00:00\",\"dateModified\":\"2022-05-04T02:36:44+00:00\",\"description\":\"On this page, I share Ad\u00e9lie's recovery and information about her traumatic brain injury (TBI). Latest Posts related to Ad\u00e9lie Click on the post title\",\"breadcrumb\":{\"@id\":\"https:\\\/\\\/grievingmaman.com\\\/adelie\\\/#breadcrumb\"},\"inLanguage\":\"fr-CA\",\"potentialAction\":[{\"@type\":\"ReadAction\",\"target\":[\"https:\\\/\\\/grievingmaman.com\\\/adelie\\\/\"]}]},{\"@type\":\"ImageObject\",\"inLanguage\":\"fr-CA\",\"@id\":\"https:\\\/\\\/grievingmaman.com\\\/adelie\\\/#primaryimage\",\"url\":\"https:\\\/\\\/i0.wp.com\\\/grievingmaman.com\\\/wp-content\\\/uploads\\\/DSC_9939-edited-final-1.jpg?fit=5568%2C3712&ssl=1\",\"contentUrl\":\"https:\\\/\\\/i0.wp.com\\\/grievingmaman.com\\\/wp-content\\\/uploads\\\/DSC_9939-edited-final-1.jpg?fit=5568%2C3712&ssl=1\",\"width\":5568,\"height\":3712,\"caption\":\"Anzas Photography Orl\u00e9ans - Callista gown Anna Triant Couture\"},{\"@type\":\"BreadcrumbList\",\"@id\":\"https:\\\/\\\/grievingmaman.com\\\/adelie\\\/#breadcrumb\",\"itemListElement\":[{\"@type\":\"ListItem\",\"position\":1,\"name\":\"Home\",\"item\":\"https:\\\/\\\/grievingmaman.com\\\/\"},{\"@type\":\"ListItem\",\"position\":2,\"name\":\"Ad\u00e9lie\"}]},{\"@type\":\"WebSite\",\"@id\":\"https:\\\/\\\/grievingmaman.com\\\/fr\\\/#website\",\"url\":\"https:\\\/\\\/grievingmaman.com\\\/fr\\\/\",\"name\":\"Grieving maman\",\"description\":\"Surviving the loss of my son\",\"publisher\":{\"@id\":\"https:\\\/\\\/grievingmaman.com\\\/fr\\\/#\\\/schema\\\/person\\\/1f19b09d0ab9ac20bb9dc17c1802d8be\"},\"potentialAction\":[{\"@type\":\"SearchAction\",\"target\":{\"@type\":\"EntryPoint\",\"urlTemplate\":\"https:\\\/\\\/grievingmaman.com\\\/fr\\\/?s={search_term_string}\"},\"query-input\":{\"@type\":\"PropertyValueSpecification\",\"valueRequired\":true,\"valueName\":\"search_term_string\"}}],\"inLanguage\":\"fr-CA\"},{\"@type\":[\"Person\",\"Organization\"],\"@id\":\"https:\\\/\\\/grievingmaman.com\\\/fr\\\/#\\\/schema\\\/person\\\/1f19b09d0ab9ac20bb9dc17c1802d8be\",\"name\":\"Brigitte Lehoux\",\"image\":{\"@type\":\"ImageObject\",\"inLanguage\":\"fr-CA\",\"@id\":\"https:\\\/\\\/i0.wp.com\\\/grievingmaman.com\\\/wp-content\\\/uploads\\\/Grieving-Maman-logo-Final-Grieving-Parent-Grieving-Mother-Website-Blog.png?fit=1900%2C500&ssl=1\",\"url\":\"https:\\\/\\\/i0.wp.com\\\/grievingmaman.com\\\/wp-content\\\/uploads\\\/Grieving-Maman-logo-Final-Grieving-Parent-Grieving-Mother-Website-Blog.png?fit=1900%2C500&ssl=1\",\"contentUrl\":\"https:\\\/\\\/i0.wp.com\\\/grievingmaman.com\\\/wp-content\\\/uploads\\\/Grieving-Maman-logo-Final-Grieving-Parent-Grieving-Mother-Website-Blog.png?fit=1900%2C500&ssl=1\",\"width\":1900,\"height\":500,\"caption\":\"Brigitte Lehoux\"},\"logo\":{\"@id\":\"https:\\\/\\\/i0.wp.com\\\/grievingmaman.com\\\/wp-content\\\/uploads\\\/Grieving-Maman-logo-Final-Grieving-Parent-Grieving-Mother-Website-Blog.png?fit=1900%2C500&ssl=1\"},\"sameAs\":[\"http:\\\/\\\/grievingmaman.wordpress.com\"]}]}<\/script>\n<!-- \/ Yoast SEO plugin. -->","yoast_head_json":{"title":"Ad\u00e9lie &#8211; Grieving maman","description":"On this page, I share Ad\u00e9lie's recovery and information about her traumatic brain injury (TBI). Latest Posts related to Ad\u00e9lie Click on the post title","robots":{"index":"index","follow":"follow","max-snippet":"max-snippet:-1","max-image-preview":"max-image-preview:large","max-video-preview":"max-video-preview:-1"},"canonical":"https:\/\/grievingmaman.com\/fr\/adelie\/","og_locale":"fr_CA","og_type":"article","og_title":"Ad\u00e9lie &#8211; Grieving maman","og_description":"On this page, I share Ad\u00e9lie's recovery and information about her traumatic brain injury (TBI). Latest Posts related to Ad\u00e9lie Click on the post title","og_url":"https:\/\/grievingmaman.com\/fr\/adelie\/","og_site_name":"Grieving maman","article_modified_time":"2022-05-04T02:36:44+00:00","og_image":[{"width":1024,"height":683,"url":"https:\/\/grievingmaman.com\/wp-content\/uploads\/DSC_9939-edited-final-1-1024x683.jpg","type":"image\/jpeg"}],"twitter_card":"summary_large_image","twitter_misc":{"Estimation du temps de lecture":"1 minute"},"schema":{"@context":"https:\/\/schema.org","@graph":[{"@type":"WebPage","@id":"https:\/\/grievingmaman.com\/adelie\/","url":"https:\/\/grievingmaman.com\/adelie\/","name":"Ad\u00e9lie &#8211; Grieving maman","isPartOf":{"@id":"https:\/\/grievingmaman.com\/fr\/#website"},"primaryImageOfPage":{"@id":"https:\/\/grievingmaman.com\/adelie\/#primaryimage"},"image":{"@id":"https:\/\/grievingmaman.com\/adelie\/#primaryimage"},"thumbnailUrl":"https:\/\/i0.wp.com\/grievingmaman.com\/wp-content\/uploads\/DSC_9939-edited-final-1.jpg?fit=5568%2C3712&ssl=1","datePublished":"2021-10-22T19:03:57+00:00","dateModified":"2022-05-04T02:36:44+00:00","description":"On this page, I share Ad\u00e9lie's recovery and information about her traumatic brain injury (TBI). Latest Posts related to Ad\u00e9lie Click on the post title","breadcrumb":{"@id":"https:\/\/grievingmaman.com\/adelie\/#breadcrumb"},"inLanguage":"fr-CA","potentialAction":[{"@type":"ReadAction","target":["https:\/\/grievingmaman.com\/adelie\/"]}]},{"@type":"ImageObject","inLanguage":"fr-CA","@id":"https:\/\/grievingmaman.com\/adelie\/#primaryimage","url":"https:\/\/i0.wp.com\/grievingmaman.com\/wp-content\/uploads\/DSC_9939-edited-final-1.jpg?fit=5568%2C3712&ssl=1","contentUrl":"https:\/\/i0.wp.com\/grievingmaman.com\/wp-content\/uploads\/DSC_9939-edited-final-1.jpg?fit=5568%2C3712&ssl=1","width":5568,"height":3712,"caption":"Anzas Photography Orl\u00e9ans - Callista gown Anna Triant Couture"},{"@type":"BreadcrumbList","@id":"https:\/\/grievingmaman.com\/adelie\/#breadcrumb","itemListElement":[{"@type":"ListItem","position":1,"name":"Home","item":"https:\/\/grievingmaman.com\/"},{"@type":"ListItem","position":2,"name":"Ad\u00e9lie"}]},{"@type":"WebSite","@id":"https:\/\/grievingmaman.com\/fr\/#website","url":"https:\/\/grievingmaman.com\/fr\/","name":"Grieving maman","description":"Survivre \u00e0 la perte de mon gar\u00e7on","publisher":{"@id":"https:\/\/grievingmaman.com\/fr\/#\/schema\/person\/1f19b09d0ab9ac20bb9dc17c1802d8be"},"potentialAction":[{"@type":"SearchAction","target":{"@type":"EntryPoint","urlTemplate":"https:\/\/grievingmaman.com\/fr\/?s={search_term_string}"},"query-input":{"@type":"PropertyValueSpecification","valueRequired":true,"valueName":"search_term_string"}}],"inLanguage":"fr-CA"},{"@type":["Person","Organization"],"@id":"https:\/\/grievingmaman.com\/fr\/#\/schema\/person\/1f19b09d0ab9ac20bb9dc17c1802d8be","name":"Brigitte Lehoux","image":{"@type":"ImageObject","inLanguage":"fr-CA","@id":"https:\/\/i0.wp.com\/grievingmaman.com\/wp-content\/uploads\/Grieving-Maman-logo-Final-Grieving-Parent-Grieving-Mother-Website-Blog.png?fit=1900%2C500&ssl=1","url":"https:\/\/i0.wp.com\/grievingmaman.com\/wp-content\/uploads\/Grieving-Maman-logo-Final-Grieving-Parent-Grieving-Mother-Website-Blog.png?fit=1900%2C500&ssl=1","contentUrl":"https:\/\/i0.wp.com\/grievingmaman.com\/wp-content\/uploads\/Grieving-Maman-logo-Final-Grieving-Parent-Grieving-Mother-Website-Blog.png?fit=1900%2C500&ssl=1","width":1900,"height":500,"caption":"Brigitte Lehoux"},"logo":{"@id":"https:\/\/i0.wp.com\/grievingmaman.com\/wp-content\/uploads\/Grieving-Maman-logo-Final-Grieving-Parent-Grieving-Mother-Website-Blog.png?fit=1900%2C500&ssl=1"},"sameAs":["http:\/\/grievingmaman.wordpress.com"]}]}},"jetpack_likes_enabled":true,"jetpack_sharing_enabled":true,"jetpack_shortlink":"https:\/\/wp.me\/PbXpxA-Rl","jetpack-related-posts":[{"id":53,"url":"https:\/\/grievingmaman.com\/fr\/","url_meta":{"origin":3307,"position":0},"title":"ACCUEIL","author":"Brigitte Lehoux","date":"14 Mai 2020","format":false,"excerpt":"childloss grieving mother accident parange ange parent d'un ange perte d'un enfant","rel":"","context":"In \"Bereaved Parent\"","block_context":{"text":"Bereaved Parent","link":"https:\/\/grievingmaman.com\/fr\/tag\/bereaved-parent\/"},"img":{"alt_text":"Daughter and son on the beach Lac-des-Plages - Zacka\u00ebl Flintoff","src":"https:\/\/i0.wp.com\/grievingmaman.com\/wp-content\/uploads\/2020\/04\/cropped-img_4924.jpg?fit=512%2C512&ssl=1&resize=350%2C200","width":350,"height":200},"classes":[]},{"id":8,"url":"https:\/\/grievingmaman.com\/fr\/about\/","url_meta":{"origin":3307,"position":1},"title":"\u00c0 propos","author":"Brigitte Lehoux","date":"1 Nov 2020","format":false,"excerpt":"On November 17, 2019, our little family of five was involved in a tragic accident involving a moose, which occurred on route 323 in Notre-Dame-de-la-Paix just before Namur (Quebec). Our 5 year old boy Zacka\u00ebl did not survive, and our daughter Ad\u00e9lie was seriously injured. They were both crushed by\u2026","rel":"","context":"In \"323\"","block_context":{"text":"323","link":"https:\/\/grievingmaman.com\/fr\/tag\/323\/"},"img":{"alt_text":"","src":"https:\/\/i0.wp.com\/grievingmaman.com\/wp-content\/uploads\/2020\/05\/img_7874.jpg?resize=350%2C200&ssl=1","width":350,"height":200,"srcset":"https:\/\/i0.wp.com\/grievingmaman.com\/wp-content\/uploads\/2020\/05\/img_7874.jpg?resize=350%2C200&ssl=1 1x, https:\/\/i0.wp.com\/grievingmaman.com\/wp-content\/uploads\/2020\/05\/img_7874.jpg?resize=525%2C300&ssl=1 1.5x, https:\/\/i0.wp.com\/grievingmaman.com\/wp-content\/uploads\/2020\/05\/img_7874.jpg?resize=700%2C400&ssl=1 2x, https:\/\/i0.wp.com\/grievingmaman.com\/wp-content\/uploads\/2020\/05\/img_7874.jpg?resize=1050%2C600&ssl=1 3x, https:\/\/i0.wp.com\/grievingmaman.com\/wp-content\/uploads\/2020\/05\/img_7874.jpg?resize=1400%2C800&ssl=1 4x"},"classes":[]},{"id":1608,"url":"https:\/\/grievingmaman.com\/fr\/writing-your-grief\/","url_meta":{"origin":3307,"position":2},"title":"Writing your Grief &#8211; by Brigitte","author":"Brigitte Lehoux","date":"10 F\u00e9v 2021","format":false,"excerpt":"About Me I'm Brigitte from Canada. In November 2019, I lost my son Zacka\u00ebl in an accident. My husband, our 3 kids, and I were in a car when another car hit a moose that landed on our vehicle. My son died in my arms and my daughter was severely\u2026","rel":"","context":"Similar post","block_context":{"text":"Similar post","link":""},"img":{"alt_text":"Zackael at 1 year","src":"https:\/\/i0.wp.com\/grievingmaman.com\/wp-content\/uploads\/2021\/02\/20150403_002345650_iOS-rotated.jpg?fit=900%2C1200&ssl=1&resize=350%2C200","width":350,"height":200,"srcset":"https:\/\/i0.wp.com\/grievingmaman.com\/wp-content\/uploads\/2021\/02\/20150403_002345650_iOS-rotated.jpg?fit=900%2C1200&ssl=1&resize=350%2C200 1x, https:\/\/i0.wp.com\/grievingmaman.com\/wp-content\/uploads\/2021\/02\/20150403_002345650_iOS-rotated.jpg?fit=900%2C1200&ssl=1&resize=525%2C300 1.5x, https:\/\/i0.wp.com\/grievingmaman.com\/wp-content\/uploads\/2021\/02\/20150403_002345650_iOS-rotated.jpg?fit=900%2C1200&ssl=1&resize=700%2C400 2x"},"classes":[]},{"id":3139,"url":"https:\/\/grievingmaman.com\/fr\/depression\/","url_meta":{"origin":3307,"position":3},"title":"D\u00e9pression","author":"Brigitte Lehoux","date":"14 Sep 2021","format":false,"excerpt":"On this page, I talk about my personal experience with depression and anxiety. I will also be adding articles about childhood depression and anxiety. I will continue to share resources for anyone who wants to cope and learn more about depression and anxiety, including those who are supporting someone else\u2026","rel":"","context":"In \"Accident\"","block_context":{"text":"Accident","link":"https:\/\/grievingmaman.com\/fr\/tag\/accident\/"},"img":{"alt_text":"Me as a grieving mother with my head down with complicated grief - Moi comme maman endeuill\u00e9e t\u00eate pench\u00e9e dans mes bras","src":"https:\/\/i0.wp.com\/grievingmaman.com\/wp-content\/uploads\/2021\/01\/IMG_5002.jpg?fit=1200%2C852&ssl=1&resize=350%2C200","width":350,"height":200,"srcset":"https:\/\/i0.wp.com\/grievingmaman.com\/wp-content\/uploads\/2021\/01\/IMG_5002.jpg?fit=1200%2C852&ssl=1&resize=350%2C200 1x, https:\/\/i0.wp.com\/grievingmaman.com\/wp-content\/uploads\/2021\/01\/IMG_5002.jpg?fit=1200%2C852&ssl=1&resize=525%2C300 1.5x, https:\/\/i0.wp.com\/grievingmaman.com\/wp-content\/uploads\/2021\/01\/IMG_5002.jpg?fit=1200%2C852&ssl=1&resize=700%2C400 2x, https:\/\/i0.wp.com\/grievingmaman.com\/wp-content\/uploads\/2021\/01\/IMG_5002.jpg?fit=1200%2C852&ssl=1&resize=1050%2C600 3x"},"classes":[]},{"id":455,"url":"https:\/\/grievingmaman.com\/fr\/grief-trauma\/","url_meta":{"origin":3307,"position":4},"title":"Deuil &amp; Trauma","author":"Brigitte Lehoux","date":"19 Nov 2020","format":false,"excerpt":"Sur cette page, je partage nos exp\u00e9riences personnelles sur le deuil et le trauma. J'\u00e9cris \u00e9galement des articles sur la fa\u00e7on de soutenir une personne en deuil, prises avec des difficult\u00e9s ou ayant subi un traumatisme. Tous mes articles sont bas\u00e9s sur une exp\u00e9rience personnelle et\/ou incluent des r\u00e9f\u00e9rences \u00e0 la recherche.","rel":"","context":"In \"Accident\"","block_context":{"text":"Accident","link":"https:\/\/grievingmaman.com\/fr\/tag\/accident\/"},"img":{"alt_text":"Grieving Family - Surviving child loss after accident","src":"https:\/\/i0.wp.com\/grievingmaman.com\/wp-content\/uploads\/2021\/02\/IMG_0045-Final.jpg?fit=1200%2C857&ssl=1&resize=350%2C200","width":350,"height":200,"srcset":"https:\/\/i0.wp.com\/grievingmaman.com\/wp-content\/uploads\/2021\/02\/IMG_0045-Final.jpg?fit=1200%2C857&ssl=1&resize=350%2C200 1x, https:\/\/i0.wp.com\/grievingmaman.com\/wp-content\/uploads\/2021\/02\/IMG_0045-Final.jpg?fit=1200%2C857&ssl=1&resize=525%2C300 1.5x, https:\/\/i0.wp.com\/grievingmaman.com\/wp-content\/uploads\/2021\/02\/IMG_0045-Final.jpg?fit=1200%2C857&ssl=1&resize=700%2C400 2x, https:\/\/i0.wp.com\/grievingmaman.com\/wp-content\/uploads\/2021\/02\/IMG_0045-Final.jpg?fit=1200%2C857&ssl=1&resize=1050%2C600 3x"},"classes":[]},{"id":31,"url":"https:\/\/grievingmaman.com\/fr\/zackael\/","url_meta":{"origin":3307,"position":5},"title":"Zacka\u00ebl","author":"Brigitte Lehoux","date":"1 Nov 2020","format":false,"excerpt":"A little angel gone too soon In Memory of Zacka\u00ebl Lehoux FlintoffFebruary 26 2014 - November 17 2019 Zacka\u00ebl Flintoff, October 2019 \u00a0 \u00a0 Please visit Zacka\u00ebl's Blog to learn more about Zacka\u00ebl and my journey as a grieving mother. \u00a0 Zacka\u00ebl Flintoff, October 2019","rel":"","context":"In \"323\"","block_context":{"text":"323","link":"https:\/\/grievingmaman.com\/fr\/tag\/323\/"},"img":{"alt_text":"Zacka\u00ebl Flintoff died on route 323 after moose collision","src":"https:\/\/i0.wp.com\/grievingmaman.com\/wp-content\/uploads\/2020\/10\/zackael-img_2791-cropped-edited-no-flash.jpg?fit=1079%2C1200&ssl=1&resize=350%2C200","width":350,"height":200,"srcset":"https:\/\/i0.wp.com\/grievingmaman.com\/wp-content\/uploads\/2020\/10\/zackael-img_2791-cropped-edited-no-flash.jpg?fit=1079%2C1200&ssl=1&resize=350%2C200 1x, https:\/\/i0.wp.com\/grievingmaman.com\/wp-content\/uploads\/2020\/10\/zackael-img_2791-cropped-edited-no-flash.jpg?fit=1079%2C1200&ssl=1&resize=525%2C300 1.5x, https:\/\/i0.wp.com\/grievingmaman.com\/wp-content\/uploads\/2020\/10\/zackael-img_2791-cropped-edited-no-flash.jpg?fit=1079%2C1200&ssl=1&resize=700%2C400 2x, https:\/\/i0.wp.com\/grievingmaman.com\/wp-content\/uploads\/2020\/10\/zackael-img_2791-cropped-edited-no-flash.jpg?fit=1079%2C1200&ssl=1&resize=1050%2C600 3x"},"classes":[]}],"amp_enabled":true,"_links":{"self":[{"href":"https:\/\/grievingmaman.com\/fr\/wp-json\/wp\/v2\/pages\/3307","targetHints":{"allow":["GET"]}}],"collection":[{"href":"https:\/\/grievingmaman.com\/fr\/wp-json\/wp\/v2\/pages"}],"about":[{"href":"https:\/\/grievingmaman.com\/fr\/wp-json\/wp\/v2\/types\/page"}],"author":[{"embeddable":true,"href":"https:\/\/grievingmaman.com\/fr\/wp-json\/wp\/v2\/users\/185178740"}],"replies":[{"embeddable":true,"href":"https:\/\/grievingmaman.com\/fr\/wp-json\/wp\/v2\/comments?post=3307"}],"version-history":[{"count":38,"href":"https:\/\/grievingmaman.com\/fr\/wp-json\/wp\/v2\/pages\/3307\/revisions"}],"predecessor-version":[{"id":5051,"href":"https:\/\/grievingmaman.com\/fr\/wp-json\/wp\/v2\/pages\/3307\/revisions\/5051"}],"wp:featuredmedia":[{"embeddable":true,"href":"https:\/\/grievingmaman.com\/fr\/wp-json\/wp\/v2\/media\/3319"}],"wp:attachment":[{"href":"https:\/\/grievingmaman.com\/fr\/wp-json\/wp\/v2\/media?parent=3307"}],"wp:term":[{"taxonomy":"category","embeddable":true,"href":"https:\/\/grievingmaman.com\/fr\/wp-json\/wp\/v2\/categories?post=3307"},{"taxonomy":"post_tag","embeddable":true,"href":"https:\/\/grievingmaman.com\/fr\/wp-json\/wp\/v2\/tags?post=3307"}],"curies":[{"name":"wp","href":"https:\/\/api.w.org\/{rel}","templated":true}]}}