{"id":8,"date":"2020-11-01T18:54:00","date_gmt":"2020-11-01T23:54:00","guid":{"rendered":"https:\/\/grievingmaman.com\/?page_id=8"},"modified":"2023-02-02T13:16:32","modified_gmt":"2023-02-02T18:16:32","slug":"about","status":"publish","type":"page","link":"https:\/\/grievingmaman.com\/fr\/about\/","title":{"rendered":"\u00c0 propos"},"content":{"rendered":"<p class=\"has-text-color wp-block-paragraph\" style=\"color:#212a5d;font-size:17px\">Le 17 novembre 2019, notre petite famille de cinq a \u00e9t\u00e9 impliqu\u00e9e dans un tragique accident impliquant un orignal, survenu  sur la route 323 \u00e0 Notre-Dame-de-la-Paix juste avant Namur (Qu\u00e9bec).  Notre gar\u00e7on Zacka\u00ebl \u00e2g\u00e9 de 5 ans n\u2019a pas surv\u00e9cu, et notre fille Ad\u00e9lie  a \u00e9t\u00e9 gravement bless\u00e9e.  Ils ont tous deux \u00e9t\u00e9 \u00e9cras\u00e9s par l\u2019orignal qui avait \u00e9t\u00e9 frapp\u00e9 par une autre auto pour retomber sur la n\u00f4tre. Notre plus vieux Maxandre, alors \u00e2g\u00e9 de 8 ans, n\u2019a pas \u00e9t\u00e9 bless\u00e9 physiquement.  Mon mari Carl et moi sommes \u00e9galement sortis indemnes (physiquement).<\/p>\n\n\n\n<figure class=\"wp-block-image is-resized\" id=\"zackaelflintoff\"><img data-recalc-dims=\"1\" fetchpriority=\"high\" decoding=\"async\" data-attachment-id=\"46\" data-permalink=\"https:\/\/grievingmaman.com\/fr\/img_7874\/\" data-orig-file=\"https:\/\/i0.wp.com\/grievingmaman.com\/wp-content\/uploads\/2020\/05\/img_7874.jpg?fit=1939%2C1385&amp;ssl=1\" data-orig-size=\"1939,1385\" data-comments-opened=\"1\" data-image-meta=\"{&quot;aperture&quot;:&quot;0&quot;,&quot;credit&quot;:&quot;&quot;,&quot;camera&quot;:&quot;&quot;,&quot;caption&quot;:&quot;&quot;,&quot;created_timestamp&quot;:&quot;0&quot;,&quot;copyright&quot;:&quot;&quot;,&quot;focal_length&quot;:&quot;0&quot;,&quot;iso&quot;:&quot;0&quot;,&quot;shutter_speed&quot;:&quot;0&quot;,&quot;title&quot;:&quot;&quot;,&quot;orientation&quot;:&quot;1&quot;}\" data-image-title=\"img_7874\" data-image-description=\"\" data-image-caption=\"\" data-large-file=\"https:\/\/i0.wp.com\/grievingmaman.com\/wp-content\/uploads\/2020\/05\/img_7874.jpg?fit=1024%2C731&amp;ssl=1\" src=\"https:\/\/i0.wp.com\/grievingmaman.com\/wp-content\/uploads\/2020\/05\/img_7874.jpg?resize=808%2C577&#038;ssl=1\" alt=\"Zacka\u00ebl Flintoff\" class=\"wp-image-46\" width=\"808\" height=\"577\"\/><figcaption class=\"wp-element-caption\">Maxandre, Ad\u00e9lie, me (Brigitte), Zacka\u00ebl<\/figcaption><\/figure>\n\n\n\n<blockquote class=\"wp-block-quote has-text-align-center is-style-plain has-large-font-size is-layout-flow wp-block-quote-is-layout-flow\">\n<p class=\"wp-block-paragraph\">\" Je suis Brigitte, une maman endeuill\u00e9e \"<\/p>\n<\/blockquote>\n\n\n\n<h4 class=\"wp-block-heading\" id=\"english\"><\/h4>\n\n\n\n<p class=\"has-text-color wp-block-paragraph\" style=\"color:#212a5d;font-size:17px\">\u00c0 travers ce blogue, je parlerai un peu de tout.  SVP vous r\u00e9f\u00e9rez \u00e0 ma Page d\u2019accueil pour les sujets dont je parlerai, les objectifs de ce blogue et encore plus! J\u2019esp\u00e8re qu\u2019on pourra s\u2019entraider si vous passez des moments difficiles. J\u2019offrirai \u00e9galement ma perspective sur le deuil et comment aider ceux qui sont en deuil. <\/p>\n\n\n\n<p class=\"has-text-color wp-block-paragraph\" style=\"color:#212a5d;font-size:17px\">Je suis certaine que plusieurs autres sujets seront abord\u00e9s, c\u2019est \u00e0 voir! Vous pouvez aussi vous inscrire au blog pour recevoir les mises \u00e0 jour quand des nouvelles publications sont publi\u00e9es! Bonne lecture!<\/p>\n\n\n\n<figure class=\"wp-block-image size-large is-resized is-style-default\" id=\"zackael\"><img data-recalc-dims=\"1\" decoding=\"async\" data-attachment-id=\"47\" data-permalink=\"https:\/\/grievingmaman.com\/fr\/img_2634\/\" data-orig-file=\"https:\/\/i0.wp.com\/grievingmaman.com\/wp-content\/uploads\/2020\/05\/img_2634.jpg?fit=3287%2C2348&amp;ssl=1\" data-orig-size=\"3287,2348\" data-comments-opened=\"1\" data-image-meta=\"{&quot;aperture&quot;:&quot;3.2&quot;,&quot;credit&quot;:&quot;&quot;,&quot;camera&quot;:&quot;Canon EOS DIGITAL REBEL XS&quot;,&quot;caption&quot;:&quot;&quot;,&quot;created_timestamp&quot;:&quot;1545759216&quot;,&quot;copyright&quot;:&quot;&quot;,&quot;focal_length&quot;:&quot;31&quot;,&quot;iso&quot;:&quot;800&quot;,&quot;shutter_speed&quot;:&quot;0.05&quot;,&quot;title&quot;:&quot;&quot;,&quot;orientation&quot;:&quot;1&quot;}\" data-image-title=\"img_2634\" data-image-description=\"&lt;p&gt;Lehoux-Flintoff family with Maxandre, Carl, Brigitte, Ad\u00e9lie and Zacka\u00ebl&lt;\/p&gt;\" data-image-caption=\"&lt;p&gt;Lehoux-Flintoff family with Maxandre, Carl, Brigitte, Ad\u00e9lie and Zacka\u00ebl&lt;\/p&gt;\" data-large-file=\"https:\/\/i0.wp.com\/grievingmaman.com\/wp-content\/uploads\/2020\/05\/img_2634.jpg?fit=1024%2C731&amp;ssl=1\" src=\"https:\/\/i0.wp.com\/grievingmaman.com\/wp-content\/uploads\/2020\/05\/img_2634.jpg?resize=869%2C622&#038;ssl=1\" alt=\"Zacka\u00ebl Flintoff\" class=\"wp-image-47\" width=\"869\" height=\"622\"\/><figcaption class=\"wp-element-caption\">Maxandre, Carl, Ad\u00e9lie, Zacka\u00ebl, Brigitte &#8211; Christmas 2018<\/figcaption><\/figure>\n\n\n\n<hr class=\"wp-block-separator has-alpha-channel-opacity\"\/>\n\n\n\n<div style=\"height:35px\" aria-hidden=\"true\" class=\"wp-block-spacer\"><\/div>\n\n\n\n<div class=\"wp-block-group alignfull is-layout-flow wp-block-group-is-layout-flow\"><\/div>\n\n\n\n<p class=\"wp-block-paragraph\"><\/p>","protected":false},"excerpt":{"rendered":"<p>On November 17, 2019, our little family of five was involved in a tragic accident involving a moose, which occurred on route 323 in Notre-Dame-de-la-Paix just before Namur (Quebec). Our 5 year old boy Zacka\u00ebl did not survive, and our daughter Ad\u00e9lie was seriously injured. They were both crushed by the moose which had been [&hellip;]<\/p>","protected":false},"author":185178740,"featured_media":0,"parent":0,"menu_order":0,"comment_status":"open","ping_status":"closed","template":"","meta":{"_coblocks_attr":"","_coblocks_dimensions":"","_coblocks_responsive_height":"","_coblocks_accordion_ie_support":"","_crdt_document":"","footnotes":""},"categories":[],"tags":[1826152,99636,708033912,16312876,708032922,708032926,708032899,708032923,708032925,708032924,708033913],"class_list":["post-8","page","type-page","status-publish","hentry","tag-1826152","tag-accident","tag-adelie","tag-bereaved-parent","tag-blog","tag-flintoff","tag-grieving-mother","tag-group","tag-ontario","tag-quebec","tag-zackael"],"yoast_head":"<!-- This site is optimized with the Yoast SEO plugin v27.5 - https:\/\/yoast.com\/product\/yoast-seo-wordpress\/ -->\n<title>About us &#8211; Grieving maman<\/title>\n<meta name=\"description\" content=\"On November 17, 2019, our little family of five was involved in a tragic accident involving a moose, which occurred on route 323 in Notre-Dame-de-la-Paix\" \/>\n<meta name=\"robots\" content=\"index, follow, max-snippet:-1, max-image-preview:large, max-video-preview:-1\" \/>\n<link rel=\"canonical\" href=\"https:\/\/grievingmaman.com\/fr\/about\/\" \/>\n<meta property=\"og:locale\" content=\"fr_CA\" \/>\n<meta property=\"og:type\" content=\"article\" \/>\n<meta property=\"og:title\" content=\"About us &#8211; Grieving maman\" \/>\n<meta property=\"og:description\" content=\"On November 17, 2019, our little family of five was involved in a tragic accident involving a moose, which occurred on route 323 in Notre-Dame-de-la-Paix\" \/>\n<meta property=\"og:url\" content=\"https:\/\/grievingmaman.com\/fr\/about\/\" \/>\n<meta property=\"og:site_name\" content=\"Grieving maman\" \/>\n<meta property=\"article:modified_time\" content=\"2023-02-02T18:16:32+00:00\" \/>\n<meta property=\"og:image\" content=\"https:\/\/grievingmaman.com\/wp-content\/uploads\/2020\/05\/img_7874.jpg?w=1024\" \/>\n<meta name=\"twitter:card\" content=\"summary_large_image\" \/>\n<meta name=\"twitter:label1\" content=\"Estimation du temps de lecture\" \/>\n\t<meta name=\"twitter:data1\" content=\"2 minutes\" \/>\n<script type=\"application\/ld+json\" class=\"yoast-schema-graph\">{\"@context\":\"https:\\\/\\\/schema.org\",\"@graph\":[{\"@type\":\"WebPage\",\"@id\":\"https:\\\/\\\/grievingmaman.com\\\/about\\\/\",\"url\":\"https:\\\/\\\/grievingmaman.com\\\/about\\\/\",\"name\":\"About us &#8211; Grieving maman\",\"isPartOf\":{\"@id\":\"https:\\\/\\\/grievingmaman.com\\\/fr\\\/#website\"},\"primaryImageOfPage\":{\"@id\":\"https:\\\/\\\/grievingmaman.com\\\/about\\\/#primaryimage\"},\"image\":{\"@id\":\"https:\\\/\\\/grievingmaman.com\\\/about\\\/#primaryimage\"},\"thumbnailUrl\":\"https:\\\/\\\/grievingmaman.com\\\/wp-content\\\/uploads\\\/2020\\\/05\\\/img_7874.jpg?w=1024\",\"datePublished\":\"2020-11-01T23:54:00+00:00\",\"dateModified\":\"2023-02-02T18:16:32+00:00\",\"description\":\"On November 17, 2019, our little family of five was involved in a tragic accident involving a moose, which occurred on route 323 in Notre-Dame-de-la-Paix\",\"breadcrumb\":{\"@id\":\"https:\\\/\\\/grievingmaman.com\\\/about\\\/#breadcrumb\"},\"inLanguage\":\"fr-CA\",\"potentialAction\":[{\"@type\":\"ReadAction\",\"target\":[\"https:\\\/\\\/grievingmaman.com\\\/about\\\/\"]}]},{\"@type\":\"ImageObject\",\"inLanguage\":\"fr-CA\",\"@id\":\"https:\\\/\\\/grievingmaman.com\\\/about\\\/#primaryimage\",\"url\":\"https:\\\/\\\/grievingmaman.com\\\/wp-content\\\/uploads\\\/2020\\\/05\\\/img_7874.jpg?w=1024\",\"contentUrl\":\"https:\\\/\\\/grievingmaman.com\\\/wp-content\\\/uploads\\\/2020\\\/05\\\/img_7874.jpg?w=1024\"},{\"@type\":\"BreadcrumbList\",\"@id\":\"https:\\\/\\\/grievingmaman.com\\\/about\\\/#breadcrumb\",\"itemListElement\":[{\"@type\":\"ListItem\",\"position\":1,\"name\":\"Home\",\"item\":\"https:\\\/\\\/grievingmaman.com\\\/\"},{\"@type\":\"ListItem\",\"position\":2,\"name\":\"About us\"}]},{\"@type\":\"WebSite\",\"@id\":\"https:\\\/\\\/grievingmaman.com\\\/fr\\\/#website\",\"url\":\"https:\\\/\\\/grievingmaman.com\\\/fr\\\/\",\"name\":\"Grieving maman\",\"description\":\"Surviving the loss of my son\",\"publisher\":{\"@id\":\"https:\\\/\\\/grievingmaman.com\\\/fr\\\/#\\\/schema\\\/person\\\/1f19b09d0ab9ac20bb9dc17c1802d8be\"},\"potentialAction\":[{\"@type\":\"SearchAction\",\"target\":{\"@type\":\"EntryPoint\",\"urlTemplate\":\"https:\\\/\\\/grievingmaman.com\\\/fr\\\/?s={search_term_string}\"},\"query-input\":{\"@type\":\"PropertyValueSpecification\",\"valueRequired\":true,\"valueName\":\"search_term_string\"}}],\"inLanguage\":\"fr-CA\"},{\"@type\":[\"Person\",\"Organization\"],\"@id\":\"https:\\\/\\\/grievingmaman.com\\\/fr\\\/#\\\/schema\\\/person\\\/1f19b09d0ab9ac20bb9dc17c1802d8be\",\"name\":\"Brigitte Lehoux\",\"image\":{\"@type\":\"ImageObject\",\"inLanguage\":\"fr-CA\",\"@id\":\"https:\\\/\\\/i0.wp.com\\\/grievingmaman.com\\\/wp-content\\\/uploads\\\/Grieving-Maman-logo-Final-Grieving-Parent-Grieving-Mother-Website-Blog.png?fit=1900%2C500&ssl=1\",\"url\":\"https:\\\/\\\/i0.wp.com\\\/grievingmaman.com\\\/wp-content\\\/uploads\\\/Grieving-Maman-logo-Final-Grieving-Parent-Grieving-Mother-Website-Blog.png?fit=1900%2C500&ssl=1\",\"contentUrl\":\"https:\\\/\\\/i0.wp.com\\\/grievingmaman.com\\\/wp-content\\\/uploads\\\/Grieving-Maman-logo-Final-Grieving-Parent-Grieving-Mother-Website-Blog.png?fit=1900%2C500&ssl=1\",\"width\":1900,\"height\":500,\"caption\":\"Brigitte Lehoux\"},\"logo\":{\"@id\":\"https:\\\/\\\/i0.wp.com\\\/grievingmaman.com\\\/wp-content\\\/uploads\\\/Grieving-Maman-logo-Final-Grieving-Parent-Grieving-Mother-Website-Blog.png?fit=1900%2C500&ssl=1\"},\"sameAs\":[\"http:\\\/\\\/grievingmaman.wordpress.com\"]}]}<\/script>\n<!-- \/ Yoast SEO plugin. -->","yoast_head_json":{"title":"About us &#8211; Grieving maman","description":"On November 17, 2019, our little family of five was involved in a tragic accident involving a moose, which occurred on route 323 in Notre-Dame-de-la-Paix","robots":{"index":"index","follow":"follow","max-snippet":"max-snippet:-1","max-image-preview":"max-image-preview:large","max-video-preview":"max-video-preview:-1"},"canonical":"https:\/\/grievingmaman.com\/fr\/about\/","og_locale":"fr_CA","og_type":"article","og_title":"About us &#8211; Grieving maman","og_description":"On November 17, 2019, our little family of five was involved in a tragic accident involving a moose, which occurred on route 323 in Notre-Dame-de-la-Paix","og_url":"https:\/\/grievingmaman.com\/fr\/about\/","og_site_name":"Grieving maman","article_modified_time":"2023-02-02T18:16:32+00:00","og_image":[{"url":"https:\/\/grievingmaman.com\/wp-content\/uploads\/2020\/05\/img_7874.jpg?w=1024","type":"","width":"","height":""}],"twitter_card":"summary_large_image","twitter_misc":{"Estimation du temps de lecture":"2 minutes"},"schema":{"@context":"https:\/\/schema.org","@graph":[{"@type":"WebPage","@id":"https:\/\/grievingmaman.com\/about\/","url":"https:\/\/grievingmaman.com\/about\/","name":"About us &#8211; Grieving maman","isPartOf":{"@id":"https:\/\/grievingmaman.com\/fr\/#website"},"primaryImageOfPage":{"@id":"https:\/\/grievingmaman.com\/about\/#primaryimage"},"image":{"@id":"https:\/\/grievingmaman.com\/about\/#primaryimage"},"thumbnailUrl":"https:\/\/grievingmaman.com\/wp-content\/uploads\/2020\/05\/img_7874.jpg?w=1024","datePublished":"2020-11-01T23:54:00+00:00","dateModified":"2023-02-02T18:16:32+00:00","description":"On November 17, 2019, our little family of five was involved in a tragic accident involving a moose, which occurred on route 323 in Notre-Dame-de-la-Paix","breadcrumb":{"@id":"https:\/\/grievingmaman.com\/about\/#breadcrumb"},"inLanguage":"fr-CA","potentialAction":[{"@type":"ReadAction","target":["https:\/\/grievingmaman.com\/about\/"]}]},{"@type":"ImageObject","inLanguage":"fr-CA","@id":"https:\/\/grievingmaman.com\/about\/#primaryimage","url":"https:\/\/grievingmaman.com\/wp-content\/uploads\/2020\/05\/img_7874.jpg?w=1024","contentUrl":"https:\/\/grievingmaman.com\/wp-content\/uploads\/2020\/05\/img_7874.jpg?w=1024"},{"@type":"BreadcrumbList","@id":"https:\/\/grievingmaman.com\/about\/#breadcrumb","itemListElement":[{"@type":"ListItem","position":1,"name":"Home","item":"https:\/\/grievingmaman.com\/"},{"@type":"ListItem","position":2,"name":"About us"}]},{"@type":"WebSite","@id":"https:\/\/grievingmaman.com\/fr\/#website","url":"https:\/\/grievingmaman.com\/fr\/","name":"Grieving maman","description":"Survivre \u00e0 la perte de mon gar\u00e7on","publisher":{"@id":"https:\/\/grievingmaman.com\/fr\/#\/schema\/person\/1f19b09d0ab9ac20bb9dc17c1802d8be"},"potentialAction":[{"@type":"SearchAction","target":{"@type":"EntryPoint","urlTemplate":"https:\/\/grievingmaman.com\/fr\/?s={search_term_string}"},"query-input":{"@type":"PropertyValueSpecification","valueRequired":true,"valueName":"search_term_string"}}],"inLanguage":"fr-CA"},{"@type":["Person","Organization"],"@id":"https:\/\/grievingmaman.com\/fr\/#\/schema\/person\/1f19b09d0ab9ac20bb9dc17c1802d8be","name":"Brigitte Lehoux","image":{"@type":"ImageObject","inLanguage":"fr-CA","@id":"https:\/\/i0.wp.com\/grievingmaman.com\/wp-content\/uploads\/Grieving-Maman-logo-Final-Grieving-Parent-Grieving-Mother-Website-Blog.png?fit=1900%2C500&ssl=1","url":"https:\/\/i0.wp.com\/grievingmaman.com\/wp-content\/uploads\/Grieving-Maman-logo-Final-Grieving-Parent-Grieving-Mother-Website-Blog.png?fit=1900%2C500&ssl=1","contentUrl":"https:\/\/i0.wp.com\/grievingmaman.com\/wp-content\/uploads\/Grieving-Maman-logo-Final-Grieving-Parent-Grieving-Mother-Website-Blog.png?fit=1900%2C500&ssl=1","width":1900,"height":500,"caption":"Brigitte Lehoux"},"logo":{"@id":"https:\/\/i0.wp.com\/grievingmaman.com\/wp-content\/uploads\/Grieving-Maman-logo-Final-Grieving-Parent-Grieving-Mother-Website-Blog.png?fit=1900%2C500&ssl=1"},"sameAs":["http:\/\/grievingmaman.wordpress.com"]}]}},"jetpack_likes_enabled":null,"jetpack_sharing_enabled":false,"jetpack_shortlink":"https:\/\/wp.me\/PbXpxA-8","jetpack-related-posts":[{"id":31,"url":"https:\/\/grievingmaman.com\/fr\/zackael\/","url_meta":{"origin":8,"position":0},"title":"Zacka\u00ebl","author":"Brigitte Lehoux","date":"1 Nov 2020","format":false,"excerpt":"A little angel gone too soon In Memory of Zacka\u00ebl Lehoux FlintoffFebruary 26 2014 - November 17 2019 Zacka\u00ebl Flintoff, October 2019 \u00a0 \u00a0 Please visit Zacka\u00ebl's Blog to learn more about Zacka\u00ebl and my journey as a grieving mother. \u00a0 Zacka\u00ebl Flintoff, October 2019","rel":"","context":"In \"323\"","block_context":{"text":"323","link":"https:\/\/grievingmaman.com\/fr\/tag\/323\/"},"img":{"alt_text":"Zacka\u00ebl Flintoff died on route 323 after moose collision","src":"https:\/\/i0.wp.com\/grievingmaman.com\/wp-content\/uploads\/2020\/10\/zackael-img_2791-cropped-edited-no-flash.jpg?fit=1079%2C1200&ssl=1&resize=350%2C200","width":350,"height":200,"srcset":"https:\/\/i0.wp.com\/grievingmaman.com\/wp-content\/uploads\/2020\/10\/zackael-img_2791-cropped-edited-no-flash.jpg?fit=1079%2C1200&ssl=1&resize=350%2C200 1x, https:\/\/i0.wp.com\/grievingmaman.com\/wp-content\/uploads\/2020\/10\/zackael-img_2791-cropped-edited-no-flash.jpg?fit=1079%2C1200&ssl=1&resize=525%2C300 1.5x, https:\/\/i0.wp.com\/grievingmaman.com\/wp-content\/uploads\/2020\/10\/zackael-img_2791-cropped-edited-no-flash.jpg?fit=1079%2C1200&ssl=1&resize=700%2C400 2x, https:\/\/i0.wp.com\/grievingmaman.com\/wp-content\/uploads\/2020\/10\/zackael-img_2791-cropped-edited-no-flash.jpg?fit=1079%2C1200&ssl=1&resize=1050%2C600 3x"},"classes":[]},{"id":53,"url":"https:\/\/grievingmaman.com\/fr\/","url_meta":{"origin":8,"position":1},"title":"ACCUEIL","author":"Brigitte Lehoux","date":"14 Mai 2020","format":false,"excerpt":"childloss grieving mother accident parange ange parent d'un ange perte d'un enfant","rel":"","context":"In \"Bereaved Parent\"","block_context":{"text":"Bereaved Parent","link":"https:\/\/grievingmaman.com\/fr\/tag\/bereaved-parent\/"},"img":{"alt_text":"Daughter and son on the beach Lac-des-Plages - Zacka\u00ebl Flintoff","src":"https:\/\/i0.wp.com\/grievingmaman.com\/wp-content\/uploads\/2020\/04\/cropped-img_4924.jpg?fit=512%2C512&ssl=1&resize=350%2C200","width":350,"height":200},"classes":[]},{"id":178,"url":"https:\/\/grievingmaman.com\/fr\/blog-zackael\/","url_meta":{"origin":8,"position":2},"title":"Blogue \u2013 Zacka\u00ebl","author":"Brigitte Lehoux","date":"1 Nov 2020","format":false,"excerpt":"Zacka\u00ebl, March 2019 Zacka\u00ebl's Blog - Latest Posts Click on the post title below to view the full post (with pictures).","rel":"","context":"Similar post","block_context":{"text":"Similar post","link":""},"img":{"alt_text":"Zacka\u00ebl Flintoff died on route 323 after moose collision","src":"https:\/\/i0.wp.com\/grievingmaman.com\/wp-content\/uploads\/2020\/10\/zackael-img_2791-cropped-edited-no-flash.jpg?fit=1079%2C1200&ssl=1&resize=350%2C200","width":350,"height":200,"srcset":"https:\/\/i0.wp.com\/grievingmaman.com\/wp-content\/uploads\/2020\/10\/zackael-img_2791-cropped-edited-no-flash.jpg?fit=1079%2C1200&ssl=1&resize=350%2C200 1x, https:\/\/i0.wp.com\/grievingmaman.com\/wp-content\/uploads\/2020\/10\/zackael-img_2791-cropped-edited-no-flash.jpg?fit=1079%2C1200&ssl=1&resize=525%2C300 1.5x, https:\/\/i0.wp.com\/grievingmaman.com\/wp-content\/uploads\/2020\/10\/zackael-img_2791-cropped-edited-no-flash.jpg?fit=1079%2C1200&ssl=1&resize=700%2C400 2x, https:\/\/i0.wp.com\/grievingmaman.com\/wp-content\/uploads\/2020\/10\/zackael-img_2791-cropped-edited-no-flash.jpg?fit=1079%2C1200&ssl=1&resize=1050%2C600 3x"},"classes":[]},{"id":1608,"url":"https:\/\/grievingmaman.com\/fr\/writing-your-grief\/","url_meta":{"origin":8,"position":3},"title":"Writing your Grief &#8211; by Brigitte","author":"Brigitte Lehoux","date":"10 F\u00e9v 2021","format":false,"excerpt":"About Me I'm Brigitte from Canada. In November 2019, I lost my son Zacka\u00ebl in an accident. My husband, our 3 kids, and I were in a car when another car hit a moose that landed on our vehicle. My son died in my arms and my daughter was severely\u2026","rel":"","context":"Similar post","block_context":{"text":"Similar post","link":""},"img":{"alt_text":"Zackael at 1 year","src":"https:\/\/i0.wp.com\/grievingmaman.com\/wp-content\/uploads\/2021\/02\/20150403_002345650_iOS-rotated.jpg?fit=900%2C1200&ssl=1&resize=350%2C200","width":350,"height":200,"srcset":"https:\/\/i0.wp.com\/grievingmaman.com\/wp-content\/uploads\/2021\/02\/20150403_002345650_iOS-rotated.jpg?fit=900%2C1200&ssl=1&resize=350%2C200 1x, https:\/\/i0.wp.com\/grievingmaman.com\/wp-content\/uploads\/2021\/02\/20150403_002345650_iOS-rotated.jpg?fit=900%2C1200&ssl=1&resize=525%2C300 1.5x, https:\/\/i0.wp.com\/grievingmaman.com\/wp-content\/uploads\/2021\/02\/20150403_002345650_iOS-rotated.jpg?fit=900%2C1200&ssl=1&resize=700%2C400 2x"},"classes":[]},{"id":3307,"url":"https:\/\/grievingmaman.com\/fr\/adelie\/","url_meta":{"origin":8,"position":4},"title":"Ad\u00e9lie","author":"Brigitte Lehoux","date":"22 Oct 2021","format":false,"excerpt":"On this page, I share Ad\u00e9lie's recovery and information about her traumatic brain injury (TBI). Latest Posts related to Ad\u00e9lie Click on the post title below to view the full post (with pictures).","rel":"","context":"In \"Accident\"","block_context":{"text":"Accident","link":"https:\/\/grievingmaman.com\/fr\/tag\/accident\/"},"img":{"alt_text":"Anzas Photography Orl\u00e9ans - Callista gown Anna Triant Couture","src":"https:\/\/i0.wp.com\/grievingmaman.com\/wp-content\/uploads\/DSC_9939-edited-final-1.jpg?fit=1200%2C800&ssl=1&resize=350%2C200","width":350,"height":200,"srcset":"https:\/\/i0.wp.com\/grievingmaman.com\/wp-content\/uploads\/DSC_9939-edited-final-1.jpg?fit=1200%2C800&ssl=1&resize=350%2C200 1x, https:\/\/i0.wp.com\/grievingmaman.com\/wp-content\/uploads\/DSC_9939-edited-final-1.jpg?fit=1200%2C800&ssl=1&resize=525%2C300 1.5x, https:\/\/i0.wp.com\/grievingmaman.com\/wp-content\/uploads\/DSC_9939-edited-final-1.jpg?fit=1200%2C800&ssl=1&resize=700%2C400 2x, https:\/\/i0.wp.com\/grievingmaman.com\/wp-content\/uploads\/DSC_9939-edited-final-1.jpg?fit=1200%2C800&ssl=1&resize=1050%2C600 3x"},"classes":[]},{"id":1010,"url":"https:\/\/grievingmaman.com\/fr\/family\/","url_meta":{"origin":8,"position":5},"title":"Autre","author":"Brigitte Lehoux","date":"1 Jan 2021","format":false,"excerpt":"On this page Posts on this page didn't quite fit the description of the other pages! This is a page of various topics! Subscribe to My Blog Get new content delivered directly to your inbox.","rel":"","context":"In \"Maxandre\"","block_context":{"text":"Maxandre","link":"https:\/\/grievingmaman.com\/fr\/tag\/maxandre\/"},"img":{"alt_text":"","src":"https:\/\/i0.wp.com\/grievingmaman.com\/wp-content\/uploads\/2021\/01\/IMG_2539-3.jpg?fit=1194%2C1200&ssl=1&resize=350%2C200","width":350,"height":200,"srcset":"https:\/\/i0.wp.com\/grievingmaman.com\/wp-content\/uploads\/2021\/01\/IMG_2539-3.jpg?fit=1194%2C1200&ssl=1&resize=350%2C200 1x, https:\/\/i0.wp.com\/grievingmaman.com\/wp-content\/uploads\/2021\/01\/IMG_2539-3.jpg?fit=1194%2C1200&ssl=1&resize=525%2C300 1.5x, https:\/\/i0.wp.com\/grievingmaman.com\/wp-content\/uploads\/2021\/01\/IMG_2539-3.jpg?fit=1194%2C1200&ssl=1&resize=700%2C400 2x, https:\/\/i0.wp.com\/grievingmaman.com\/wp-content\/uploads\/2021\/01\/IMG_2539-3.jpg?fit=1194%2C1200&ssl=1&resize=1050%2C600 3x"},"classes":[]}],"amp_enabled":true,"_links":{"self":[{"href":"https:\/\/grievingmaman.com\/fr\/wp-json\/wp\/v2\/pages\/8","targetHints":{"allow":["GET"]}}],"collection":[{"href":"https:\/\/grievingmaman.com\/fr\/wp-json\/wp\/v2\/pages"}],"about":[{"href":"https:\/\/grievingmaman.com\/fr\/wp-json\/wp\/v2\/types\/page"}],"author":[{"embeddable":true,"href":"https:\/\/grievingmaman.com\/fr\/wp-json\/wp\/v2\/users\/185178740"}],"replies":[{"embeddable":true,"href":"https:\/\/grievingmaman.com\/fr\/wp-json\/wp\/v2\/comments?post=8"}],"version-history":[{"count":15,"href":"https:\/\/grievingmaman.com\/fr\/wp-json\/wp\/v2\/pages\/8\/revisions"}],"predecessor-version":[{"id":7440,"href":"https:\/\/grievingmaman.com\/fr\/wp-json\/wp\/v2\/pages\/8\/revisions\/7440"}],"wp:attachment":[{"href":"https:\/\/grievingmaman.com\/fr\/wp-json\/wp\/v2\/media?parent=8"}],"wp:term":[{"taxonomy":"category","embeddable":true,"href":"https:\/\/grievingmaman.com\/fr\/wp-json\/wp\/v2\/categories?post=8"},{"taxonomy":"post_tag","embeddable":true,"href":"https:\/\/grievingmaman.com\/fr\/wp-json\/wp\/v2\/tags?post=8"}],"curies":[{"name":"wp","href":"https:\/\/api.w.org\/{rel}","templated":true}]}}